
{"version":"1.0","provider_name":"Ara Lleida","provider_url":"https:\/\/aralleida.cat\/es\/","author_name":"admin","author_url":"https:\/\/aralleida.cat\/es\/author\/frame_zesv7n2g\/","title":"Archivo Fotogr\u00e1fico","type":"rich","width":600,"height":338,"html":"<blockquote class=\"wp-embedded-content\" data-secret=\"N6sg2S4wrg\"><a href=\"https:\/\/aralleida.cat\/es\/archivo-fotografico\/\">Archivo Fotogr\u00e1fico<\/a><\/blockquote><iframe sandbox=\"allow-scripts\" security=\"restricted\" src=\"https:\/\/aralleida.cat\/es\/archivo-fotografico\/embed\/#?secret=N6sg2S4wrg\" width=\"600\" height=\"338\" title=\"\u00abArchivo Fotogr\u00e1fico\u00bb \u2014 Ara Lleida\" data-secret=\"N6sg2S4wrg\" frameborder=\"0\" marginwidth=\"0\" marginheight=\"0\" scrolling=\"no\" class=\"wp-embedded-content\"><\/iframe><script type=\"text\/javascript\">\n\/* <![CDATA[ *\/\n\/*! This file is auto-generated *\/\n!function(d,l){\"use strict\";l.querySelector&&d.addEventListener&&\"undefined\"!=typeof URL&&(d.wp=d.wp||{},d.wp.receiveEmbedMessage||(d.wp.receiveEmbedMessage=function(e){var t=e.data;if((t||t.secret||t.message||t.value)&&!\/[^a-zA-Z0-9]\/.test(t.secret)){for(var s,r,n,a=l.querySelectorAll('iframe[data-secret=\"'+t.secret+'\"]'),o=l.querySelectorAll('blockquote[data-secret=\"'+t.secret+'\"]'),c=new RegExp(\"^https?:$\",\"i\"),i=0;i<o.length;i++)o[i].style.display=\"none\";for(i=0;i<a.length;i++)s=a[i],e.source===s.contentWindow&&(s.removeAttribute(\"style\"),\"height\"===t.message?(1e3<(r=parseInt(t.value,10))?r=1e3:~~r<200&&(r=200),s.height=r):\"link\"===t.message&&(r=new URL(s.getAttribute(\"src\")),n=new URL(t.value),c.test(n.protocol))&&n.host===r.host&&l.activeElement===s&&(d.top.location.href=t.value))}},d.addEventListener(\"message\",d.wp.receiveEmbedMessage,!1),l.addEventListener(\"DOMContentLoaded\",function(){for(var e,t,s=l.querySelectorAll(\"iframe.wp-embedded-content\"),r=0;r<s.length;r++)(t=(e=s[r]).getAttribute(\"data-secret\"))||(t=Math.random().toString(36).substring(2,12),e.src+=\"#?secret=\"+t,e.setAttribute(\"data-secret\",t)),e.contentWindow.postMessage({message:\"ready\",secret:t},\"*\")},!1)))}(window,document);\n\/\/# sourceURL=https:\/\/aralleida.cat\/wp-includes\/js\/wp-embed.min.js\n\/* ]]> *\/\n<\/script>\n","description":"[vc_row][vc_column][\/vc_column][\/vc_row][vc_row full_width=\u00bbstretch_row\u00bb bg_type=\u00bbimage\u00bb parallax_style=\u00bbvcpb-default\u00bb bg_image_new=\u00bbid^11927|url^https:\/\/aralleida.cat\/wp-content\/uploads\/2020\/05\/arxiu-fotografic_imatge_web.png|caption^null|alt^null|title^arxiu-fotografic_imatge_web|description^null\u00bb enable_overlay=\u00bbenable_overlay_value\u00bb overlay_color=\u00bb#c9c9c9&#8243; overlay_pattern_opacity=\u00bb60&#8243;][vc_column][vc_custom_heading source=\u00bbpost_title\u00bb font_container=\u00bbtag:h1|text_align:center|color:%23ffffff\u00bb use_theme_fonts=\u00bbyes\u00bb css_animation=\u00bbfadeInDown\u00bb el_class=\u00bbencapcalament\u00bb][\/vc_column][\/vc_row][vc_row][vc_column][\/vc_column][\/vc_row][vc_row][vc_column][vc_column_text]El archivo fotogr\u00e1fico\u00a0del\u00a0Patronato de Turismo de la Diputaci\u00f3n de Lleida\u00a0est\u00e1 a disposici\u00f3n de los medios de comunicaci\u00f3n para la promoci\u00f3n tur\u00edstica de la demarcaci\u00f3n de Lleida.\u00a0Los interesados han\u00a0de mandar la solicitut al Patronato de Turismo rellenando\u00a0el formulario que se adjunta,\u00a0 indicando\u00a0con detalle las fotograf\u00edas que\u00a0se soliciten, el nombre de la publicaci\u00f3n y\u00a0el uso para\u00a0el qual ser\u00e1n publicadas. El Patronato\u00a0har\u00e1 una cesi\u00f3n de un m\u00e1ximo de 5 fotograf\u00edas por solicitut. Los medios de comunicaci\u00f3n estar\u00e1n obligados a citar al autor de las fotograf\u00edas\u00a0y la cesi\u00f3n por parte del Patronato de Turismo.[\/vc_column_text][\/vc_column][\/vc_row][vc_row][vc_column][\/vc_column][\/vc_row]"}