
{"version":"1.0","provider_name":"Ara Lleida","provider_url":"https:\/\/aralleida.cat\/es\/","author_name":"Omar","author_url":"https:\/\/aralleida.cat\/es\/author\/lagrafica-2-2\/","title":"Cervera celebra su milenario","type":"rich","width":600,"height":338,"html":"<blockquote class=\"wp-embedded-content\" data-secret=\"s6id8028i5\"><a href=\"https:\/\/aralleida.cat\/es\/cervera-celebra-su-milenario\/\">Cervera celebra su milenario<\/a><\/blockquote><iframe sandbox=\"allow-scripts\" security=\"restricted\" src=\"https:\/\/aralleida.cat\/es\/cervera-celebra-su-milenario\/embed\/#?secret=s6id8028i5\" width=\"600\" height=\"338\" title=\"\u00abCervera celebra su milenario\u00bb \u2014 Ara Lleida\" data-secret=\"s6id8028i5\" frameborder=\"0\" marginwidth=\"0\" marginheight=\"0\" scrolling=\"no\" class=\"wp-embedded-content\"><\/iframe><script type=\"text\/javascript\">\n\/* <![CDATA[ *\/\n\/*! This file is auto-generated *\/\n!function(d,l){\"use strict\";l.querySelector&&d.addEventListener&&\"undefined\"!=typeof URL&&(d.wp=d.wp||{},d.wp.receiveEmbedMessage||(d.wp.receiveEmbedMessage=function(e){var t=e.data;if((t||t.secret||t.message||t.value)&&!\/[^a-zA-Z0-9]\/.test(t.secret)){for(var s,r,n,a=l.querySelectorAll('iframe[data-secret=\"'+t.secret+'\"]'),o=l.querySelectorAll('blockquote[data-secret=\"'+t.secret+'\"]'),c=new RegExp(\"^https?:$\",\"i\"),i=0;i<o.length;i++)o[i].style.display=\"none\";for(i=0;i<a.length;i++)s=a[i],e.source===s.contentWindow&&(s.removeAttribute(\"style\"),\"height\"===t.message?(1e3<(r=parseInt(t.value,10))?r=1e3:~~r<200&&(r=200),s.height=r):\"link\"===t.message&&(r=new URL(s.getAttribute(\"src\")),n=new URL(t.value),c.test(n.protocol))&&n.host===r.host&&l.activeElement===s&&(d.top.location.href=t.value))}},d.addEventListener(\"message\",d.wp.receiveEmbedMessage,!1),l.addEventListener(\"DOMContentLoaded\",function(){for(var e,t,s=l.querySelectorAll(\"iframe.wp-embedded-content\"),r=0;r<s.length;r++)(t=(e=s[r]).getAttribute(\"data-secret\"))||(t=Math.random().toString(36).substring(2,12),e.src+=\"#?secret=\"+t,e.setAttribute(\"data-secret\",t)),e.contentWindow.postMessage({message:\"ready\",secret:t},\"*\")},!1)))}(window,document);\n\/\/# sourceURL=https:\/\/aralleida.cat\/wp-includes\/js\/wp-embed.min.js\n\/* ]]> *\/\n<\/script>\n","thumbnail_url":"https:\/\/aralleida.cat\/wp-content\/uploads\/2026\/03\/Foto-4-interior.-MIllenari-Cervera-\u00a9Paeria-de-Cervera.jpg","thumbnail_width":800,"thumbnail_height":600,"description":"[vc_row][vc_column][vc_separator][vc_column_text css=\u00bb\u00bb]Los actos del Milenario de Cervera, iniciados en febrero y que se prolongar\u00e1n hasta diciembre, se dividen en seis ejes tem\u00e1ticos. \u00abMil a\u00f1os, mil voces\u00bb incluye jornadas, mesas redondas, presentaciones y publicaciones, as\u00ed como conferencias y exposiciones vinculadas a la historia y al futuro de Cervera. \u201cRastros del tiempo\u201d est\u00e1 dedicado a la arqueolog\u00eda y al patrimonio, con actividades de descubrimiento, talleres y visitas guiadas (como la ruta \u201cLa presencia de la mujer cerverina\u201d, el 7 de marzo), y con especial \u00e9nfasis en el proyecto del Castillo de Cervera. \u00abCervera a la mesa\u00bb se centra en propuestas gastron\u00f3micas que ponen en valor la cocina local y las aportaciones de nuevas culturas, con la Feria del Pan y del Cereal, el 9 y el 10 de mayo, como cita destacada. \u00abMovimiento y talento milenario\u00bb constar\u00e1 de actividades deportivas y de reconocimiento al talento cerverino, tanto hist\u00f3rico como contempor\u00e1neo, incluyendo iniciativas populares vinculadas al territorio (en este apartado encontramos la Caminata Popular del Milenario, el 26 de abril). \u201cMilenario en escena\u201d englobar\u00e1 artes esc\u00e9nicas, musicales y audiovisuales, con producciones teatrales, el ciclo musical Sons de Cervera y propuestas como por ejemplo la escenificaci\u00f3n de \u201cHerm\u00ednia Grau y la familia burguesa\u201d el 14 y 15 de marzo, y a partir del mismo mes de marzo, las c\u00e1psulas audiovisuales \u201cLa mar de historias\u201d. Por \u00faltimo, \u201cMiscel\u00e1nea milenaria\u201d incluye el Encuentro de las Cerveras, integrado en la Semana Cultural Isagoge 2026, con la participaci\u00f3n de m\u00e1s de veinte poblaciones europeas con el top\u00f3nimo Cervera. La conmemoraci\u00f3n tambi\u00e9n incluye un ciclo de conferencias sobre las guerras carlistas, con un an\u00e1lisis del legado hist\u00f3rico, pol\u00edtico y social de este conflicto en el territorio a cargo de especialistas universitarios, y la exposici\u00f3n documental \u201cLa conmemoraci\u00f3n de los hechos de 1875 y la Procesi\u00f3n del Puro\u201d exhibida en el Archivo Comarcal de la Segarra. El acto inaugural del Milenario tuvo lugar el 7 de febrero con el estreno del himno oficial de la conmemoraci\u00f3n y de la ciudad, \u201cQuatre barres, c\u00e9rvol d\u2019or\u201d, una composici\u00f3n del m\u00fasico cerverino Jordi Castell\u00e0 i Rovira, con letra de Narc\u00eds Turull; la presentaci\u00f3n del folleto divulgativo Cervera, 1026: \u00bfqu\u00e9 es el Milenario?, un documento en siete idiomas impulsado por los historiadores Max Turull, Pere Verd\u00e9s y Xavier Ribera; y la escenificaci\u00f3n hist\u00f3rica de la firma de la carta de poblaci\u00f3n interpretada por 16 actores y actrices de Cervera. El acto, celebrado en el Gran Teatro de la Pasi\u00f3n, cont\u00f3 con la participaci\u00f3n de m\u00e1s de 250 m\u00fasicos y actores. &nbsp; M\u00e1s informaci\u00f3n: Paeria de Cervera\u00a0\u00a0\u00a0\u00a0\u00a0\u00a0\u00a0\u00a0\u00a0\u00a0\u00a0\u00a0\u00a0\u00a0\u00a0\u00a0\u00a0\u00a0\u00a0\u00a0 Tel. 973 53 00 25 \u00a0 \u00a0 \u00a0 \u00a0 \u00a0 \u00a0 \u00a0 \u00a0 \u00a0 \u00a0 \u00a0 \u00a0 https:\/\/millenari.cervera.cat\/[\/vc_column_text][\/vc_column][\/vc_row]"}