
{"version":"1.0","provider_name":"Ara Lleida","provider_url":"https:\/\/aralleida.cat\/es\/","author_name":"Omar","author_url":"https:\/\/aralleida.cat\/es\/author\/lagrafica-2-2\/","title":"El FeMAP comienza a rodar este viernes","type":"rich","width":600,"height":338,"html":"<blockquote class=\"wp-embedded-content\" data-secret=\"ExIR63vrAe\"><a href=\"https:\/\/aralleida.cat\/es\/el-femap-comienza-a-rodar-este-viernes\/\">El FeMAP comienza a rodar este viernes<\/a><\/blockquote><iframe sandbox=\"allow-scripts\" security=\"restricted\" src=\"https:\/\/aralleida.cat\/es\/el-femap-comienza-a-rodar-este-viernes\/embed\/#?secret=ExIR63vrAe\" width=\"600\" height=\"338\" title=\"\u00abEl FeMAP comienza a rodar este viernes\u00bb \u2014 Ara Lleida\" data-secret=\"ExIR63vrAe\" frameborder=\"0\" marginwidth=\"0\" marginheight=\"0\" scrolling=\"no\" class=\"wp-embedded-content\"><\/iframe><script type=\"text\/javascript\">\n\/* <![CDATA[ *\/\n\/*! This file is auto-generated *\/\n!function(d,l){\"use strict\";l.querySelector&&d.addEventListener&&\"undefined\"!=typeof URL&&(d.wp=d.wp||{},d.wp.receiveEmbedMessage||(d.wp.receiveEmbedMessage=function(e){var t=e.data;if((t||t.secret||t.message||t.value)&&!\/[^a-zA-Z0-9]\/.test(t.secret)){for(var s,r,n,a=l.querySelectorAll('iframe[data-secret=\"'+t.secret+'\"]'),o=l.querySelectorAll('blockquote[data-secret=\"'+t.secret+'\"]'),c=new RegExp(\"^https?:$\",\"i\"),i=0;i<o.length;i++)o[i].style.display=\"none\";for(i=0;i<a.length;i++)s=a[i],e.source===s.contentWindow&&(s.removeAttribute(\"style\"),\"height\"===t.message?(1e3<(r=parseInt(t.value,10))?r=1e3:~~r<200&&(r=200),s.height=r):\"link\"===t.message&&(r=new URL(s.getAttribute(\"src\")),n=new URL(t.value),c.test(n.protocol))&&n.host===r.host&&l.activeElement===s&&(d.top.location.href=t.value))}},d.addEventListener(\"message\",d.wp.receiveEmbedMessage,!1),l.addEventListener(\"DOMContentLoaded\",function(){for(var e,t,s=l.querySelectorAll(\"iframe.wp-embedded-content\"),r=0;r<s.length;r++)(t=(e=s[r]).getAttribute(\"data-secret\"))||(t=Math.random().toString(36).substring(2,12),e.src+=\"#?secret=\"+t,e.setAttribute(\"data-secret\",t)),e.contentWindow.postMessage({message:\"ready\",secret:t},\"*\")},!1)))}(window,document);\n\/\/# sourceURL=https:\/\/aralleida.cat\/wp-includes\/js\/wp-embed.min.js\n\/* ]]> *\/\n<\/script>\n","thumbnail_url":"https:\/\/aralleida.cat\/wp-content\/uploads\/2025\/07\/FEMAP-int.png","thumbnail_width":600,"thumbnail_height":400,"description":"[vc_row][vc_column][vc_separator][vc_column_text css=\u00bb\u00bb]Un total de 22 municipios del Alt Urgell, la Alta Ribagor\u00e7a, el Pallars Juss\u00e0, el Pallars Sobir\u00e0, el Solson\u00e8s y la Val d&#8217;Aran participan este a\u00f1o en el festival, que tendr\u00e1 lugar del 4 de julio al 24 de agosto con el concurso de 25 grupos y solistas reconocidos en el \u00e1mbito de la m\u00fasica. Desde 2011 el Festival de M\u00fasica Antigua de los Pirineos (FeMAP) ofrece un programa veraniego de conciertos que cuentan con la participaci\u00f3n de una cuarentena de municipios del Pirineo, con una media de 5.000 asistentes anuales y m\u00e1s de una veintena de artistas de primera l\u00ednea. En cuanto a la demarcaci\u00f3n de Lleida, el primer concierto \u2013que es tambi\u00e9n la actividad inaugural de este a\u00f1o\u2013 tendr\u00e1 lugar este viernes en la catedral de La Seu d&#8217;Urgell a cargo de la formaci\u00f3n Ensemble Joan March, mientras que el \u00faltimo ser\u00e1 el 23 de agosto en Escal\u00f3 (La Guingueta d&#8217;\u00c0neu) con el grupo La Grande Chapelle. Los llamados \u00abconciertos con gusto\u00bb incluir\u00e1n adem\u00e1s degustaci\u00f3n de productos de proximidad, mientras que otros proponen tambi\u00e9n visitas y paseos guiados, visionados de videomapping o acceso a museos. En julio la programaci\u00f3n en el Pirineo leridano har\u00e1 escala en Trag\u00f3 (Peramola), el d\u00eda 5 (grupo Egeria); Riner, el 6 (Ensemble Joan March); Esterri d&#8217;\u00c0neu, el 12 (Tiento Nuovo); Monferrer (Montferrer i Castellb\u00f2), el 13 (Tiento Nuovo); La Seu d&#8217;Urgell, el 17 (Apollo&#8217;s Cabinet); Peramea (El Baix Pallars), el 19 (Hesp\u00e9rides); Covet (Isona i Conca Dell\u00e0), el 20 (Orquestra Acad\u00e8mia 1830); la central de Capdella (La Torre de Capdella), el 24 (Ta\u00f1er); Sort, el 25 (Ta\u00f1er); Tremp, el 26 (N\u00faria Rial); Espot, el 27 (Les Timbres &amp; Harmonia Lenis); Ta\u00fcll (la Vall de Bo\u00ed), el 28 (The New Old), y Castellciutat (La Seu d&#8217;Urgell), el 31 (The Wig Society). Por lo que respecta a agosto, habr\u00e1 conciertos en Organy\u00e0, el d\u00eda 1 (Ma\u00eetrise Saint-Joseph de Prades); Riner, el 3 (La Ritirata); Tremp, el 9 (Camera Aperta); Farrera, el 9 (O Vos Omnes); Castell de Mur, el 9 (Concerto di Margherita); La Seu d&#8217;Urgell, el 10 (Camera Aperta); Coll de Narg\u00f3, el 10 (O Vos Omnes); La Seu d&#8217;Urgell, el 13 (The Ministers of Pastime); Aguir\u00f3 (La Torre de Capdella), el 14 (Al Tayr Ensemble), La Pobla de Segur, el 14 (The Ministers of Pastime); Vilanova de Banat, el 15 (Al Tayr Ensemble); Sorre (Sort), el 16 (Al Tayr Ensemble); El Pont de Suert, el 16 (Vivalma); Estamariu, el 16 (Anacron\u00eda), y Vilamitjana (Tremp), el 17 (Vivalma). El festival se ha consolidado como una de las propuestas culturales m\u00e1s prestigiosas y de mayor alcance de toda Europa y destaca por su car\u00e1cter transfronterizo, con conciertos en Catalu\u00f1a, Andorra y Francia. El FeMAP combina la antigua m\u00fasica de calidad y el patrimonio natural y cultural del Pirineo. Programa los conciertos en espacios singulares, como iglesias rom\u00e1nicas o lagos de alta monta\u00f1a, dispone de ofertas de alojamiento y ofrece al p\u00fablico la posibilidad de realizar visitas guiadas y actividades de descubrimiento del territorio incluidas en la entrada de los conciertos. El festival tambi\u00e9n incluye un programa de intervenci\u00f3n socioeducativa, el FeMAP social, que quiere acercar la m\u00fasica a las personas con mayores dificultades para acceder a la cultura. &nbsp; M\u00e1s informaci\u00f3n: FeMAP\u00a0\u00a0\u00a0\u00a0\u00a0\u00a0\u00a0\u00a0\u00a0\u00a0\u00a0\u00a0\u00a0\u00a0\u00a0\u00a0\u00a0\u00a0\u00a0\u00a0\u00a0\u00a0\u00a0\u00a0\u00a0\u00a0 https:\/\/www.femap.cat\/[\/vc_column_text][\/vc_column][\/vc_row]"}