
{"version":"1.0","provider_name":"Ara Lleida","provider_url":"https:\/\/aralleida.cat\/es\/","author_name":"Omar","author_url":"https:\/\/aralleida.cat\/es\/author\/lagrafica-2-2\/","title":"Excelentes previsiones para la campa\u00f1a de verano","type":"rich","width":600,"height":338,"html":"<blockquote class=\"wp-embedded-content\" data-secret=\"6ELfUkqvvN\"><a href=\"https:\/\/aralleida.cat\/es\/excelentes-previsiones-para-la-campana-de-verano\/\">Excelentes previsiones para la campa\u00f1a de verano<\/a><\/blockquote><iframe sandbox=\"allow-scripts\" security=\"restricted\" src=\"https:\/\/aralleida.cat\/es\/excelentes-previsiones-para-la-campana-de-verano\/embed\/#?secret=6ELfUkqvvN\" width=\"600\" height=\"338\" title=\"\u00abExcelentes previsiones para la campa\u00f1a de verano\u00bb \u2014 Ara Lleida\" data-secret=\"6ELfUkqvvN\" frameborder=\"0\" marginwidth=\"0\" marginheight=\"0\" scrolling=\"no\" class=\"wp-embedded-content\"><\/iframe><script type=\"text\/javascript\">\n\/* <![CDATA[ *\/\n\/*! This file is auto-generated *\/\n!function(d,l){\"use strict\";l.querySelector&&d.addEventListener&&\"undefined\"!=typeof URL&&(d.wp=d.wp||{},d.wp.receiveEmbedMessage||(d.wp.receiveEmbedMessage=function(e){var t=e.data;if((t||t.secret||t.message||t.value)&&!\/[^a-zA-Z0-9]\/.test(t.secret)){for(var s,r,n,a=l.querySelectorAll('iframe[data-secret=\"'+t.secret+'\"]'),o=l.querySelectorAll('blockquote[data-secret=\"'+t.secret+'\"]'),c=new RegExp(\"^https?:$\",\"i\"),i=0;i<o.length;i++)o[i].style.display=\"none\";for(i=0;i<a.length;i++)s=a[i],e.source===s.contentWindow&&(s.removeAttribute(\"style\"),\"height\"===t.message?(1e3<(r=parseInt(t.value,10))?r=1e3:~~r<200&&(r=200),s.height=r):\"link\"===t.message&&(r=new URL(s.getAttribute(\"src\")),n=new URL(t.value),c.test(n.protocol))&&n.host===r.host&&l.activeElement===s&&(d.top.location.href=t.value))}},d.addEventListener(\"message\",d.wp.receiveEmbedMessage,!1),l.addEventListener(\"DOMContentLoaded\",function(){for(var e,t,s=l.querySelectorAll(\"iframe.wp-embedded-content\"),r=0;r<s.length;r++)(t=(e=s[r]).getAttribute(\"data-secret\"))||(t=Math.random().toString(36).substring(2,12),e.src+=\"#?secret=\"+t,e.setAttribute(\"data-secret\",t)),e.contentWindow.postMessage({message:\"ready\",secret:t},\"*\")},!1)))}(window,document);\n\/\/# sourceURL=https:\/\/aralleida.cat\/wp-includes\/js\/wp-embed.min.js\n\/* ]]> *\/\n<\/script>\n","thumbnail_url":"https:\/\/aralleida.cat\/wp-content\/uploads\/2025\/07\/temporada-estiu-int.png","thumbnail_width":600,"thumbnail_height":400,"description":"[vc_row][vc_column][vc_separator][vc_column_text css=\u00bb\u00bb]Las previsiones tur\u00edsticas de la campa\u00f1a de verano en el Pirineo y las Tierras de Lleida son muy buenas y el sector espera recibir aproximadamente 580.000 turistas, que generar\u00e1n m\u00e1s de 1,5 millones de pernoctaciones entre junio y septiembre, lo que supondr\u00eda revalidar los resultados registrados en los \u00faltimos dos a\u00f1os. En el transcurso de la presentaci\u00f3n de las previsiones para la temporada veraniega, que tuvo lugar el 18 de junio en la Vall de Bo\u00ed, el vicepresidente del Patronato de Turismo de la Diputaci\u00f3n de Lleida, Juan Antonio Serrano, explic\u00f3 que los datos de los primeros cuatro meses del a\u00f1o \u201cnos permiten reforzar esas buenas previsiones, porque los alojamientos han registrado un ligero incremento respecto al mismo per\u00edodo del 2024&#8243;. Concretamente, los hoteles, campings, casas de turismo rural y apartamentos tur\u00edsticos recibieron 433.244 turistas y 1.032.917 pernoctaciones, seg\u00fan los datos del Instituto Nacional de Estad\u00edstica (INE). Esto supone un incremento del 3,08 % y del 0,94 %, respectivamente. Por otra parte, el puente de San Juan (entre el s\u00e1bado y el martes) ha dejado una ocupaci\u00f3n media del 85 % en los alojamientos de la demarcaci\u00f3n. El Patronato de Turismo calcula que los establecimientos leridanos han recibido aproximadamente 40.000 turistas que han generado m\u00e1s de 120.000 pernoctaciones. Durante esta temporada de verano, el p\u00fablico que recibir\u00e1 el Pirineo y las Tierras de Lleida ser\u00e1 mayoritariamente catal\u00e1n y del resto del Estado. Cabe destacar tambi\u00e9n la relevancia de los turistas internacionales, que el pasado verano supusieron un 20 % del total de visitantes y un 17 % de las noches de alojamiento. La presentaci\u00f3n de la temporada de verano tuvo lugar en La Vall de Bo\u00ed porque este 2025 se conmemoran tres efem\u00e9rides, los 70 a\u00f1os de la declaraci\u00f3n del Parque Nacional de Aig\u00fcestortes i Estany de Sant Maurici, el 25\u00ba aniversario de las iglesias rom\u00e1nicas de La Vall de Bo\u00ed como Patrimonio Mundial de la Humanidad y los primeros 10 a\u00f1os de las fiestas del fuego del Pirineo como Patrimonio Cultural Inmaterial. El secretario general de la Federaci\u00f3n de Hosteler\u00eda de Lleida, Ramon Solsona, incidi\u00f3 en los puestos de trabajo que genera el sector tur\u00edstico y a\u00f1adi\u00f3 que en el mes de marzo se registr\u00f3 el r\u00e9cord de contrataci\u00f3n con aproximadamente 11.100 personas. El presidente de la Asociaci\u00f3n de Empresas de Deportes de Aventura del Pallars Sobir\u00e0, Florido Dolcet, explic\u00f3 que los r\u00edos se encuentran en condiciones \u00f3ptimas para la pr\u00e1ctica de actividades acu\u00e1ticas y asegur\u00f3 que las reservas de agua en la parte alta del Pirineo son las m\u00e1s elevadas de los \u00faltimos veinte a\u00f1os. Participaron tambi\u00e9n en la presentaci\u00f3n el director del Patronato, Juli Alegre; la alcaldesa de La Vall de Bo\u00ed, S\u00f2nia Bruguera; la presidenta de C\u00e0mpings de Lleida, Cel Feliu, y el representante de la Federaci\u00f3n de Turismo Rural de Lleida, Josep Llu\u00eds Farrero. &nbsp; M\u00e1s informaci\u00f3n: Patronato de Turismo de la Diputaci\u00f3n de Lleida\u00a0\u00a0\u00a0\u00a0\u00a0\u00a0\u00a0\u00a0\u00a0\u00a0\u00a0\u00a0\u00a0\u00a0\u00a0\u00a0\u00a0\u00a0\u00a0\u00a0\u00a0\u00a0\u00a0\u00a0\u00a0\u00a0\u00a0\u00a0\u00a0\u00a0\u00a0 Tel. 973 24 54 08 \u00a0 \u00a0 \u00a0 \u00a0 \u00a0 \u00a0 \u00a0 \u00a0 \u00a0 \u00a0 \u00a0 \u00a0 www.aralleida.cat[\/vc_column_text][\/vc_column][\/vc_row]"}