
{"version":"1.0","provider_name":"Ara Lleida","provider_url":"https:\/\/aralleida.cat\/es\/","author_name":"Omar","author_url":"https:\/\/aralleida.cat\/es\/author\/lagrafica-2-2\/","title":"Formaci\u00f3n para el sector gastron\u00f3mico","type":"rich","width":600,"height":338,"html":"<blockquote class=\"wp-embedded-content\" data-secret=\"o9kGIFhxJq\"><a href=\"https:\/\/aralleida.cat\/es\/formacion-para-el-sector-gastronomico\/\">Formaci\u00f3n para el sector gastron\u00f3mico<\/a><\/blockquote><iframe sandbox=\"allow-scripts\" security=\"restricted\" src=\"https:\/\/aralleida.cat\/es\/formacion-para-el-sector-gastronomico\/embed\/#?secret=o9kGIFhxJq\" width=\"600\" height=\"338\" title=\"\u00abFormaci\u00f3n para el sector gastron\u00f3mico\u00bb \u2014 Ara Lleida\" data-secret=\"o9kGIFhxJq\" frameborder=\"0\" marginwidth=\"0\" marginheight=\"0\" scrolling=\"no\" class=\"wp-embedded-content\"><\/iframe><script type=\"text\/javascript\">\n\/* <![CDATA[ *\/\n\/*! This file is auto-generated *\/\n!function(d,l){\"use strict\";l.querySelector&&d.addEventListener&&\"undefined\"!=typeof URL&&(d.wp=d.wp||{},d.wp.receiveEmbedMessage||(d.wp.receiveEmbedMessage=function(e){var t=e.data;if((t||t.secret||t.message||t.value)&&!\/[^a-zA-Z0-9]\/.test(t.secret)){for(var s,r,n,a=l.querySelectorAll('iframe[data-secret=\"'+t.secret+'\"]'),o=l.querySelectorAll('blockquote[data-secret=\"'+t.secret+'\"]'),c=new RegExp(\"^https?:$\",\"i\"),i=0;i<o.length;i++)o[i].style.display=\"none\";for(i=0;i<a.length;i++)s=a[i],e.source===s.contentWindow&&(s.removeAttribute(\"style\"),\"height\"===t.message?(1e3<(r=parseInt(t.value,10))?r=1e3:~~r<200&&(r=200),s.height=r):\"link\"===t.message&&(r=new URL(s.getAttribute(\"src\")),n=new URL(t.value),c.test(n.protocol))&&n.host===r.host&&l.activeElement===s&&(d.top.location.href=t.value))}},d.addEventListener(\"message\",d.wp.receiveEmbedMessage,!1),l.addEventListener(\"DOMContentLoaded\",function(){for(var e,t,s=l.querySelectorAll(\"iframe.wp-embedded-content\"),r=0;r<s.length;r++)(t=(e=s[r]).getAttribute(\"data-secret\"))||(t=Math.random().toString(36).substring(2,12),e.src+=\"#?secret=\"+t,e.setAttribute(\"data-secret\",t)),e.contentWindow.postMessage({message:\"ready\",secret:t},\"*\")},!1)))}(window,document);\n\/\/# sourceURL=https:\/\/aralleida.cat\/wp-includes\/js\/wp-embed.min.js\n\/* ]]> *\/\n<\/script>\n","thumbnail_url":"https:\/\/aralleida.cat\/wp-content\/uploads\/2024\/12\/Foto-03.-Patronat-de-Turisme-forma-al-sector-gastronomic-\u00a9Slow-Food-Catalunya.png","thumbnail_width":600,"thumbnail_height":400,"description":"[vc_row][vc_column][vc_separator][vc_column_text css=\u00bb\u00bb]El Patronato de Turismo ha impartido varias sesiones formativas dirigidas a los socios de la Asociaci\u00f3n de la Ruta del Vino de Lleida y a las personas adscritas al proyecto Oleoturismo de Lleida-El gusto de la Tierra de cara al 2025, a\u00f1o en el que Catalu\u00f1a ser\u00e1 Regi\u00f3n Mundial de la Gastronom\u00eda. Concretamente, las sesiones se han centrado en las herramientas para gestionar profesionalmente las redes sociales de un negocio y en la forma de hacer reels en Instagram.\u00a0 La sesi\u00f3n sobre \u201c10 herramientas para gestionar profesionalmente las redes sociales de mi negocio\u201d ha repasado aspectos dirigidos a conocer las principales herramientas digitales que permiten gestionar de forma efectiva la comunicaci\u00f3n online de una empresa o destino; aprender a programar las redes sociales, dise\u00f1ar creatividades y generar informes. Se ha analizado la utilidad de cada una, c\u00f3mo registrarse y c\u00f3mo utilizar las funciones m\u00e1s avanzadas.\u00a0 La sesi\u00f3n sobre \u201cC\u00f3mo hacer reels en Instagram\u201d estaba destinada a entender el uso de los reels de Instagram, su finalidad, c\u00f3mo elaborarlos y c\u00f3mo evaluar su \u00e9xito, adem\u00e1s de proporcionar herramientas recomendadas para su creaci\u00f3n, junto con consejos de buenas pr\u00e1cticas. Durante el taller, se mostraron destacados ejemplos del sector tur\u00edstico. Los participantes en el curso han recibido adem\u00e1s una asesor\u00eda personalizada e individual con el formador.\u00a0 \u00a0 Encuentro Slow Food Catalunya en Ponts\u00a0 Por otra parte, tres restaurantes leridanos recibieron, por primera vez, el prestigioso distintivo Slow Food Catalunya Km0 en el transcurso del encuentro celebrado en Ponts (la Noguera) el pasado 11 de noviembre. Esta certificaci\u00f3n reconoce el compromiso de los establecimientos con la sostenibilidad y los productos de proximidad. Los establecimientos reconocidos con el sello Slow Food Catalunya Km0 son All Negre de Montardit de Baix (el Pallars Sobir\u00e0), Boixetes Can Manel de Vielha (la Val d&#8217;Aran) y L\u2019Era de Barruera (la Alta Ribagor\u00e7a). Estos tres restaurantes se han unido a la creciente red de locales que defienden una cocina basada en el respeto por el territorio y la responsabilidad ecol\u00f3gica.\u00a0 El evento reuni\u00f3 a m\u00e1s de 150 profesionales del sector gastron\u00f3mico que comparten una visi\u00f3n com\u00fan, promover una gastronom\u00eda que valore los productos locales y favorezca el equilibrio con el medio ambiente. La jornada comenz\u00f3 con el Mercado de la Tierra, una feria que puso de relieve los productos de proximidad, sostenibles y de calidad. Este mercado, adem\u00e1s, sirvi\u00f3 como plataforma para la presentaci\u00f3n de la primera edici\u00f3n de la Gu\u00eda Slow Food Catalunya, herramienta que facilita a los consumidores la b\u00fasqueda de restaurantes comprometidos con los principios del movimiento Slow Food.\u00a0 Esta jornada puso de manifiesto la importancia de apostar por una gastronom\u00eda que no solo satisfaga al paladar, sino que tambi\u00e9n contribuya a la sostenibilidad y a la preservaci\u00f3n del territorio. Los restaurantes de Lleida que ostentan el distintivo Slow Food encarnan estos valores y forman una red que crece a\u00f1o tras a\u00f1o, reflejando la tendencia creciente de una gastronom\u00eda que quiere ser parte de la soluci\u00f3n ambiental.\u00a0 \u00a0 M\u00e1s informaci\u00f3n:\u00a0 Patronato de Turismo de la Diputaci\u00f3n de Lleida\u00a0\u00a0\u00a0\u00a0\u00a0\u00a0\u00a0\u00a0\u00a0\u00a0\u00a0\u00a0\u00a0\u00a0\u00a0\u00a0\u00a0\u00a0\u00a0\u00a0\u00a0\u00a0\u00a0\u00a0\u00a0\u00a0\u00a0\u00a0\u00a0\u00a0\u00a0\u00a0 Tel. 973 24 54 08\u00a0\u00a0\u00a0\u00a0\u00a0\u00a0\u00a0\u00a0\u00a0\u00a0\u00a0\u00a0\u00a0\u00a0\u00a0\u00a0\u00a0\u00a0\u00a0\u00a0\u00a0\u00a0\u00a0\u00a0 \u00a0 www.aralleida.cat\u00a0 &nbsp; Slow Food Catalunya\u00a0 https:\/\/slowfoodcatalunya.cat\/\u00a0[\/vc_column_text][\/vc_column][\/vc_row]"}