
{"version":"1.0","provider_name":"Ara Lleida","provider_url":"https:\/\/aralleida.cat\/es\/","author_name":"Omar","author_url":"https:\/\/aralleida.cat\/es\/author\/lagrafica-2-2\/","title":"La Pasi\u00f3n de Cervera estrenar\u00e1 un nuevo escenario","type":"rich","width":600,"height":338,"html":"<blockquote class=\"wp-embedded-content\" data-secret=\"RzCDjVZEYL\"><a href=\"https:\/\/aralleida.cat\/es\/la-pasion-de-cervera-estrenara-un-nuevo-escenario\/\">La Pasi\u00f3n de Cervera estrenar\u00e1 un nuevo escenario<\/a><\/blockquote><iframe sandbox=\"allow-scripts\" security=\"restricted\" src=\"https:\/\/aralleida.cat\/es\/la-pasion-de-cervera-estrenara-un-nuevo-escenario\/embed\/#?secret=RzCDjVZEYL\" width=\"600\" height=\"338\" title=\"\u00abLa Pasi\u00f3n de Cervera estrenar\u00e1 un nuevo escenario\u00bb \u2014 Ara Lleida\" data-secret=\"RzCDjVZEYL\" frameborder=\"0\" marginwidth=\"0\" marginheight=\"0\" scrolling=\"no\" class=\"wp-embedded-content\"><\/iframe><script type=\"text\/javascript\">\n\/* <![CDATA[ *\/\n\/*! This file is auto-generated *\/\n!function(d,l){\"use strict\";l.querySelector&&d.addEventListener&&\"undefined\"!=typeof URL&&(d.wp=d.wp||{},d.wp.receiveEmbedMessage||(d.wp.receiveEmbedMessage=function(e){var t=e.data;if((t||t.secret||t.message||t.value)&&!\/[^a-zA-Z0-9]\/.test(t.secret)){for(var s,r,n,a=l.querySelectorAll('iframe[data-secret=\"'+t.secret+'\"]'),o=l.querySelectorAll('blockquote[data-secret=\"'+t.secret+'\"]'),c=new RegExp(\"^https?:$\",\"i\"),i=0;i<o.length;i++)o[i].style.display=\"none\";for(i=0;i<a.length;i++)s=a[i],e.source===s.contentWindow&&(s.removeAttribute(\"style\"),\"height\"===t.message?(1e3<(r=parseInt(t.value,10))?r=1e3:~~r<200&&(r=200),s.height=r):\"link\"===t.message&&(r=new URL(s.getAttribute(\"src\")),n=new URL(t.value),c.test(n.protocol))&&n.host===r.host&&l.activeElement===s&&(d.top.location.href=t.value))}},d.addEventListener(\"message\",d.wp.receiveEmbedMessage,!1),l.addEventListener(\"DOMContentLoaded\",function(){for(var e,t,s=l.querySelectorAll(\"iframe.wp-embedded-content\"),r=0;r<s.length;r++)(t=(e=s[r]).getAttribute(\"data-secret\"))||(t=Math.random().toString(36).substring(2,12),e.src+=\"#?secret=\"+t,e.setAttribute(\"data-secret\",t)),e.contentWindow.postMessage({message:\"ready\",secret:t},\"*\")},!1)))}(window,document);\n\/\/# sourceURL=https:\/\/aralleida.cat\/wp-includes\/js\/wp-embed.min.js\n\/* ]]> *\/\n<\/script>\n","thumbnail_url":"https:\/\/aralleida.cat\/wp-content\/uploads\/2025\/02\/Foto-04.-Passio-Cervera.jpg","thumbnail_width":600,"thumbnail_height":400,"description":"[vc_row][vc_column][vc_separator][vc_column_text css=\u00bb\u00bb]Una de las novedades m\u00e1s importantes de esta edici\u00f3n de la emblem\u00e1tica representaci\u00f3n religiosa que tiene lugar en la capital de La Segarra ser\u00e1 el estreno del nuevo escenario que permitir\u00e1 m\u00e1s polivalencia esc\u00e9nica y que dar\u00e1 mayor agilidad a los numerosos y espectaculares cambios de los decorados que se realizan a lo largo de la representaci\u00f3n. Las representaciones comenzar\u00e1n el 16 de marzo y debe tenerse en cuenta que esta ser\u00e1 la \u00fanica funci\u00f3n de ma\u00f1ana (de 10 a 13.30 h) de toda la temporada. Tambi\u00e9n habr\u00e1 funciones (todas de tarde, de 16 a 19.30 h) los d\u00edas 22 y 29 de marzo y 5, 12 y 18 de abril de 2025. Tambi\u00e9n habr\u00e1 novedades en el \u00e1mbito art\u00edstico, ya que este a\u00f1o culmina el proceso para hacer m\u00e1s din\u00e1micas las tres partes de la obra. Por tanto, ya se podr\u00e1 ver toda la representaci\u00f3n tal y como la direcci\u00f3n art\u00edstica la hab\u00eda planteado en este proceso de modernizaci\u00f3n. En este sentido, el elenco de la direcci\u00f3n seguir\u00e1 tal y como se estableci\u00f3 el a\u00f1o pasado y estar\u00e1 formado por Gemma Pal\u00e0, Mariona Dalmases, Tate Bonjoch, Jaume Mercad\u00e9 y Jaume Rossich. Por otra parte, un nuevo actor har\u00e1 el papel de Judas. La Pasi\u00f3n de Cervera es una de las representaciones m\u00e1s multitudinarias y antiguas de Catalu\u00f1a, puesto que su historia se remonta al a\u00f1o 1477, y se convierte as\u00ed en la Pasi\u00f3n m\u00e1s antigua de Europa. Se trata de una tradici\u00f3n que tiene sus or\u00edgenes en los misterios de la \u00e9poca medieval, que en toda Europa recreaban pasajes b\u00edblicos de la vida de Cristo, la Virgen Mar\u00eda o de alg\u00fan santo. La Pasi\u00f3n cuenta en sus representaciones con un nutrido n\u00famero de actores y actrices que dan vida a los diferentes personajes y que, en total, llega a movilizar a m\u00e1s de 200 personas entre equipo art\u00edstico y t\u00e9cnico. En los a\u00f1os 40 del pasado siglo, el espect\u00e1culo se recuper\u00f3 y desde entonces no ha parado de crecer. Ante la importancia hist\u00f3rica y social, en 1969 las representaciones de la Pasi\u00f3n de Cervera se declararon de inter\u00e9s p\u00fablico. Ahora dispone de una numerosa compa\u00f1\u00eda de actores y tiene un edificio propio, el Gran Teatro de la Pasi\u00f3n, con 1.700 localidades, un escenario de 40 metros y unos espectaculares decorados. La organizaci\u00f3n ha anunciado tambi\u00e9n que ya est\u00e1 disponible la venta anticipada de entradas para las representaciones de este a\u00f1o y que se pueden adquirir a trav\u00e9s de la web oficial www.lapassiodecervera.com. &nbsp; M\u00e1s informaci\u00f3n La Pasi\u00f3n de Cervera Tel. 973 532 661 \/ 608 781 012 www.lapassiodecervera.com[\/vc_column_text][\/vc_column][\/vc_row]"}