
{"version":"1.0","provider_name":"Ara Lleida","provider_url":"https:\/\/aralleida.cat\/es\/","author_name":"Omar","author_url":"https:\/\/aralleida.cat\/es\/author\/lagrafica-2-2\/","title":"Lleida acoge la primera edici\u00f3n del Salvaje Fest","type":"rich","width":600,"height":338,"html":"<blockquote class=\"wp-embedded-content\" data-secret=\"xPiV8XCB0a\"><a href=\"https:\/\/aralleida.cat\/es\/lleida-acoge-la-primera-edicion-del-salvaje-fest\/\">Lleida acoge la primera edici\u00f3n del Salvaje Fest<\/a><\/blockquote><iframe sandbox=\"allow-scripts\" security=\"restricted\" src=\"https:\/\/aralleida.cat\/es\/lleida-acoge-la-primera-edicion-del-salvaje-fest\/embed\/#?secret=xPiV8XCB0a\" width=\"600\" height=\"338\" title=\"\u00abLleida acoge la primera edici\u00f3n del Salvaje Fest\u00bb \u2014 Ara Lleida\" data-secret=\"xPiV8XCB0a\" frameborder=\"0\" marginwidth=\"0\" marginheight=\"0\" scrolling=\"no\" class=\"wp-embedded-content\"><\/iframe><script type=\"text\/javascript\">\n\/* <![CDATA[ *\/\n\/*! This file is auto-generated *\/\n!function(d,l){\"use strict\";l.querySelector&&d.addEventListener&&\"undefined\"!=typeof URL&&(d.wp=d.wp||{},d.wp.receiveEmbedMessage||(d.wp.receiveEmbedMessage=function(e){var t=e.data;if((t||t.secret||t.message||t.value)&&!\/[^a-zA-Z0-9]\/.test(t.secret)){for(var s,r,n,a=l.querySelectorAll('iframe[data-secret=\"'+t.secret+'\"]'),o=l.querySelectorAll('blockquote[data-secret=\"'+t.secret+'\"]'),c=new RegExp(\"^https?:$\",\"i\"),i=0;i<o.length;i++)o[i].style.display=\"none\";for(i=0;i<a.length;i++)s=a[i],e.source===s.contentWindow&&(s.removeAttribute(\"style\"),\"height\"===t.message?(1e3<(r=parseInt(t.value,10))?r=1e3:~~r<200&&(r=200),s.height=r):\"link\"===t.message&&(r=new URL(s.getAttribute(\"src\")),n=new URL(t.value),c.test(n.protocol))&&n.host===r.host&&l.activeElement===s&&(d.top.location.href=t.value))}},d.addEventListener(\"message\",d.wp.receiveEmbedMessage,!1),l.addEventListener(\"DOMContentLoaded\",function(){for(var e,t,s=l.querySelectorAll(\"iframe.wp-embedded-content\"),r=0;r<s.length;r++)(t=(e=s[r]).getAttribute(\"data-secret\"))||(t=Math.random().toString(36).substring(2,12),e.src+=\"#?secret=\"+t,e.setAttribute(\"data-secret\",t)),e.contentWindow.postMessage({message:\"ready\",secret:t},\"*\")},!1)))}(window,document);\n\/\/# sourceURL=https:\/\/aralleida.cat\/wp-includes\/js\/wp-embed.min.js\n\/* ]]> *\/\n<\/script>\n","thumbnail_url":"https:\/\/aralleida.cat\/wp-content\/uploads\/2025\/07\/El-Pirineu-i-les-Terres-de-Lleida-revaliden-la-certificacio-Biosphere-Gold-Destination-i-refermen-el-seu-compromis-amb-la-sostenibilitat.jpg","thumbnail_width":900,"thumbnail_height":600,"description":"[vc_row][vc_column][vc_separator][vc_column_text css=\u00bb\u00bb]El Palacio de la Llotja de Lleida acogi\u00f3 entre el 27 y el 29 de junio la primera edici\u00f3n del Salvaje Fest, el festival de fotograf\u00eda y pintura de naturaleza, que atrajo a un gran n\u00famero de aficionados a la fotograf\u00eda y la pintura de naturaleza, asociaciones, instituciones y empresas del sector. El festival quiere posicionar Lleida como espacio clave para el turismo de naturaleza y la creaci\u00f3n art\u00edstica. El festival reuni\u00f3 a unas 400 personas procedentes de todo el Estado, de las cuales 216 participaron en actividades como las seis salidas fotogr\u00e1ficas guiadas (una de ellas adaptada para personas con discapacidad). Tambi\u00e9n se pudieron ver dos exposiciones fotogr\u00e1ficas de AEFONA y una art\u00edstica (pintura y escultura) del colectivo local NATUR(ART&#8217;S). Adem\u00e1s, se pint\u00f3 en vivo un gran mural sobre el sis\u00f3n, una especie de ave que puede verse y fotografiarse en las estepas de Lleida. La iniciativa se enmarca dentro del proyecto Espa\u00f1a Salvaje \/ Untamed Spain, financiado por la Uni\u00f3n Europea a trav\u00e9s de los fondos Next Generation, con el apoyo institucional de Turismo Espa\u00f1a y la colaboraci\u00f3n del Patronato de Turismo de la Diputaci\u00f3n de Lleida. El festival empez\u00f3 con una jornada dedicada al turismo de naturaleza, en la que se present\u00f3 o\ufb01cialmente el proyecto Untamed Spain \/ Espa\u00f1a Salvaje, y se difundieron los primeros resultados de un estudio estatal sobre fotograf\u00eda y pintura de naturaleza, que identi\ufb01ca m\u00e1s de 500 hides (escondites) activos y 56 empresas especializadas del mundo. Tambi\u00e9n se present\u00f3 el portal www.untamedspain.com, como herramienta clave para planificar, reservar y comercializar experiencias sostenibles. La programaci\u00f3n incluy\u00f3 un documental y una ponencia del fot\u00f3grafo y cineasta Andoni Canela, quien habl\u00f3 sobre su trabajo con el lobo ib\u00e9rico; una charla del fot\u00f3grafo y storyteller Marc Casas, que defendi\u00f3 el valor del silencio, la escucha y la observaci\u00f3n para captar historias desde los hides; una charla del fot\u00f3grafo Mario Su\u00e1rez Porras sobre t\u00e9cnicas sencillas de desenfoque creativo; una obra en directo de la muralista Lourdes Berzas (Loub\u00e9) centrada en el sis\u00f3n, especie amenazada por la p\u00e9rdida de su h\u00e1bitat. Tambi\u00e9n destacaron las ponencias de Katy G\u00f3mez, con un relato visual sobre la trashumancia; Isabel D\u00edez, centrada en la creatividad y la conexi\u00f3n con la naturaleza, y Alejandra Rend\u00f3n, en representaci\u00f3n del colectivo internacional Girls Who Click, que promueve la inclusi\u00f3n de mujeres j\u00f3venes en la fotograf\u00eda de naturaleza. La zona de stands acogi\u00f3 cerca de una treintena de expositores del Estado y de Francia, entre marcas de fotograf\u00eda, editoriales, artistas, iniciativas tur\u00edsticas y proyectos de conservaci\u00f3n. Tras la buena acogida de la edici\u00f3n inaugural, que ha superado plenamente las expectativas iniciales, la organizaci\u00f3n trabaja ya en una pr\u00f3xima convocatoria, con el objetivo de consolidar Lleida como punto de encuentro de referencia para la fotograf\u00eda, el arte y la naturaleza. &nbsp; M\u00e1s informaci\u00f3n: AEOFONA \u00a0 \u00a0 \u00a0 \u00a0 \u00a0 \u00a0 \u00a0 \u00a0 \u00a0 \u00a0 \u00a0 \u00a0 \u00a0 \u00a0 \u00a0 \u00a0 \u00a0 \u00a0 \u00a0 \u00a0 \u00a0 \u00a0 https:\/\/www.aefona.org\/[\/vc_column_text][\/vc_column][\/vc_row]"}