
{"version":"1.0","provider_name":"Ara Lleida","provider_url":"https:\/\/aralleida.cat\/es\/","author_name":"Omar","author_url":"https:\/\/aralleida.cat\/es\/author\/lagrafica-2-2\/","title":"Lleida, tierra de pesebres vivientes","type":"rich","width":600,"height":338,"html":"<blockquote class=\"wp-embedded-content\" data-secret=\"GiVLRwIHhc\"><a href=\"https:\/\/aralleida.cat\/es\/lleida-tierra-de-pesebres-vivientes\/\">Lleida, tierra de pesebres vivientes<\/a><\/blockquote><iframe sandbox=\"allow-scripts\" security=\"restricted\" src=\"https:\/\/aralleida.cat\/es\/lleida-tierra-de-pesebres-vivientes\/embed\/#?secret=GiVLRwIHhc\" width=\"600\" height=\"338\" title=\"\u00abLleida, tierra de pesebres vivientes\u00bb \u2014 Ara Lleida\" data-secret=\"GiVLRwIHhc\" frameborder=\"0\" marginwidth=\"0\" marginheight=\"0\" scrolling=\"no\" class=\"wp-embedded-content\"><\/iframe><script type=\"text\/javascript\">\n\/* <![CDATA[ *\/\n\/*! This file is auto-generated *\/\n!function(d,l){\"use strict\";l.querySelector&&d.addEventListener&&\"undefined\"!=typeof URL&&(d.wp=d.wp||{},d.wp.receiveEmbedMessage||(d.wp.receiveEmbedMessage=function(e){var t=e.data;if((t||t.secret||t.message||t.value)&&!\/[^a-zA-Z0-9]\/.test(t.secret)){for(var s,r,n,a=l.querySelectorAll('iframe[data-secret=\"'+t.secret+'\"]'),o=l.querySelectorAll('blockquote[data-secret=\"'+t.secret+'\"]'),c=new RegExp(\"^https?:$\",\"i\"),i=0;i<o.length;i++)o[i].style.display=\"none\";for(i=0;i<a.length;i++)s=a[i],e.source===s.contentWindow&&(s.removeAttribute(\"style\"),\"height\"===t.message?(1e3<(r=parseInt(t.value,10))?r=1e3:~~r<200&&(r=200),s.height=r):\"link\"===t.message&&(r=new URL(s.getAttribute(\"src\")),n=new URL(t.value),c.test(n.protocol))&&n.host===r.host&&l.activeElement===s&&(d.top.location.href=t.value))}},d.addEventListener(\"message\",d.wp.receiveEmbedMessage,!1),l.addEventListener(\"DOMContentLoaded\",function(){for(var e,t,s=l.querySelectorAll(\"iframe.wp-embedded-content\"),r=0;r<s.length;r++)(t=(e=s[r]).getAttribute(\"data-secret\"))||(t=Math.random().toString(36).substring(2,12),e.src+=\"#?secret=\"+t,e.setAttribute(\"data-secret\",t)),e.contentWindow.postMessage({message:\"ready\",secret:t},\"*\")},!1)))}(window,document);\n\/\/# sourceURL=https:\/\/aralleida.cat\/wp-includes\/js\/wp-embed.min.js\n\/* ]]> *\/\n<\/script>\n","thumbnail_url":"https:\/\/aralleida.cat\/wp-content\/uploads\/2024\/12\/Foto-09-interior.-Pessebres-vivents-\u00a9Ajuntament-dArdevol.png","thumbnail_width":600,"thumbnail_height":400,"description":"[vc_row][vc_column][vc_separator][vc_column_text css=\u00bb\u00bb]El pesebre viviente de Ard\u00e8vol (el Solson\u00e8s) incorpora este a\u00f1o un tramo con cuadros nuevos. El montaje re\u00fane a cerca de doscientos actores que representan una treintena de escenas. El bel\u00e9n consta de dos partes, una de ambientaci\u00f3n b\u00edblica y otra que nos muestra c\u00f3mo se viv\u00eda la Navidad en un pueblo del siglo XVIII. Al finalizar la visita, se invita a los visitantes a comer un bocadillo junto al fuego. Este a\u00f1o el pesebre se podr\u00e1 ver los d\u00edas 22, 26, 28 y 29 de diciembre y 1 y 4 de enero, con dos sesiones diarias que empezar\u00e1n a las 18.30 y 19.30 h. El Pesebre de los Oficios Perdidos de Sant Guim de la Plana, organizado por la Asociaci\u00f3n Cultural la Marinada, se centra en oficios y herramientas antiguas y se representa dentro del marco medieval de este peque\u00f1o pueblo de la Segarra. El montaje re\u00fane 40 cuadros y unos 400 figurantes. La visita se complementa con la degustaci\u00f3n junto al fuego de unas rebanadas de pan tostado con aceite y ajo acompa\u00f1adas de un traguito de vino. Este bel\u00e9n se podr\u00e1 ver los d\u00edas 21, 22, 26, 28 y 29 de diciembre y 4, 11 y 12 de enero, con dos o tres sesiones al d\u00eda (18.30, 19.30 y 20 h).\u00a0 El pesebre viviente de Tremp (el Pallars Juss\u00e0) cambia de ubicaci\u00f3n y ampl\u00eda el horario. Este a\u00f1o se celebrar\u00e1 en las antiguas curtidur\u00edas, un espacio recuperado, con un centenar de figurantes y un circuito que incluye cuadros como la Anunciaci\u00f3n, la Corte del rey Herodes, los pescadores, el horno de pan, el pozo, el Infierno y, por supuesto, el pesebre. El montaje, a cargo de Teatremp, tendr\u00e1 lugar el 29 de diciembre, con un nuevo horario matinal (de 12 a 14 h) que se a\u00f1ade al tradicional de tarde (de 16 a 20 h).\u00a0 El pesebre viviente de Prullans (la Cerdanya) tendr\u00e1 lugar el 6 y 7 de diciembre en las calles del casco antiguo y utiliza pajares, eras y casas particulares. Junto con el pesebre viviente, se organiza la Feria del Bel\u00e9n. El pesebre, organizado por la Asociaci\u00f3n Cultural y C\u00edvica de Prullans, est\u00e1 representado por m\u00e1s de un centenar de personas. Desde 2005 ha ido incorporando diferentes escenas: la Anunciaci\u00f3n, los pastorcillos en torno al fuego, el Nacimiento, Herodes, el caganer, los tres Reyes Magos y la Sagrada Familia, entre otros.\u00a0 La Seu d&#8217;Urgell (el Alt Urgell) estrenar\u00e1 esta Navidad un pesebre viviente, la novedad m\u00e1s destacada de la programaci\u00f3n navide\u00f1a del Mundo M\u00e1gico de las Monta\u00f1as. Este bel\u00e9n, que presentar\u00e1 las principales escenas b\u00edblicas relacionadas con la Navidad, as\u00ed como oficios tradicionales y cuadros costumbristas, contar\u00e1 con m\u00e1s de cien actores y actrices y personas voluntarias en un recorrido que incluir\u00e1 las calles del centro hist\u00f3rico de la ciudad, as\u00ed como el claustro de la catedral y la iglesia de Sant Miquel. El pesebre se podr\u00e1 visitar los d\u00edas 21, 22, 28 y 29 de diciembre, de 19 a 20 h. Las visitas ser\u00e1n guiadas y tendr\u00e1n una duraci\u00f3n de una hora. El Pesebre Gigante de Fontllonga, en el municipio de Camarasa, no es exactamente un pesebre viviente. Lo forman 250 figuras de chapa met\u00e1lica y aglomerado de tama\u00f1o natural que aportan al casco antiguo de este pueblecito de la Noguera un ambiente navide\u00f1o \u00fanico. En \u00e9l se pueden ver todo tipo de escenas y personajes t\u00edpicos de las fiestas navide\u00f1as, como pastores con sus reba\u00f1os, tejedoras, animales de pasto, los Reyes Magos, el tradicional caganer, el nacimiento (en la fachada de la iglesia) o un demonio rodeado de rayos. El bel\u00e9n de figuras permanecer\u00e1 instalado desde el d\u00eda 6 de diciembre hasta el 2 de febrero.\u00a0 Por \u00faltimo, la Asociaci\u00f3n Hangars de Magraners llevar\u00e1 a cabo el 26 de diciembre un pesebre viviente en este barrio de Lleida, un circuito que recrea el peque\u00f1o pueblo de Nazaret. Se trata de una actividad familiar y tradicional en el barrio, donde se representa el bel\u00e9n de forma distinta, y donde el teatro y la m\u00fasica hacen que el espacio sea m\u00e1gico.\u00a0 M\u00e1s all\u00e1 de los belenes, destacan tambi\u00e9n la tradicional Feria de Artistas y Actividades Tradicionales de T\u00e0rrega, que este a\u00f1o, coincidiendo con la 25\u00aa edici\u00f3n, se transforma en la Feria de Artistas y Mercado de Navidad, que tendr\u00e1n lugar los d\u00edas 13, 14 y 15 de diciembre; la apertura de las exposiciones de dioramas y pesebres de Navidad en Lleida, el 14 de diciembre; el Concierto de Navidad de Balaguer, el 12 de diciembre; la Feria de Santa Luc\u00eda de Nav\u00e8s, el 8 de diciembre; la fiesta Fem Cagar el Ti\u00f3 de La Pobla de Segur, el 24 de diciembre; los Villancicos desde los Balcones, el 24 de diciembre, en La Seu d&#8217;Urgell; la Feria de Invierno de Sort, del 27 al 30 de diciembre; el Colgamiento del Mu\u00f1eco de Tremp, el 28 de diciembre; la Hoguera de los Inocentes y llegada de los Carboneros, el 27 de diciembre en Balaguer; la Carrera de San Silvestre de La Seu d&#8217;Urgell y de Bellver de Cerdanya, el 31 de diciembre, y el concierto de \u00f3rgano en la Catedral de Solsona, el 1 de enero.\u00a0 Lleida ciudad acoge el Mercado de Santa Luc\u00eda, del 5 al 24 de diciembre, con \u00e1rboles de Navidad, figuritas del pesebre y otros complementos navide\u00f1os, y el Mercado de Navidad (del 5 de diciembre al 5 de enero), con puestos de artesan\u00eda, regalos, ropa y complementos.\u00a0 \u00a0 M\u00e1s informaci\u00f3n:\u00a0 &nbsp; Pesebre Viviente de Ard\u00e8vol\u00a0 Tel. 621 30 02 62\u00a0 https:\/\/pessebreviventardevol.cat\/\u00a0 &nbsp; Pesebre Viviente de La Seu d\u2019Urgell\u00a0 Tel. 973 35 00 10\u00a0 https:\/\/www.laseu.cat\/\u00a0 &nbsp; Pesebre Viviente de Sant Guim de la Plana\u00a0 Tel. 658 93 33 72\u00a0 https:\/\/pessebre.org\/es\/inicio\/\u00a0 &nbsp; Pesebre Viviente de Tremp\u00a0 Tel. 608 71 92 80\u00a0 https:\/\/www.pallarsjussa.cat\/\u00a0 &nbsp; Pesebre Gigante de Fontllonga\u00a0 Tel. 973 29 20 85\u00a0[\/vc_column_text][\/vc_column][\/vc_row]"}