
{"version":"1.0","provider_name":"Ara Lleida","provider_url":"https:\/\/aralleida.cat\/es\/","author_name":"Gerard Balcells","author_url":"https:\/\/aralleida.cat\/es\/author\/aralleida\/","title":"El Parque Nacional de Aig\u00fcestortes i Estany de Sant Maurici bate el r\u00e8cord de visitantes","type":"rich","width":600,"height":338,"html":"<blockquote class=\"wp-embedded-content\" data-secret=\"ntmdpsmILe\"><a href=\"https:\/\/aralleida.cat\/es\/parque-nacional-record-visitantes\/\">El Parque Nacional de Aig\u00fcestortes i Estany de Sant Maurici bate el r\u00e8cord de visitantes<\/a><\/blockquote><iframe sandbox=\"allow-scripts\" security=\"restricted\" src=\"https:\/\/aralleida.cat\/es\/parque-nacional-record-visitantes\/embed\/#?secret=ntmdpsmILe\" width=\"600\" height=\"338\" title=\"\u00abEl Parque Nacional de Aig\u00fcestortes i Estany de Sant Maurici bate el r\u00e8cord de visitantes\u00bb \u2014 Ara Lleida\" data-secret=\"ntmdpsmILe\" frameborder=\"0\" marginwidth=\"0\" marginheight=\"0\" scrolling=\"no\" class=\"wp-embedded-content\"><\/iframe><script type=\"text\/javascript\">\n\/* <![CDATA[ *\/\n\/*! This file is auto-generated *\/\n!function(d,l){\"use strict\";l.querySelector&&d.addEventListener&&\"undefined\"!=typeof URL&&(d.wp=d.wp||{},d.wp.receiveEmbedMessage||(d.wp.receiveEmbedMessage=function(e){var t=e.data;if((t||t.secret||t.message||t.value)&&!\/[^a-zA-Z0-9]\/.test(t.secret)){for(var s,r,n,a=l.querySelectorAll('iframe[data-secret=\"'+t.secret+'\"]'),o=l.querySelectorAll('blockquote[data-secret=\"'+t.secret+'\"]'),c=new RegExp(\"^https?:$\",\"i\"),i=0;i<o.length;i++)o[i].style.display=\"none\";for(i=0;i<a.length;i++)s=a[i],e.source===s.contentWindow&&(s.removeAttribute(\"style\"),\"height\"===t.message?(1e3<(r=parseInt(t.value,10))?r=1e3:~~r<200&&(r=200),s.height=r):\"link\"===t.message&&(r=new URL(s.getAttribute(\"src\")),n=new URL(t.value),c.test(n.protocol))&&n.host===r.host&&l.activeElement===s&&(d.top.location.href=t.value))}},d.addEventListener(\"message\",d.wp.receiveEmbedMessage,!1),l.addEventListener(\"DOMContentLoaded\",function(){for(var e,t,s=l.querySelectorAll(\"iframe.wp-embedded-content\"),r=0;r<s.length;r++)(t=(e=s[r]).getAttribute(\"data-secret\"))||(t=Math.random().toString(36).substring(2,12),e.src+=\"#?secret=\"+t,e.setAttribute(\"data-secret\",t)),e.contentWindow.postMessage({message:\"ready\",secret:t},\"*\")},!1)))}(window,document);\n\/\/# sourceURL=https:\/\/aralleida.cat\/wp-includes\/js\/wp-embed.min.js\n\/* ]]> *\/\n<\/script>\n","thumbnail_url":"https:\/\/aralleida.cat\/wp-content\/uploads\/2024\/03\/Foto-08.-Parc-Aiguestortes-\u00a9Oriol-Clavera.jpg","thumbnail_width":1100,"thumbnail_height":733,"description":"[vc_row][vc_column][vc_separator][vc_column_text]Los m\u00e1s de 600.000 visitantes recibidos por el parque a trav\u00e9s de sus dos principales accesos representa un r\u00e9cord absoluto y afianza la tendencia al alza registrada en los \u00faltimos tiempos, exceptuando los a\u00f1os m\u00e1s \u00e1lgidos de la pandemia. El parque contabiliz\u00f3 el pasado a\u00f1o 90 itinerarios con 1.248 personas, 71 actividades con 1.264 alumnos locales, 3 nuevas actividades de educaci\u00f3n ambiental, 4 actividades para colectivos con disfunciones (52 personas), 4 exposiciones itinerantes y 6 actividades Starlight, entre otros. En este \u00faltimo \u00e1mbito, cabe recordar que el parque viene trabajando en la vertiente de la sostenibilidad con diversas iniciativas, como la creaci\u00f3n de una red de miradores con el objetivo de que los visitantes conozcan estos excelentes lugares para la observaci\u00f3n del firmamento. Durante 2023 la red se ha ampliado con dos nuevos miradores, con un total de ocho en servicio. En concreto, estos nuevos miradores se han instalado en el pueblo de Llessui (Sort) y en el entorno de la estaci\u00f3n de esqu\u00ed de Bo\u00ed Ta\u00fcll, este \u00faltimo con el objetivo de complementar las actividades que se realizan en el \u00e1mbito del complejo invernal a partir de la instalaci\u00f3n, en 2023, de un mirador astron\u00f3mico en la zona de Sant Josep d&#8217;Olp, en el municipio de Sort. El nuevo equipamiento para disfrutar del cielo nocturno del Pallars incluye un panel interpretativo y un planisferio para identificar las principales constelaciones. El Parque Nacional de Aig\u00fcestortes y Estany de Sant Maurici se consolida todav\u00eda m\u00e1s como uno de los espacios naturales m\u00e1s emblem\u00e1ticos de Catalu\u00f1a gracias a las sucesivas certificaciones que ha recibido en la \u00faltima d\u00e9cada. En 2018 recibi\u00f3 la certificaci\u00f3n de Reserva y Destino Tur\u00edstico Starlight de la UNESCO, mientras que en 2019 fue declarado Zona de Especial Protecci\u00f3n de la Calidad Ac\u00fastica (ZEPQA), y se convirti\u00f3 en la mayor extensi\u00f3n de Catalu\u00f1a con estos valores reconocidos. Aig\u00fcestortes fue el primer parque catal\u00e1n en recibir el sello de Reserva y Destino Tur\u00edstico Starlight de la Fundaci\u00f3n Starlight, que pone en valor un cielo nocturno excepcional y pretende preservar la calidad de ese cielo y desarrollar actividades tur\u00edsticas basadas en este recurso natural. Estos reconocimientos se otorgan a zonas que adoptan medidas de protecci\u00f3n sobre este \u00e1mbito y tienen unos niveles de calidad excepcionales (sin apenas contaminaci\u00f3n lum\u00ednica), en el primer caso, y a territorios que tambi\u00e9n cuentan con infraestructura para impulsar el turismo astron\u00f3mico, en el segundo. El sello de Zona de Especial Protecci\u00f3n de la Calidad Ac\u00fastica (ZEPQA) otorgado al parque, junto con los diez municipios del \u00e1rea de influencia socioecon\u00f3mica (Alt \u00c0neu, La Guingueta d&#8217;\u00c0neu, Esterri d&#8217;\u00c0neu, Espot, Sort, La Torre de Cabdella, La Vall de Bo\u00ed, Vilaller, Vielha e Mijaran y Naut Aran), quiere reconocer y preservar su calidad ac\u00fastica, y por ello, dotarlo de una protecci\u00f3n jur\u00eddica sobre la contaminaci\u00f3n ac\u00fastica e implantar en \u00e9l un plan de actuaciones que permita conservar y mejorar su ambiente ac\u00fastico. &nbsp; Un parque con casi 70 a\u00f1os de historia Aig\u00fcestortes i Estany de Sant Maurici fue declarado Parque Nacional el 21 de octubre de 1955. El espacio natural, repartido entre el Pallars Sobir\u00e0, el Pallars Juss\u00e0, la Alta Ribagor\u00e7a y la Val d&#8217;Aran y \u00fanico Parque Nacional de Catalu\u00f1a, est\u00e1 sembrado de abetos y bosques de pino negro centenarios y lo riegan casi 200 estanques de monta\u00f1a. En \u00e9l encuentran refugio especies como el rebeco, el urogallo, la marmota y el m\u00edtico quebrantahuesos. El Parque Nacional ha recibido la certificaci\u00f3n de calidad de gesti\u00f3n ambiental a escala europea con la concesi\u00f3n de las distinciones EMAS e ISO 14001, y cuenta tambi\u00e9n con el distintivo Q de calidad tur\u00edstica que otorga el Instituto para la Calidad Tur\u00edstica Espa\u00f1ola. &nbsp; M\u00e1s informaci\u00f3n: Casa del Parque Nacional de Bo\u00ed (sede administrativa) Tel. 973 69 61 89 Casa del Parque Nacional de Espot Tel. 973 62 40 36 www.parcsnaturals.gencat.cat\/es\/aiguestortes[\/vc_column_text][\/vc_column][\/vc_row]"}