
{"version":"1.0","provider_name":"Ara Lleida","provider_url":"https:\/\/aralleida.cat\/es\/","author_name":"admin","author_url":"https:\/\/aralleida.cat\/es\/author\/frame_zesv7n2g\/","title":"LES GARRIGUES","type":"rich","width":600,"height":338,"html":"<blockquote class=\"wp-embedded-content\" data-secret=\"EdMBjvgIrl\"><a href=\"https:\/\/aralleida.cat\/es\/patrimoni-immaterial\/les-garrigues\/\">LES GARRIGUES<\/a><\/blockquote><iframe sandbox=\"allow-scripts\" security=\"restricted\" src=\"https:\/\/aralleida.cat\/es\/patrimoni-immaterial\/les-garrigues\/embed\/#?secret=EdMBjvgIrl\" width=\"600\" height=\"338\" title=\"\u00abLES GARRIGUES\u00bb \u2014 Ara Lleida\" data-secret=\"EdMBjvgIrl\" frameborder=\"0\" marginwidth=\"0\" marginheight=\"0\" scrolling=\"no\" class=\"wp-embedded-content\"><\/iframe><script type=\"text\/javascript\">\n\/* <![CDATA[ *\/\n\/*! This file is auto-generated *\/\n!function(d,l){\"use strict\";l.querySelector&&d.addEventListener&&\"undefined\"!=typeof URL&&(d.wp=d.wp||{},d.wp.receiveEmbedMessage||(d.wp.receiveEmbedMessage=function(e){var t=e.data;if((t||t.secret||t.message||t.value)&&!\/[^a-zA-Z0-9]\/.test(t.secret)){for(var s,r,n,a=l.querySelectorAll('iframe[data-secret=\"'+t.secret+'\"]'),o=l.querySelectorAll('blockquote[data-secret=\"'+t.secret+'\"]'),c=new RegExp(\"^https?:$\",\"i\"),i=0;i<o.length;i++)o[i].style.display=\"none\";for(i=0;i<a.length;i++)s=a[i],e.source===s.contentWindow&&(s.removeAttribute(\"style\"),\"height\"===t.message?(1e3<(r=parseInt(t.value,10))?r=1e3:~~r<200&&(r=200),s.height=r):\"link\"===t.message&&(r=new URL(s.getAttribute(\"src\")),n=new URL(t.value),c.test(n.protocol))&&n.host===r.host&&l.activeElement===s&&(d.top.location.href=t.value))}},d.addEventListener(\"message\",d.wp.receiveEmbedMessage,!1),l.addEventListener(\"DOMContentLoaded\",function(){for(var e,t,s=l.querySelectorAll(\"iframe.wp-embedded-content\"),r=0;r<s.length;r++)(t=(e=s[r]).getAttribute(\"data-secret\"))||(t=Math.random().toString(36).substring(2,12),e.src+=\"#?secret=\"+t,e.setAttribute(\"data-secret\",t)),e.contentWindow.postMessage({message:\"ready\",secret:t},\"*\")},!1)))}(window,document);\n\/\/# sourceURL=https:\/\/aralleida.cat\/wp-includes\/js\/wp-embed.min.js\n\/* ]]> *\/\n<\/script>\n","description":"[vc_row full_width=\u00bbstretch_row_content_no_spaces\u00bb bg_type=\u00bbbg_color\u00bb bg_color_value=\u00bb#3c3c3b\u00bb css=\u00bb.vc_custom_1605797650815{margin-top: 0px !important;margin-bottom: 0px !important;padding-top: 0px !important;padding-bottom: 0px !important;}\u00bb][vc_column css=\u00bb.vc_custom_1605797593358{margin-top: 0px !important;margin-bottom: 0px !important;padding-top: 0px !important;padding-bottom: 0px !important;}\u00bb][\/vc_column][\/vc_row][vc_row full_width=\u00bbstretch_row\u00bb bg_type=\u00bbimage\u00bb parallax_style=\u00bbvcpb-default\u00bb bg_image_new=\u00bbid^114279|url^https:\/\/aralleida.cat\/wp-content\/uploads\/2021\/09\/GARRIGUES.jpg|caption^null|alt^Les Garrigues Patrimoni immaterial|title^GARRIGUES|description^null\u00bb bg_image_repeat=\u00bbno-repeat\u00bb][vc_column][\/vc_column][\/vc_row][vc_row full_width=\u00bbstretch_row\u00bb bg_type=\u00bbbg_color\u00bb bg_color_value=\u00bb#ededed\u00bb][vc_column][\/vc_column][\/vc_row][vc_row full_width=\u00bbstretch_row\u00bb bg_type=\u00bbbg_color\u00bb bg_color_value=\u00bb#ededed\u00bb css=\u00bb.vc_custom_1630050828556{margin-top: 0px !important;border-top-width: 0px !important;padding-top: 0px !important;}\u00bb][vc_column width=\u00bb1\/6&#8243;][\/vc_column][vc_column width=\u00bb2\/3&#8243;][vc_column_text] HILERAS DE FLORES INFINITAS Las Garrigues nos propone el viaje a una realidad geogr\u00e1fica incontestable. Tenemos el mapa en dimensi\u00f3n real. Observemos el terreno, las extensas plantaciones, las\u00a0hileras infinitas de olivos\u00a0y los exuberantes almendros en flor que nos estallan con un color vivo sobre la tierra de secano y sabemos que es el mismo paisaje lo que marca el l\u00edmite de nuestro peque\u00f1o universo. Tomamos una copa bajo los almendros en flor viendo c\u00f3mo el sol se pone con su luz suave sobre el horizonte en una experiencia que nos recuerda el valor de la sencillez. Despu\u00e9s, en los pueblos nos percatamos que vecinos, entidades y ayuntamientos han adornado las fachadas de flores para ensalzar el orgullo de ser de las Garrigues\u00a0en una acci\u00f3n que vincula las calles con los campos. Todo es flor estallando all\u00ed donde miremos.[\/vc_column_text][\/vc_column][vc_column width=\u00bb1\/6&#8243;][\/vc_column][\/vc_row][vc_row css=\u00bb.vc_custom_1629975809590{margin-top: 0px !important;padding-top: 0px !important;}\u00bb][vc_column css=\u00bb.vc_custom_1629975819882{margin-top: 0px !important;padding-top: 0px !important;}\u00bb][\/vc_column][\/vc_row][vc_row][vc_column width=\u00bb6\/12&#8243;][vc_column_text] El viaje Estamos en una tierra de trabajo, de sol y relaciones humanas firmes donde la cultura se ha cultivado como el hilo que ata la comunidad. Y en medio de los campos, escondidas entre los bancales y los frutales, las paredes de piedra seca y las caba\u00f1as de b\u00f3veda nos hablan de una relaci\u00f3n milenaria entre el hombre y su paisaje. Las construcciones como las paredes de los m\u00e1rgenes, los hornos de cal o los aljibes nos parecen catedrales de la sencillez y nos damos cuenta de que aquellos antiguos campesinos llevaban dentro un arquitecto. En este aprendizaje sobre la piedra, L\u2019Albi nos aporta la lecci\u00f3n definitiva con la roca de la Espiral, una gran piedra milenaria que emite energ\u00eda. Estamos en un destino que se ha vuelto de culto. Nos ponemos all\u00ed descalzos y notamos la fuerza de la tierra vibrando bajo los pies.[\/vc_column_text][\/vc_column][vc_column width=\u00bb6\/12&#8243;][vc_column_text css=\u00bb.vc_custom_1629982686827{margin-bottom: 14px !important;padding-bottom: 0px !important;}\u00bb] Los imprescindibles [\/vc_column_text][vc_row_inner equal_height=\u00bbyes\u00bb css=\u00bb.vc_custom_1630056473450{margin-top: 6px !important;margin-bottom: 0px !important;border-top-width: 0px !important;border-bottom-width: 0px !important;padding-top: 0px !important;padding-bottom: 0px !important;}\u00bb][vc_column_inner width=\u00bb9\/12&#8243; css=\u00bb.vc_custom_1629982630107{margin-top: 0px !important;margin-right: 0px !important;border-top-width: 0px !important;border-right-width: 0px !important;padding-top: 0px !important;padding-right: 0px !important;}\u00bb][vc_column_text css=\u00bb.vc_custom_1630489257110{margin-top: 0px !important;margin-right: 0px !important;margin-bottom: 3px !important;border-top-width: 0px !important;border-right-width: 0px !important;border-bottom-width: 0px !important;padding-top: 8px !important;padding-right: 0px !important;padding-bottom: 8px !important;padding-left: 30px !important;background-color: #ededed !important;}\u00bb el_class=\u00bbimpresc\u00bb]Roca energ\u00e9tica de la Espiral de L&#8217;Albi.[\/vc_column_text][\/vc_column_inner][vc_column_inner width=\u00bb3\/12&#8243; css=\u00bb.vc_custom_1629982622928{margin-top: 0px !important;margin-left: 0px !important;border-top-width: 0px !important;border-left-width: 0px !important;padding-top: 0px !important;padding-left: 0px !important;}\u00bb][vc_single_image image=\u00bb114328&#8243; img_size=\u00bbfull\u00bb onclick=\u00bblink_image\u00bb css=\u00bb.vc_custom_1630489694735{margin-right: 0px !important;margin-left: 0px !important;border-right-width: 0px !important;border-left-width: 0px !important;padding-right: 0px !important;padding-left: 0px !important;}\u00bb el_class=\u00bbfoto-patr\u00bb][\/vc_column_inner][\/vc_row_inner][vc_row_inner equal_height=\u00bbyes\u00bb css=\u00bb.vc_custom_1630056473450{margin-top: 6px !important;margin-bottom: 0px !important;border-top-width: 0px !important;border-bottom-width: 0px !important;padding-top: 0px !important;padding-bottom: 0px !important;}\u00bb][vc_column_inner width=\u00bb9\/12&#8243; css=\u00bb.vc_custom_1629982630107{margin-top: 0px !important;margin-right: 0px !important;border-top-width: 0px !important;border-right-width: 0px !important;padding-top: 0px !important;padding-right: 0px !important;}\u00bb][vc_column_text css=\u00bb.vc_custom_1630490237905{margin-top: 0px !important;margin-right: 0px !important;margin-bottom: 3px !important;border-top-width: 0px !important;border-right-width: 0px !important;border-bottom-width: 0px !important;padding-top: 8px !important;padding-right: 0px !important;padding-bottom: 8px !important;padding-left: 30px !important;background-color: #ededed !important;}\u00bb el_class=\u00bbimpresc\u00bb]Las Garrigues en Flor. Desde medio mayo hasta principio de junio por los pueblos de la comarca.[\/vc_column_text][\/vc_column_inner][vc_column_inner width=\u00bb3\/12&#8243; css=\u00bb.vc_custom_1629982622928{margin-top: 0px !important;margin-left: 0px !important;border-top-width: 0px !important;border-left-width: 0px !important;padding-top: 0px !important;padding-left: 0px !important;}\u00bb][vc_single_image image=\u00bb114363&#8243; img_size=\u00bbfull\u00bb onclick=\u00bblink_image\u00bb css=\u00bb.vc_custom_1630490274785{margin-right: 0px !important;margin-left: 0px !important;border-right-width: 0px !important;border-left-width: 0px !important;padding-right: 0px !important;padding-left: 0px !important;}\u00bb el_class=\u00bbfoto-patr\u00bb][\/vc_column_inner][\/vc_row_inner][vc_row_inner equal_height=\u00bbyes\u00bb css=\u00bb.vc_custom_1630056473450{margin-top: 6px !important;margin-bottom: 0px !important;border-top-width: 0px !important;border-bottom-width: 0px !important;padding-top: 0px !important;padding-bottom: 0px !important;}\u00bb][vc_column_inner width=\u00bb9\/12&#8243; css=\u00bb.vc_custom_1629982630107{margin-top: 0px !important;margin-right: 0px !important;border-top-width: 0px !important;border-right-width: 0px !important;padding-top: 0px !important;padding-right: 0px !important;}\u00bb][vc_column_text css=\u00bb.vc_custom_1630490154141{margin-top: 0px !important;margin-right: 0px !important;margin-bottom: 3px !important;border-top-width: 0px !important;border-right-width: 0px !important;border-bottom-width: 0px !important;padding-top: 8px !important;padding-right: 0px !important;padding-bottom: 8px !important;padding-left: 30px !important;background-color: #ededed !important;}\u00bb el_class=\u00bbimpresc\u00bb]Floraci\u00f3n de los almendros. Febrero y principio de marzo.[\/vc_column_text][\/vc_column_inner][vc_column_inner width=\u00bb3\/12&#8243; css=\u00bb.vc_custom_1629982622928{margin-top: 0px !important;margin-left: 0px !important;border-top-width: 0px !important;border-left-width: 0px !important;padding-top: 0px !important;padding-left: 0px !important;}\u00bb][vc_single_image image=\u00bb114356&#8243; img_size=\u00bbfull\u00bb onclick=\u00bblink_image\u00bb css=\u00bb.vc_custom_1630490203013{margin-right: 0px !important;margin-left: 0px !important;border-right-width: 0px !important;border-left-width: 0px !important;padding-right: 0px !important;padding-left: 0px !important;}\u00bb el_class=\u00bbfoto-patr\u00bb][\/vc_column_inner][\/vc_row_inner][\/vc_column][\/vc_row][vc_row][vc_column width=\u00bb6\/12&#8243;][vc_column_text]Este es un territorio extenso con una poblaci\u00f3n peque\u00f1a que se conoce y se respeta porque este es el equilibrio de la comunidad. Respiramos esta humanidad en las fiestas que han perdurado gracias a la implicaci\u00f3n de generaciones de garriguenses. Lo entendemos as\u00ed en el silencio respetuoso de la Procesi\u00f3n del Desclavamiento y del Encuentro de La Granadella, una cita documentada ya en el siglo XVIII. El pueblo vive con pasi\u00f3n la cultura ancestral que ha heredado y nos lo vuelve a demostrar con el Festival de Repique de Campanas, con el que cada a\u00f1o un pueblo rememora los toques y el oficio de campanero que tantos siglos comunic\u00f3 a los vecinos del llano.[\/vc_column_text][\/vc_column][vc_column width=\u00bb6\/12&#8243;][vc_row_inner equal_height=\u00bbyes\u00bb css=\u00bb.vc_custom_1630056473450{margin-top: 6px !important;margin-bottom: 0px !important;border-top-width: 0px !important;border-bottom-width: 0px !important;padding-top: 0px !important;padding-bottom: 0px !important;}\u00bb][vc_column_inner width=\u00bb9\/12&#8243; css=\u00bb.vc_custom_1629982630107{margin-top: 0px !important;margin-right: 0px !important;border-top-width: 0px !important;border-right-width: 0px !important;padding-top: 0px !important;padding-right: 0px !important;}\u00bb][vc_column_text css=\u00bb.vc_custom_1630489121668{margin-top: 0px !important;margin-right: 0px !important;margin-bottom: 3px !important;border-top-width: 0px !important;border-right-width: 0px !important;border-bottom-width: 0px !important;padding-top: 8px !important;padding-right: 0px !important;padding-bottom: 8px !important;padding-left: 30px !important;background-color: #ededed !important;}\u00bb el_class=\u00bbimpresc\u00bb]Procesi\u00f3n del Desclavamiento y del Encuentro, la Granadella.[\/vc_column_text][\/vc_column_inner][vc_column_inner width=\u00bb3\/12&#8243; css=\u00bb.vc_custom_1635152994379{margin-top: 0px !important;margin-bottom: 0px !important;margin-left: 0px !important;border-top-width: 0px !important;border-bottom-width: 0px !important;border-left-width: 0px !important;padding-top: 0px !important;padding-bottom: 0px !important;padding-left: 0px !important;}\u00bb][vc_single_image image=\u00bb114293&#8243; img_size=\u00bbfull\u00bb onclick=\u00bblink_image\u00bb css=\u00bb.vc_custom_1630489180523{margin-right: 0px !important;margin-left: 0px !important;border-right-width: 0px !important;border-left-width: 0px !important;padding-right: 0px !important;padding-left: 0px !important;}\u00bb el_class=\u00bbfoto-patr\u00bb][\/vc_column_inner][\/vc_row_inner][vc_row_inner equal_height=\u00bbyes\u00bb css=\u00bb.vc_custom_1630056473450{margin-top: 6px !important;margin-bottom: 0px !important;border-top-width: 0px !important;border-bottom-width: 0px !important;padding-top: 0px !important;padding-bottom: 0px !important;}\u00bb][vc_column_inner css=\u00bb.vc_custom_1635152892084{margin-top: 0px !important;margin-right: 13px !important;border-top-width: 0px !important;border-right-width: 0px !important;padding-top: 0px !important;padding-right: 0px !important;}\u00bb][vc_column_text css=\u00bb.vc_custom_1630489213302{margin-top: 0px !important;margin-right: 0px !important;margin-bottom: 3px !important;border-top-width: 0px !important;border-right-width: 0px !important;border-bottom-width: 0px !important;padding-top: 8px !important;padding-right: 0px !important;padding-bottom: 8px !important;padding-left: 30px !important;background-color: #ededed !important;}\u00bb el_class=\u00bbimpresc\u00bb]Festival de Repique de Campanas de las Garrigues. Itinerante.[\/vc_column_text][\/vc_column_inner][\/vc_row_inner][vc_row_inner equal_height=\u00bbyes\u00bb css=\u00bb.vc_custom_1630056473450{margin-top: 6px !important;margin-bottom: 0px !important;border-top-width: 0px !important;border-bottom-width: 0px !important;padding-top: 0px !important;padding-bottom: 0px !important;}\u00bb][vc_column_inner width=\u00bb9\/12&#8243; css=\u00bb.vc_custom_1629982630107{margin-top: 0px !important;margin-right: 0px !important;border-top-width: 0px !important;border-right-width: 0px !important;padding-top: 0px !important;padding-right: 0px !important;}\u00bb][vc_column_text css=\u00bb.vc_custom_1630490109879{margin-top: 0px !important;margin-right: 0px !important;margin-bottom: 3px !important;border-top-width: 0px !important;border-right-width: 0px !important;border-bottom-width: 0px !important;padding-top: 8px !important;padding-right: 0px !important;padding-bottom: 8px !important;padding-left: 30px !important;background-color: #ededed !important;}\u00bb el_class=\u00bbimpresc\u00bb]Fiesta Heroica de Fulleda. Segundo domingo de septiembre.[\/vc_column_text][\/vc_column_inner][vc_column_inner width=\u00bb3\/12&#8243; css=\u00bb.vc_custom_1629982622928{margin-top: 0px !important;margin-left: 0px !important;border-top-width: 0px !important;border-left-width: 0px !important;padding-top: 0px !important;padding-left: 0px !important;}\u00bb][vc_single_image image=\u00bb114349&#8243; img_size=\u00bbfull\u00bb onclick=\u00bblink_image\u00bb css=\u00bb.vc_custom_1630490137180{margin-right: 0px !important;margin-left: 0px !important;border-right-width: 0px !important;border-left-width: 0px !important;padding-right: 0px !important;padding-left: 0px !important;}\u00bb el_class=\u00bbfoto-patr\u00bb][\/vc_column_inner][\/vc_row_inner][\/vc_column][\/vc_row][vc_row][vc_column width=\u00bb6\/12&#8243;][vc_column_text]El pueblo sale de fiesta a la calle a reencontrar los"}