
{"version":"1.0","provider_name":"Ara Lleida","provider_url":"https:\/\/aralleida.cat\/es\/","author_name":"admin","author_url":"https:\/\/aralleida.cat\/es\/author\/frame_zesv7n2g\/","title":"VAL D'ARAN","type":"rich","width":600,"height":338,"html":"<blockquote class=\"wp-embedded-content\" data-secret=\"TwwYVvM3lp\"><a href=\"https:\/\/aralleida.cat\/es\/patrimoni-immaterial\/val-daran\/\">VAL D&#8217;ARAN<\/a><\/blockquote><iframe sandbox=\"allow-scripts\" security=\"restricted\" src=\"https:\/\/aralleida.cat\/es\/patrimoni-immaterial\/val-daran\/embed\/#?secret=TwwYVvM3lp\" width=\"600\" height=\"338\" title=\"\u00abVAL D&#8217;ARAN\u00bb \u2014 Ara Lleida\" data-secret=\"TwwYVvM3lp\" frameborder=\"0\" marginwidth=\"0\" marginheight=\"0\" scrolling=\"no\" class=\"wp-embedded-content\"><\/iframe><script type=\"text\/javascript\">\n\/* <![CDATA[ *\/\n\/*! This file is auto-generated *\/\n!function(d,l){\"use strict\";l.querySelector&&d.addEventListener&&\"undefined\"!=typeof URL&&(d.wp=d.wp||{},d.wp.receiveEmbedMessage||(d.wp.receiveEmbedMessage=function(e){var t=e.data;if((t||t.secret||t.message||t.value)&&!\/[^a-zA-Z0-9]\/.test(t.secret)){for(var s,r,n,a=l.querySelectorAll('iframe[data-secret=\"'+t.secret+'\"]'),o=l.querySelectorAll('blockquote[data-secret=\"'+t.secret+'\"]'),c=new RegExp(\"^https?:$\",\"i\"),i=0;i<o.length;i++)o[i].style.display=\"none\";for(i=0;i<a.length;i++)s=a[i],e.source===s.contentWindow&&(s.removeAttribute(\"style\"),\"height\"===t.message?(1e3<(r=parseInt(t.value,10))?r=1e3:~~r<200&&(r=200),s.height=r):\"link\"===t.message&&(r=new URL(s.getAttribute(\"src\")),n=new URL(t.value),c.test(n.protocol))&&n.host===r.host&&l.activeElement===s&&(d.top.location.href=t.value))}},d.addEventListener(\"message\",d.wp.receiveEmbedMessage,!1),l.addEventListener(\"DOMContentLoaded\",function(){for(var e,t,s=l.querySelectorAll(\"iframe.wp-embedded-content\"),r=0;r<s.length;r++)(t=(e=s[r]).getAttribute(\"data-secret\"))||(t=Math.random().toString(36).substring(2,12),e.src+=\"#?secret=\"+t,e.setAttribute(\"data-secret\",t)),e.contentWindow.postMessage({message:\"ready\",secret:t},\"*\")},!1)))}(window,document);\n\/\/# sourceURL=https:\/\/aralleida.cat\/wp-includes\/js\/wp-embed.min.js\n\/* ]]> *\/\n<\/script>\n","description":"[vc_row full_width=\u00bbstretch_row_content_no_spaces\u00bb bg_type=\u00bbbg_color\u00bb bg_color_value=\u00bb#3c3c3b\u00bb css=\u00bb.vc_custom_1605797650815{margin-top: 0px !important;margin-bottom: 0px !important;padding-top: 0px !important;padding-bottom: 0px !important;}\u00bb][vc_column css=\u00bb.vc_custom_1605797593358{margin-top: 0px !important;margin-bottom: 0px !important;padding-top: 0px !important;padding-bottom: 0px !important;}\u00bb][\/vc_column][\/vc_row][vc_row full_width=\u00bbstretch_row\u00bb bg_type=\u00bbimage\u00bb parallax_style=\u00bbvcpb-default\u00bb bg_image_new=\u00bbid^133497|url^https:\/\/aralleida.cat\/wp-content\/uploads\/2021\/10\/portada-val-daran.jpg|caption^null|alt^null|title^portada-val-daran|description^null\u00bb bg_image_repeat=\u00bbno-repeat\u00bb][vc_column][\/vc_column][\/vc_row][vc_row full_width=\u00bbstretch_row\u00bb bg_type=\u00bbbg_color\u00bb bg_color_value=\u00bb#ededed\u00bb][vc_column][\/vc_column][\/vc_row][vc_row full_width=\u00bbstretch_row\u00bb bg_type=\u00bbbg_color\u00bb bg_color_value=\u00bb#ededed\u00bb css=\u00bb.vc_custom_1630050828556{margin-top: 0px !important;border-top-width: 0px !important;padding-top: 0px !important;}\u00bb][vc_column width=\u00bb1\/6&#8243;][\/vc_column][vc_column width=\u00bb2\/3&#8243;][vc_column_text] UNA CULTURA GANADA A LA HISTORIA El viaje al antiguo Pirineo nos descubre de repente un mundo nuevo. La Val d&#8217;Aran se nos abre inmensa desde las alturas como un universo de prados verdes y pueblos de piedra oscura que esconden una tradici\u00f3n milenaria. Esta es una tierra rica en una cultura heredada de las familias hist\u00f3ricas del valle. Todo cuanto percibimos y tocamos es el fruto de muchas generaciones.[\/vc_column_text][\/vc_column][vc_column width=\u00bb1\/6&#8243;][\/vc_column][\/vc_row][vc_row css=\u00bb.vc_custom_1629975809590{margin-top: 0px !important;padding-top: 0px !important;}\u00bb][vc_column css=\u00bb.vc_custom_1629975819882{margin-top: 0px !important;padding-top: 0px !important;}\u00bb][\/vc_column][\/vc_row][vc_row][vc_column width=\u00bb6\/12&#8243;][vc_column_text] El viaje Estamos en un valle con una lengua propia. Nos embelesamos escuchando a los vecinos hablando un aran\u00e9s que ahora entendemos y ahora no. Cruzando palabras de idiomas vecinos como los habitantes del Pirineo han cruzado siempre los caminos, el aran\u00e9s es la lengua occitana de la Val d&#8217;Aran, de ra\u00edz rom\u00e1nica y variante del gasc\u00f3n. Los pobladores de este rinc\u00f3n occitano la cuidan como un tesoro. La Val d&#8217;Aran nos invita a un buen calendario de romer\u00edas. Fiestas donde lo importante es el reencuentro de amigos y familias que hablan una misma lengua y se saben unidos porque son araneses. En la romer\u00eda de Montgarri de principios de julio recordamos c\u00f3mo antiguamente el Aran se reabr\u00eda el paso a las regiones vecinas despu\u00e9s del invierno. La pasi\u00f3n por la tierra nos abre tambi\u00e9n por la noche un abanico de creencias que en algunas casas se mantienen como una religi\u00f3n vigente. El valle se entrega a los esp\u00edritus de la noche y la naturaleza la noche de San Juan en la Crema der Haro de Les. El pueblo quema un gran tronco de abeto en la plaza en un ritual que es todo un homenaje a la naturaleza y a sus habitantes. Viendo arder el Haro y las fallas, unas antorchas hechas con corteza de cerezo, sabemos que no hab\u00eda mejor modo de sentir el nuevo verano. Esa misma noche tambi\u00e9n encontramos en Arties la Crema deth Taro, otra noche de fuego, m\u00fasica y emociones en recuerdo de los ganaderos y gente del pueblo que han conservado y trabajado esta tierra. De ese trabajo con las manos nace una gastronom\u00eda que nos hace sentarnos a la mesa aferrados a los cubiertos. La olla aranesa nos parece una receta que aglutina todo lo bueno que tiene el paisaje. Comemos sabiendo que cada cucharada nos da la fuerza necesaria para vivir en el coraz\u00f3n del Pirineo. Ternera, cerdo, pollo, rabo de buey, zanahorias, garbanzos, arroz, morcilla&#8230; hacemos pasar el valle del prado al corral y de la cocina al plato.[\/vc_column_text][\/vc_column][vc_column width=\u00bb6\/12&#8243;][vc_column_text css=\u00bb.vc_custom_1629982686827{margin-bottom: 14px !important;padding-bottom: 0px !important;}\u00bb] Los imprescindibles [\/vc_column_text][vc_row_inner equal_height=\u00bbyes\u00bb css=\u00bb.vc_custom_1630054455050{margin-top: 4px !important;margin-bottom: 0px !important;border-top-width: 0px !important;border-bottom-width: 0px !important;padding-top: 0px !important;padding-bottom: 0px !important;}\u00bb][vc_column_inner width=\u00bb9\/12&#8243; css=\u00bb.vc_custom_1629982630107{margin-top: 0px !important;margin-right: 0px !important;border-top-width: 0px !important;border-right-width: 0px !important;padding-top: 0px !important;padding-right: 0px !important;}\u00bb][vc_column_text css=\u00bb.vc_custom_1635323438203{margin-top: 0px !important;margin-right: 0px !important;margin-bottom: 3px !important;border-top-width: 0px !important;border-right-width: 0px !important;border-bottom-width: 0px !important;padding-top: 8px !important;padding-right: 0px !important;padding-bottom: 8px !important;padding-left: 30px !important;background-color: #ededed !important;}\u00bb el_class=\u00bbimpresc\u00bb]Romer\u00eda de Montgarri. 2 de julio.[\/vc_column_text][\/vc_column_inner][vc_column_inner width=\u00bb3\/12&#8243; css=\u00bb.vc_custom_1629982622928{margin-top: 0px !important;margin-left: 0px !important;border-top-width: 0px !important;border-left-width: 0px !important;padding-top: 0px !important;padding-left: 0px !important;}\u00bb][vc_single_image image=\u00bb133447&#8243; img_size=\u00bbfull\u00bb onclick=\u00bblink_image\u00bb css=\u00bb.vc_custom_1634742450608{margin-right: 0px !important;margin-left: 0px !important;border-right-width: 0px !important;border-left-width: 0px !important;padding-right: 0px !important;padding-left: 0px !important;}\u00bb el_class=\u00bbfoto-patr\u00bb][\/vc_column_inner][\/vc_row_inner][vc_row_inner equal_height=\u00bbyes\u00bb css=\u00bb.vc_custom_1629982614640{margin-top: 0px !important;margin-bottom: 0px !important;border-top-width: 0px !important;border-bottom-width: 0px !important;padding-top: 0px !important;padding-bottom: 0px !important;}\u00bb][vc_column_inner width=\u00bb9\/12&#8243; css=\u00bb.vc_custom_1629982630107{margin-top: 0px !important;margin-right: 0px !important;border-top-width: 0px !important;border-right-width: 0px !important;padding-top: 0px !important;padding-right: 0px !important;}\u00bb][vc_column_text css=\u00bb.vc_custom_1635323460551{margin-top: 0px !important;margin-right: 0px !important;margin-bottom: 3px !important;border-top-width: 0px !important;border-right-width: 0px !important;border-bottom-width: 0px !important;padding-top: 8px !important;padding-right: 0px !important;padding-bottom: 8px !important;padding-left: 30px !important;background-color: #ededed !important;}\u00bb el_class=\u00bbimpresc\u00bb]Era Crema der Haro de Les. Noche del 23 de junio.[\/vc_column_text][\/vc_column_inner][vc_column_inner width=\u00bb3\/12&#8243; css=\u00bb.vc_custom_1629982622928{margin-top: 0px !important;margin-left: 0px !important;border-top-width: 0px !important;border-left-width: 0px !important;padding-top: 0px !important;padding-left: 0px !important;}\u00bb][vc_single_image image=\u00bb133440&#8243; img_size=\u00bbfull\u00bb onclick=\u00bblink_image\u00bb css=\u00bb.vc_custom_1634742410088{margin-right: 0px !important;margin-left: 0px !important;border-right-width: 0px !important;border-left-width: 0px !important;padding-right: 0px !important;padding-left: 0px !important;}\u00bb el_class=\u00bbfoto-patr\u00bb][\/vc_column_inner][\/vc_row_inner][vc_row_inner equal_height=\u00bbyes\u00bb css=\u00bb.vc_custom_1629982614640{margin-top: 0px !important;margin-bottom: 0px !important;border-top-width: 0px !important;border-bottom-width: 0px !important;padding-top: 0px !important;padding-bottom: 0px !important;}\u00bb][vc_column_inner width=\u00bb9\/12&#8243; css=\u00bb.vc_custom_1629982630107{margin-top: 0px !important;margin-right: 0px !important;border-top-width: 0px !important;border-right-width: 0px !important;padding-top: 0px !important;padding-right: 0px !important;}\u00bb][vc_column_text css=\u00bb.vc_custom_1635323471028{margin-top: 0px !important;margin-right: 0px !important;margin-bottom: 3px !important;border-top-width: 0px !important;border-right-width: 0px !important;border-bottom-width: 0px !important;padding-top: 8px !important;padding-right: 0px !important;padding-bottom: 8px !important;padding-left: 30px !important;background-color: #ededed !important;}\u00bb el_class=\u00bbimpresc\u00bb]Era Crema deth Taro de Arties. Noche del 23 de junio.[\/vc_column_text][\/vc_column_inner][vc_column_inner width=\u00bb3\/12&#8243; css=\u00bb.vc_custom_1629982622928{margin-top: 0px !important;margin-left: 0px !important;border-top-width: 0px !important;border-left-width: 0px !important;padding-top: 0px !important;padding-left: 0px !important;}\u00bb][vc_single_image image=\u00bb133433&#8243; img_size=\u00bbfull\u00bb onclick=\u00bblink_image\u00bb css=\u00bb.vc_custom_1634742312023{margin-right: 0px !important;margin-left: 0px !important;border-right-width: 0px !important;border-left-width: 0px !important;padding-right: 0px !important;padding-left: 0px !important;}\u00bb el_class=\u00bbfoto-patr\u00bb][\/vc_column_inner][\/vc_row_inner][vc_row_inner equal_height=\u00bbyes\u00bb css=\u00bb.vc_custom_1629982614640{margin-top: 0px !important;margin-bottom: 0px !important;border-top-width: 0px !important;border-bottom-width: 0px !important;padding-top: 0px !important;padding-bottom: 0px !important;}\u00bb][vc_column_inner width=\u00bb9\/12&#8243; css=\u00bb.vc_custom_1629982630107{margin-top: 0px !important;margin-right: 0px !important;border-top-width: 0px !important;border-right-width: 0px !important;padding-top: 0px !important;padding-right: 0px !important;}\u00bb][vc_column_text css=\u00bb.vc_custom_1635323486375{margin-top: 0px !important;margin-right: 0px !important;margin-bottom: 3px !important;border-top-width: 0px !important;border-right-width: 0px !important;border-bottom-width: 0px !important;padding-top: 8px !important;padding-right: 0px !important;padding-bottom: 8px !important;padding-left: 30px !important;background-color: #ededed !important;}\u00bb el_class=\u00bbimpresc\u00bb]Gastronom\u00eda. Olla aranesa.[\/vc_column_text][\/vc_column_inner][vc_column_inner width=\u00bb3\/12&#8243; css=\u00bb.vc_custom_1629982622928{margin-top: 0px !important;margin-left: 0px !important;border-top-width: 0px !important;border-left-width: 0px !important;padding-top: 0px !important;padding-left: 0px !important;}\u00bb][vc_single_image image=\u00bb133477&#8243; img_size=\u00bbfull\u00bb onclick=\u00bblink_image\u00bb css=\u00bb.vc_custom_1634742799655{margin-right: 0px !important;margin-left: 0px !important;border-right-width: 0px !important;border-left-width: 0px !important;padding-right: 0px !important;padding-left: 0px !important;}\u00bb el_class=\u00bbfoto-patr\u00bb][\/vc_column_inner][\/vc_row_inner][\/vc_column][\/vc_row][vc_row][vc_column width=\u00bb6\/12&#8243;][vc_column_text]La Val d&#8217;Aran es tambi\u00e9n un mundo de m\u00fasica y alegr\u00eda que se traduce en un cat\u00e1logo de danzas tradicionales que cada a\u00f1o llenan las plazas de color. Como ya vamos comprendiendo, todo en este universo de monta\u00f1a est\u00e1 vinculado con la rutina hist\u00f3rica. Observamos con inter\u00e9s que las danzas est\u00e1n relacionadas con las faenas del campo y los momentos m\u00e1s solemnes de la sociedad. Las coreograf\u00edas y los vestidos, de campo y de fiesta, est\u00e1n llenos de influencias catalanas, gasconas y aragonesas. Falda, enaguas, pantalones, delantal, blusa blanca, faja, pa\u00f1uelo en la cabeza y sombrero de paja. Un collage de colores y sonidos que es la banda sonora del valle. Vemos las parejas y grupos bailar eth Cadrih o era Aubada y nos parecen coreograf\u00edas indisociables del paisaje. Fiestas, como la de Santa Cruz de Salard\u00fa, donde vivimos combinando la alegr\u00eda de la danza y la ceremoniosidad de la devoci\u00f3n por la Cruz en procesi\u00f3n hasta la plaza dera Pica y la fe de los antepasados. Nos dejamos"}