
{"version":"1.0","provider_name":"Ara Lleida","provider_url":"https:\/\/aralleida.cat\/es\/","author_name":"admin","author_url":"https:\/\/aralleida.cat\/es\/author\/frame_zesv7n2g\/","title":"Perseguidos y salvados Ruta 5 \u2013 Puerto de Cab\u00fas","type":"rich","width":600,"height":338,"html":"<blockquote class=\"wp-embedded-content\" data-secret=\"AYqVAaqe3Z\"><a href=\"https:\/\/aralleida.cat\/es\/perseguits-salvats-ruta-5-port-cabus\/\">Perseguidos y salvados Ruta 5 \u2013 Puerto de Cab\u00fas<\/a><\/blockquote><iframe sandbox=\"allow-scripts\" security=\"restricted\" src=\"https:\/\/aralleida.cat\/es\/perseguits-salvats-ruta-5-port-cabus\/embed\/#?secret=AYqVAaqe3Z\" width=\"600\" height=\"338\" title=\"\u00abPerseguidos y salvados Ruta 5 \u2013 Puerto de Cab\u00fas\u00bb \u2014 Ara Lleida\" data-secret=\"AYqVAaqe3Z\" frameborder=\"0\" marginwidth=\"0\" marginheight=\"0\" scrolling=\"no\" class=\"wp-embedded-content\"><\/iframe><script type=\"text\/javascript\">\n\/* <![CDATA[ *\/\n\/*! This file is auto-generated *\/\n!function(d,l){\"use strict\";l.querySelector&&d.addEventListener&&\"undefined\"!=typeof URL&&(d.wp=d.wp||{},d.wp.receiveEmbedMessage||(d.wp.receiveEmbedMessage=function(e){var t=e.data;if((t||t.secret||t.message||t.value)&&!\/[^a-zA-Z0-9]\/.test(t.secret)){for(var s,r,n,a=l.querySelectorAll('iframe[data-secret=\"'+t.secret+'\"]'),o=l.querySelectorAll('blockquote[data-secret=\"'+t.secret+'\"]'),c=new RegExp(\"^https?:$\",\"i\"),i=0;i<o.length;i++)o[i].style.display=\"none\";for(i=0;i<a.length;i++)s=a[i],e.source===s.contentWindow&&(s.removeAttribute(\"style\"),\"height\"===t.message?(1e3<(r=parseInt(t.value,10))?r=1e3:~~r<200&&(r=200),s.height=r):\"link\"===t.message&&(r=new URL(s.getAttribute(\"src\")),n=new URL(t.value),c.test(n.protocol))&&n.host===r.host&&l.activeElement===s&&(d.top.location.href=t.value))}},d.addEventListener(\"message\",d.wp.receiveEmbedMessage,!1),l.addEventListener(\"DOMContentLoaded\",function(){for(var e,t,s=l.querySelectorAll(\"iframe.wp-embedded-content\"),r=0;r<s.length;r++)(t=(e=s[r]).getAttribute(\"data-secret\"))||(t=Math.random().toString(36).substring(2,12),e.src+=\"#?secret=\"+t,e.setAttribute(\"data-secret\",t)),e.contentWindow.postMessage({message:\"ready\",secret:t},\"*\")},!1)))}(window,document);\n\/\/# sourceURL=https:\/\/aralleida.cat\/wp-includes\/js\/wp-embed.min.js\n\/* ]]> *\/\n<\/script>\n","thumbnail_url":"https:\/\/aralleida.cat\/wp-content\/uploads\/2020\/04\/Esgl\u00e9sia-de-Sant-Pere-de-Tor.jpg","thumbnail_width":1440,"thumbnail_height":1080,"description":"[vc_row full_width=\u00bbstretch_row_content_no_spaces\u00bb bg_type=\u00bbbg_color\u00bb bg_color_value=\u00bb#3c3c3b\u00bb css=\u00bb.vc_custom_1605797650815{margin-top: 0px !important;margin-bottom: 0px !important;padding-top: 0px !important;padding-bottom: 0px !important;}\u00bb][vc_column css=\u00bb.vc_custom_1605797593358{margin-top: 0px !important;margin-bottom: 0px !important;padding-top: 0px !important;padding-bottom: 0px !important;}\u00bb][\/vc_column][\/vc_row][vc_row full_width=\u00bbstretch_row_content_no_spaces\u00bb css=\u00bb.vc_custom_1613404394213{margin-top: 0px !important;margin-right: 0px !important;margin-left: 0px !important;padding-top: 0px !important;padding-right: 0px !important;padding-left: 0px !important;}\u00bb][vc_column css=\u00bb.vc_custom_1613404400409{margin-top: 0px !important;margin-right: 0px !important;margin-left: 0px !important;padding-top: 0px !important;padding-right: 0px !important;padding-left: 0px !important;}\u00bb][\/vc_column][\/vc_row][vc_row][vc_column][vc_separator][vc_column_text]DESCRIPCI\u00d3N El proyecto Perseguidos y Salvados se\u00f1aliza esta ruta desde Alins, en el coraz\u00f3n de la Vall Ferrera, hasta el Puerto de Cab\u00fas, fronterizo con Andorra.\u00a0Se trata de una ruta por carretera y pista forestal no apta para turismos, a trav\u00e9s del valle de Tor, un subvalle de la Vall Ferrera que conserva todo el encanto del Pirineo m\u00e1s aut\u00e9ntico y por el que parece que el tiempo no haya pasado, en contraste con la explotada vecina Andorra. Tor es la segunda localidad m\u00e1s alta de Catalu\u00f1a, situada a 1.649 metros. Las duras condiciones meteorol\u00f3gicas a las que est\u00e1 sometida durante los meses de invierno, y la dureza de la vida en esta zona, han provocado su despoblamiento, lo que ha permitido mantener su autenticidad, libre de toda presi\u00f3n urban\u00edstica.\u00a0Una preciosa estampa pirenaica que permite revivir la historia, tal como hicieron las personas que cruzaban clandestinamente la frontera en busca de libertad a mediados del siglo XX, pero ahora de un modo m\u00e1s accesible en 4&#215;4.\u00a0La ruta propuesta se realiza en una \u00fanica etapa que pasamos a describir: ETAPAS ETAPA 1: Alins &#8211; Tor \u2013 Puerto de Cab\u00fas \u2013 Tor &#8211; Alins La ruta empieza en Alins, cabeza del municipio del mismo nombre, donde a pie de carretera se encuentra el Ayuntamiento y algunos servicios tur\u00edsticos.\u00a0A la salida del pueblo, a mano derecha, hay que tomar un desv\u00edo que indica hacia Tor-Nor\u00eds. La carretera gana altura r\u00e1pidamente, dejando Alins justo debajo y delante la angosta entrada al valle de Tor.\u00a0Es una pista forestal asfaltada por la que hay que conducir con precauci\u00f3n. La velocidad est\u00e1 limitada a 30 km\/h, ya que se halla en pleno Parque Natural del Alt Pirineu. El r\u00edo Noguera de Tor acompa\u00f1a durante algunos tramos del trayecto y se va cruzando varias veces.\u00a0A 4 km de Alins se encuentra el desv\u00edo que lleva a Nor\u00eds. Se sigue recto en direcci\u00f3n a Tor. Se puede observar que el valle es cada vez m\u00e1s cerrado y va ganando altura. El paisaje empieza a cambiar, se pasa de un paraje de ribera t\u00edpicamente pirenaico a bosques de pino negro y abetos.\u00a0A 10 km de Alins, y despu\u00e9s de atravesar el r\u00edo por un puente de hormig\u00f3n, finaliza el trayecto por carretera asfaltada. A partir de este punto se est\u00e1 en la propiedad privada de la \u201cSociedad de Condue\u00f1os de Propietarios de la Monta\u00f1a de Tor\u201d, fundada el a\u00f1o 1896 y que provoc\u00f3 la disputa de su propiedad, tal como se cuenta en el best seller de Carles Porta Tor, tretze cases i tres morts (\u201cTor, trece casas y tres muertos\u201d).\u00a0Despu\u00e9s de 2 km por pista forestal se llega a la localidad de Tor, punto de parada obligatoria para contemplar el encanto especial de este pueblo formado por trece casas que viv\u00edan de la extracci\u00f3n de madera de los bosques, la ganader\u00eda y la agricultura. Aprovechando la fuerza del agua, tambi\u00e9n dispon\u00eda de dos molinos de harina, tal como recoge Madoz en un trabajo realizado el a\u00f1o 1845.\u00a0Realmente, Tor transporta a una \u00e9poca pasada de mucha prosperidad econ\u00f3mica, tal como se puede apreciar por el tama\u00f1o y la altura de sus casas, construidas a principios del siglo XIX, seg\u00fan se puede comprobar por las inscripciones hechas en las piedras de las fachadas. Se puede visitar tambi\u00e9n la iglesia rom\u00e1nica de Sant Pere.\u00a0Antiguamente, Tor contaba con un castillo del que no quedan demasiados restos, y la iglesia de Sant Ambr\u00f3s, de origen visigodo.\u00a0Continuando el trayecto, atravesando el pueblo, se va hacia el Puerto de Cab\u00fas. Pronto se abre delante el valle de la Rabasta, con sus espl\u00e9ndidos prados de pastos y bordas de monta\u00f1a. Se atraviesa el barranco o r\u00edo de Borts, sin problemas en veh\u00edculo todo-terreno, y la pista se encarama ya en direcci\u00f3n al Roc de Llumeneres, otro punto de parada obligatoria. Hay que tener en cuenta que se est\u00e1 en un Parque Natural y la circulaci\u00f3n rodada fuera de la pista forestal est\u00e1 prohibida. Por este motivo, se puede estacionar en este punto y subir andando a la punta del Roc de Llumeneres para contemplar las vistas del valle.\u00a0En este punto confluye otra pista forestal que se utiliza en el trayecto de vuelta, pero todav\u00eda quedan los \u00faltimos 3 km para llegar a lo alto del Puerto de Cab\u00fas. En su cima, se est\u00e1 en tierras andorranas y comienza una ancha carretera asfaltada. Se puede contemplar el fuerte contraste entre el valle de Tor, que se halla en un estado completamente virgen, y las grandes infraestructuras e instalaciones de la parte andorrana del n\u00facleo invernal de Vallnord.\u00a0Para realizar el regreso, hay que ir otra vez hacia el Roc de Llumeneres, pero en esta ocasi\u00f3n hay que tomar el desv\u00edo hacia la derecha para bajar por el valle de Plei\u00e0 hasta Tor dando una vuelta circular al Roc de Llumeneres.\u00a0Al fondo del valle de Plei\u00e0 se encuentra la Cueva de Sansa, un asentamiento hippie de los a\u00f1os 80, en pleno conflicto por la disputa de la propiedad de la monta\u00f1a, y del que a\u00fan se pueden ver los restos.\u00a0Una vez en Tor, se regresa hacia Alins deshaciendo el trayecto que se ha hecho a la ida. DATOS T\u00c9CNICOS (en 4&#215;4) Punto inicio: Alins Punto final: Alins Longitud total: 36 km Cota Alins: 1.048 m Cota Puerto de Cab\u00fas: 2.306 m Duraci\u00f3n aproximada: 3 h.+ tiempo paradas ACCESOS Hasta Alins (Vall Farrera &#8211; Pallars Sobir\u00e0) Poblaci\u00f3n situada a 27 km de Sort y 13 km de Llavors\u00ed. Para llegar a Alins, hay que ir hasta Llavors\u00ed por la carretera C-13. Se toma el desv\u00edo a Alins, carretera L-504. Pasados 3 km aproximadamente se llega a una rotonda y se toma el desv\u00edo a la derecha por la L-510 hasta Alins. RECOMENDACIONES PARA"}