
{"version":"1.0","provider_name":"Ara Lleida","provider_url":"https:\/\/aralleida.cat\/es\/","author_name":"admin","author_url":"https:\/\/aralleida.cat\/es\/author\/frame_zesv7n2g\/","title":"Premio Pica d'Estats 35\u00aa edici\u00f3n","type":"rich","width":600,"height":338,"html":"<blockquote class=\"wp-embedded-content\" data-secret=\"wL2XlyEKbL\"><a href=\"https:\/\/aralleida.cat\/es\/premi-pica-destats-35a-edicio\/\">Premio Pica d&#8217;Estats 35\u00aa edici\u00f3n<\/a><\/blockquote><iframe sandbox=\"allow-scripts\" security=\"restricted\" src=\"https:\/\/aralleida.cat\/es\/premi-pica-destats-35a-edicio\/embed\/#?secret=wL2XlyEKbL\" width=\"600\" height=\"338\" title=\"\u00abPremio Pica d&#8217;Estats 35\u00aa edici\u00f3n\u00bb \u2014 Ara Lleida\" data-secret=\"wL2XlyEKbL\" frameborder=\"0\" marginwidth=\"0\" marginheight=\"0\" scrolling=\"no\" class=\"wp-embedded-content\"><\/iframe><script type=\"text\/javascript\">\n\/* <![CDATA[ *\/\n\/*! This file is auto-generated *\/\n!function(d,l){\"use strict\";l.querySelector&&d.addEventListener&&\"undefined\"!=typeof URL&&(d.wp=d.wp||{},d.wp.receiveEmbedMessage||(d.wp.receiveEmbedMessage=function(e){var t=e.data;if((t||t.secret||t.message||t.value)&&!\/[^a-zA-Z0-9]\/.test(t.secret)){for(var s,r,n,a=l.querySelectorAll('iframe[data-secret=\"'+t.secret+'\"]'),o=l.querySelectorAll('blockquote[data-secret=\"'+t.secret+'\"]'),c=new RegExp(\"^https?:$\",\"i\"),i=0;i<o.length;i++)o[i].style.display=\"none\";for(i=0;i<a.length;i++)s=a[i],e.source===s.contentWindow&&(s.removeAttribute(\"style\"),\"height\"===t.message?(1e3<(r=parseInt(t.value,10))?r=1e3:~~r<200&&(r=200),s.height=r):\"link\"===t.message&&(r=new URL(s.getAttribute(\"src\")),n=new URL(t.value),c.test(n.protocol))&&n.host===r.host&&l.activeElement===s&&(d.top.location.href=t.value))}},d.addEventListener(\"message\",d.wp.receiveEmbedMessage,!1),l.addEventListener(\"DOMContentLoaded\",function(){for(var e,t,s=l.querySelectorAll(\"iframe.wp-embedded-content\"),r=0;r<s.length;r++)(t=(e=s[r]).getAttribute(\"data-secret\"))||(t=Math.random().toString(36).substring(2,12),e.src+=\"#?secret=\"+t,e.setAttribute(\"data-secret\",t)),e.contentWindow.postMessage({message:\"ready\",secret:t},\"*\")},!1)))}(window,document);\n\/\/# sourceURL=https:\/\/aralleida.cat\/wp-includes\/js\/wp-embed.min.js\n\/* ]]> *\/\n<\/script>\n","description":"[vc_row full_width=\u00bbstretch_row_content\u00bb bg_type=\u00bbbg_color\u00bb bg_override=\u00bbex-full\u00bb bg_color_value=\u00bb#3c3c3b\u00bb css=\u00bb.vc_custom_1646053089620{margin-top: 0px !important;margin-bottom: 0px !important;padding-top: 0px !important;padding-bottom: 0px !important;}\u00bb][vc_column css=\u00bb.vc_custom_1605797593358{margin-top: 0px !important;margin-bottom: 0px !important;padding-top: 0px !important;padding-bottom: 0px !important;}\u00bb][\/vc_column][\/vc_row][vc_row full_width=\u00bbstretch_row_content\u00bb bg_type=\u00bbimage\u00bb parallax_style=\u00bbvcpb-vz-jquery\u00bb bg_image_new=\u00bbid^11314|url^https:\/\/aralleida.cat\/wp-content\/uploads\/2020\/05\/headerpicaHR.jpg|caption^null|alt^null|title^headerpicaHR|description^null\u00bb bg_image_repeat=\u00bbno-repeat\u00bb bg_override=\u00bbex-full\u00bb][vc_column][\/vc_column][\/vc_row][vc_row][vc_column][vc_single_image image=\u00bb351026&#8243; img_size=\u00bb\u00bb alignment=\u00bbcenter\u00bb css=\u00bb\u00bb][\/vc_column][\/vc_row][vc_row content_placement=\u00bbmiddle\u00bb][vc_column][vc_separator css=\u00bb.vc_custom_1622281270353{margin-bottom: 0px !important;padding-bottom: 10px !important;}\u00bb][vc_custom_heading text=\u00bbPremio Pica d&#8217;Estats\u00bb font_container=\u00bbtag:h1|font_size:28|text_align:center\u00bb use_theme_fonts=\u00bbyes\u00bb css=\u00bb.vc_custom_1740048949411{margin-top: 0px !important;padding-top: 0px !important;}\u00bb][vc_separator][\/vc_column][\/vc_row][vc_row equal_height=\u00bbyes\u00bb content_placement=\u00bbtop\u00bb][vc_column width=\u00bb1\/2&#8243;][vc_column_text css=\u00bb\u00bb] El Patronato de Turismo de la Diputaci\u00f3n de Lleida convoca el 35.\u00ba Premio Tur\u00edstico Internacional Pica\u00a0d\u2019Estats de prensa, radio, televisi\u00f3n y medios digitales, con una dotaci\u00f3n econ\u00f3mica de 48.000\u00a0\u20ac, distribuidos en ocho categor\u00edas. El premio Pica d\u2019Estats va dirigido a profesionales de la informaci\u00f3n y la comunicaci\u00f3n que han publicado o emitido trabajos period\u00edsticos en cualquier g\u00e9nero, extensi\u00f3n y formato posibles (radio, televisi\u00f3n, prensa y medios digitales) sobre los atractivos tur\u00edsticos del Pirineo y las Tierras de Lleida. [\/vc_column_text][\/vc_column][vc_column width=\u00bb1\/2&#8243;][vc_column_text css=\u00bb\u00bb] El premio Pica d&#8217;Estats es un galard\u00f3n de car\u00e1cter anual creado por el Patronato de Turismo de la Diputaci\u00f3n de Lleida destinado a reconocer y premiar los contenidos informativos elaborados por periodistas y creadores de contenido que ayuden a divulgar, promocionar y proyectar en todo el mundo los recursos naturales, patrimoniales y culturales del Pirineo y las Tierras de Lleida e inspirar a los viajeros a conocer el destino y al mismo tiempo apoyar al\u00a0sector tur\u00edstico como una de las \u00e1reas econ\u00f3micas m\u00e1s importantes del territorio. El galard\u00f3n tiene un reconocimiento de prestigio, tanto por la calidad de los trabajos presentados como por el nivel de los miembros del jurado, adem\u00e1s del rigor y el compromiso del Colegio de Periodistas de Catalu\u00f1a, que hist\u00f3ricamente participa ejerciendo la presidencia del jurado. [\/vc_column_text][\/vc_column][\/vc_row][vc_row content_placement=\u00bbmiddle\u00bb][vc_column][vc_custom_heading text=\u00bbEdici\u00f3n 2024&#8243; font_container=\u00bbtag:h3|font_size:28|text_align:center|color:%230a0a0a\u00bb use_theme_fonts=\u00bbyes\u00bb css=\u00bb.vc_custom_1740047701281{margin-top: 0px !important;padding-top: 0px !important;}\u00bb][\/vc_column][\/vc_row][vc_row equal_height=\u00bbyes\u00bb][vc_column][vc_separator css=\u00bb.vc_custom_1676277052961{margin-bottom: 0px !important;padding-bottom: 10px !important;}\u00bb][vc_custom_heading text=\u00bbTrabajos y periodistas premiados\u00bb font_container=\u00bbtag:h3|font_size:28|text_align:center\u00bb use_theme_fonts=\u00bbyes\u00bb css=\u00bb.vc_custom_1740047721197{margin-top: 0px !important;padding-top: 0px !important;}\u00bb][vc_separator][vc_column_text css=\u00bb\u00bb] La 35.\u00aa edici\u00f3n del Premio Tur\u00edstico Internacional Pica d\u2019Estats, que convoca el Patronato de Turismo de la Diputaci\u00f3n, recibi\u00f3 un total de 102 reportajes, de los cuales 77 correspond\u00edan a trabajos de \u00e1mbito estatal, 12 a obras de \u00e1mbito internacional y otros 13 a medios locales. El Premio al mejor art\u00edculo period\u00edstico ha sido para \u201cSolson\u00e8s, la comarca de las mil mas\u00edas\u201d, escrito por Elena del Amo y publicado el 29 de septiembre en la revista Viajar. El art\u00edculo repasa algunas de las principales caracter\u00edsticas de esta comarca y de la capital, Solsona, e incide tanto en los \u00e1mbitos monumental, natural y sociol\u00f3gico, como en los atractivos tur\u00edsticos de ese territorio. El Premio al mejor trabajo de radio ha reca\u00eddo en la serie de cuatro reportajes \u201cJulionejant per Lleida\u201d, de Merc\u00e8 March, emitidos los s\u00e1bados de julio de 2024 por R\u00e0dio Lleida &#8211; SER Catalunya en el \u00e1mbito catal\u00e1n. Los reportajes se centran en fiestas emblem\u00e1ticas como el D\u00eda de los Almadieros, la Feria del Hierro, el Mercado Romano de Iesso y el Dans\u00e0neu (Festival de las Culturas del Pirineo). El Premio al mejor trabajo audiovisual ha sido para el reportaje televisivo \u201cLa cassola de tros de Linyola\u201d, emitido el 15 de octubre de 2023 por La 2 dentro del programa La recepta perduda. El espacio explica los or\u00edgenes, ingredientes y caracter\u00edsticas de este plato t\u00edpico de El Pla d\u2019Urgell y contextualiza el car\u00e1cter de esta comarca a trav\u00e9s de entrevistas a algunos de sus habitantes. El Premio al mejor reportaje period\u00edstico se lo ha llevado el reportaje \u201cHostal de Pin\u00f3s. 500 anys donant menjar\u201d, de Oriol Clavera y Narc\u00eds Clotet, publicado en abril de 2024 en la revista Descobrir. El reportaje se centra en este legendario establecimiento de El Solson\u00e8s, uno de los m\u00e1s antiguos de Catalu\u00f1a, y cuenta su historia y su situaci\u00f3n, as\u00ed como an\u00e9cdotas y su oferta gastron\u00f3mica. El Premio al mejor reportaje fotogr\u00e1fico ha sido para \u201cLa Panadella, la frontera del paisatge\u201d, un reportaje con im\u00e1genes de Santi Iglesias publicado en la primavera de 2024 en la revista Horitzons. El trabajo se concreta en un viaje visual singular, a trav\u00e9s de im\u00e1genes curiosas y po\u00e9ticas del entorno de la carretera N-II, por las comarcas de La Segarra, L\u2019Urgell, El Pla d\u2019Urgell y El Segri\u00e0. El Premio al mejor trabajo publicado en los medios de comunicaci\u00f3n local ha reca\u00eddo en \u201cJosep Vallverd\u00fa, un horitz\u00f3 de 100 anys\u201d, un programa realizado por Carles Gen\u00e9 y Eugeni Casanova y emitido el 28 de octubre de 2023 por Lleida Televisi\u00f3. El espacio es una autobiograf\u00eda hablada del escritor leridano, con varias an\u00e9cdotas de su vida.\u00a0 \u00a0 El Premio al mejor trabajo de prensa internacional ha sido para el reportaje \u201cLe Segri\u00e0, Terres de Ponent\u201d, publicado por Marie Costa en junio y julio de 2024 en la revista Cap Catalogne. Un recorrido amplio y detallado por los principales atractivos monumentales, culturales, naturales, paisaj\u00edsticos, gastron\u00f3micos y enol\u00f3gicos de la comarca de El Segri\u00e0 y de su capital, Lleida. Por \u00faltimo, se ha llevado el Premio mejor trabajo transmedia el reportaje \u201cRecogida de la oliva\u201d, de Mar\u00eda Jes\u00fas Tom\u00e9, publicado en octubre de 2023 en la p\u00e1gina Tusdestinos.net. El trabajo, que combina texto, fotograf\u00edas y v\u00eddeo, se refiere al \u00e1mbito del oleoturismo, con la explicaci\u00f3n de algunas experiencias concretas que se organizan en la demarcaci\u00f3n de Lleida. El jurado del galard\u00f3n El jurado del premio se reuni\u00f3 el pasado 8 de febrero para decidir los ganadores de la35.\u00aa edici\u00f3n del galard\u00f3n. El decano del Colegio de Periodistas de Catalu\u00f1a, Joan Maria Morros, ha presidido al jurado. Tambi\u00e9n formaron parte como vocales los periodistas Josep Cun\u00ed, Pepa Fern\u00e1ndez, Llu\u00eds Foix, Mariano Palac\u00edn, M\u00f2nica Terribas, Laura Alcalde, Anna S\u00e0ez, Francesc Guillaumet, Francesc Canosa y Josep Cabas\u00e9s. El director del Patronato de Turismo, Juli Alegre, actu\u00f3 como secretario del jurado. [\/vc_column_text][\/vc_column][\/vc_row][vc_row content_placement=\u00bbmiddle\u00bb][vc_column][vc_separator css=\u00bb.vc_custom_1622281270353{margin-bottom: 0px !important;padding-bottom: 10px !important;}\u00bb][vc_row_inner content_placement=\u00bbmiddle\u00bb css=\u00bb.vc_custom_1622282111415{margin-top: 0px !important;margin-bottom: 0px !important;padding-top: 0px !important;padding-bottom: 0px !important;}\u00bb][vc_column_inner css=\u00bb.vc_custom_1622282003076{margin-top: 0px !important;margin-bottom: 0px !important;padding-top: 0px !important;padding-bottom: 0px !important;}\u00bb][vc_custom_heading text=\u00bbGaler\u00eda de fotos \u00bb font_container=\u00bbtag:h3|font_size:22|text_align:left|color:%23727176&#8243; use_theme_fonts=\u00bbyes\u00bb css=\u00bb.vc_custom_1749719693222{margin-top: 0px !important;margin-bottom: 0px !important;padding-top: 0px !important;padding-bottom: 0px !important;}\u00bb][vc_gallery type=\u00bbimage_grid\u00bb images=\u00bb363299,363306,363313,363320,363327,363334,363341,363348,363355,363362,363369,363376,363383,363390,363397,363404,363411,363418,368217,368224,368231,368238,368245,368252,368259,368266,368273,368280,368287,368294,368301,368308,368315,368322,368329,368336,368343,368350,368357,368364,368371,368378,368385&#8243; img_size=\u00bb195&#215;195&#8243; css=\u00bb\u00bb][vc_empty_space height=\u00bb60px\u00bb][\/vc_column_inner][\/vc_row_inner][\/vc_column][\/vc_row][vc_row bg_type=\u00bbbg_color\u00bb bg_override=\u00bbfull\u00bb bg_color_value=\u00bb#3a3a3a\u00bb][vc_column][vc_separator css=\u00bb.vc_custom_1622281270353{margin-bottom: 0px !important;padding-bottom: 10px !important;}\u00bb][vc_row_inner content_placement=\u00bbmiddle\u00bb css=\u00bb.vc_custom_1622282111415{margin-top: 0px !important;margin-bottom: 0px !important;padding-top: 0px !important;padding-bottom: 0px !important;}\u00bb][vc_column_inner width=\u00bb5\/6&#8243; css=\u00bb.vc_custom_1622282003076{margin-top: 0px !important;margin-bottom: 0px !important;padding-top: 0px !important;padding-bottom:"}