
{"version":"1.0","provider_name":"Ara Lleida","provider_url":"https:\/\/aralleida.cat\/es\/","author_name":"admin","author_url":"https:\/\/aralleida.cat\/es\/author\/frame_zesv7n2g\/","title":"Premio Pica d'Estats 31 Edici\u00f3n","type":"rich","width":600,"height":338,"html":"<blockquote class=\"wp-embedded-content\" data-secret=\"O5YZhyJHq3\"><a href=\"https:\/\/aralleida.cat\/es\/premio-pica-destats-31\/\">Premio Pica d&#8217;Estats 31 Edici\u00f3n<\/a><\/blockquote><iframe sandbox=\"allow-scripts\" security=\"restricted\" src=\"https:\/\/aralleida.cat\/es\/premio-pica-destats-31\/embed\/#?secret=O5YZhyJHq3\" width=\"600\" height=\"338\" title=\"\u00abPremio Pica d&#8217;Estats 31 Edici\u00f3n\u00bb \u2014 Ara Lleida\" data-secret=\"O5YZhyJHq3\" frameborder=\"0\" marginwidth=\"0\" marginheight=\"0\" scrolling=\"no\" class=\"wp-embedded-content\"><\/iframe><script type=\"text\/javascript\">\n\/* <![CDATA[ *\/\n\/*! This file is auto-generated *\/\n!function(d,l){\"use strict\";l.querySelector&&d.addEventListener&&\"undefined\"!=typeof URL&&(d.wp=d.wp||{},d.wp.receiveEmbedMessage||(d.wp.receiveEmbedMessage=function(e){var t=e.data;if((t||t.secret||t.message||t.value)&&!\/[^a-zA-Z0-9]\/.test(t.secret)){for(var s,r,n,a=l.querySelectorAll('iframe[data-secret=\"'+t.secret+'\"]'),o=l.querySelectorAll('blockquote[data-secret=\"'+t.secret+'\"]'),c=new RegExp(\"^https?:$\",\"i\"),i=0;i<o.length;i++)o[i].style.display=\"none\";for(i=0;i<a.length;i++)s=a[i],e.source===s.contentWindow&&(s.removeAttribute(\"style\"),\"height\"===t.message?(1e3<(r=parseInt(t.value,10))?r=1e3:~~r<200&&(r=200),s.height=r):\"link\"===t.message&&(r=new URL(s.getAttribute(\"src\")),n=new URL(t.value),c.test(n.protocol))&&n.host===r.host&&l.activeElement===s&&(d.top.location.href=t.value))}},d.addEventListener(\"message\",d.wp.receiveEmbedMessage,!1),l.addEventListener(\"DOMContentLoaded\",function(){for(var e,t,s=l.querySelectorAll(\"iframe.wp-embedded-content\"),r=0;r<s.length;r++)(t=(e=s[r]).getAttribute(\"data-secret\"))||(t=Math.random().toString(36).substring(2,12),e.src+=\"#?secret=\"+t,e.setAttribute(\"data-secret\",t)),e.contentWindow.postMessage({message:\"ready\",secret:t},\"*\")},!1)))}(window,document);\n\/\/# sourceURL=https:\/\/aralleida.cat\/wp-includes\/js\/wp-embed.min.js\n\/* ]]> *\/\n<\/script>\n","description":"[vc_row full_width=\u00bbstretch_row_content_no_spaces\u00bb content_placement=\u00bbmiddle\u00bb bg_type=\u00bbbg_color\u00bb bg_override=\u00bbex-full\u00bb bg_color_value=\u00bb#3c3c3b\u00bb css=\u00bb.vc_custom_1646052406093{margin-top: 0px !important;margin-bottom: 0px !important;padding-top: 0px !important;padding-bottom: 0px !important;}\u00bb][vc_column css=\u00bb.vc_custom_1605797593358{margin-top: 0px !important;margin-bottom: 0px !important;padding-top: 0px !important;padding-bottom: 0px !important;}\u00bb][\/vc_column][\/vc_row][vc_row full_width=\u00bbstretch_row_content\u00bb content_placement=\u00bbmiddle\u00bb bg_type=\u00bbimage\u00bb parallax_style=\u00bbvcpb-vz-jquery\u00bb bg_image_new=\u00bbid^11314|url^https:\/\/aralleida.cat\/wp-content\/uploads\/2020\/05\/headerpicaHR.jpg|caption^null|alt^null|title^headerpicaHR|description^null\u00bb bg_image_repeat=\u00bbno-repeat\u00bb bg_override=\u00bbex-full\u00bb][vc_column][\/vc_column][\/vc_row][vc_row][vc_column][vc_single_image image=\u00bb197121&#8243; img_size=\u00bb\u00bb alignment=\u00bbcenter\u00bb][\/vc_column][\/vc_row][vc_row content_placement=\u00bbmiddle\u00bb][vc_column][vc_separator css=\u00bb.vc_custom_1622281270353{margin-bottom: 0px !important;padding-bottom: 10px !important;}\u00bb][vc_custom_heading text=\u00bbPremio Pica d&#8217;Estats\u00bb font_container=\u00bbtag:h1|font_size:28|text_align:center\u00bb use_theme_fonts=\u00bbyes\u00bb css=\u00bb.vc_custom_1646127247990{margin-top: 0px !important;padding-top: 0px !important;}\u00bb][vc_separator][\/vc_column][\/vc_row][vc_row equal_height=\u00bbyes\u00bb content_placement=\u00bbtop\u00bb][vc_column width=\u00bb1\/2&#8243;][vc_column_text]El Patronat de Turisme de la Diputaci\u00f3 de Lleida convoca el 31\u00ba Premio Tur\u00edstico Internacional \u201cPica d&#8217;Estats\u201d de Prensa, Radio, Televisi\u00f3n e Internet, con una dotaci\u00f3n econ\u00f3mica de 45.000 \u20ac, distribuidos en 8 categor\u00edas. El Premio \u201cPica d&#8217;Estats\u201d va dirigido a los profesionales de la informaci\u00f3n y la comunicaci\u00f3n que han publicado o emitido trabajos period\u00edsticos en cualquier g\u00e9nero, extensi\u00f3n y formato posibles (radio, televisi\u00f3n, prensa e Internet) sobre los atractivos tur\u00edsticos del Pirineo y las Tierras de Lleida.[\/vc_column_text][\/vc_column][vc_column width=\u00bb1\/2&#8243;][vc_custom_heading text=\u00bbPrensa, radio, televisi\u00f3n e internet\u00bb font_container=\u00bbtag:h2|text_align:center|color:%23727176&#8243; use_theme_fonts=\u00bbyes\u00bb css=\u00bb.vc_custom_1646127335163{margin-top: 0px !important;margin-bottom: 30px !important;padding-top: 0px !important;}\u00bb][vc_column_text]El galard\u00f3n dispone de un reconocimiento de prestigio, tanto por la calidad de los trabajos presentados como por el nivel de los miembros del jurado, adem\u00e1s del rigor y compromiso del Colegio de Periodistas de Catalu\u00f1a, que hist\u00f3ricamente participa ejerciendo la presidencia del jurado. Hasta la fecha, el Premio \u201cPica d&#8217;Estats\u201d ha registrado 4.725 trabajos period\u00edsticos, correspondientes a m\u00e1s de 460 medios de comunicaci\u00f3n de todo el mundo, y ha premiado reportajes de 287 periodistas.[\/vc_column_text][\/vc_column][\/vc_row][vc_row content_placement=\u00bbmiddle\u00bb][vc_column][vc_custom_heading text=\u00bbEdici\u00f3n 2019&#8243; font_container=\u00bbtag:h3|font_size:28|text_align:center|color:%230a0a0a\u00bb use_theme_fonts=\u00bbyes\u00bb css=\u00bb.vc_custom_1646127376618{margin-top: 0px !important;padding-top: 0px !important;}\u00bb][\/vc_column][\/vc_row][vc_row content_placement=\u00bbmiddle\u00bb disable_element=\u00bbyes\u00bb][vc_column][vc_separator css=\u00bb.vc_custom_1622281270353{margin-bottom: 0px !important;padding-bottom: 10px !important;}\u00bb][vc_row_inner content_placement=\u00bbmiddle\u00bb css=\u00bb.vc_custom_1622282111415{margin-top: 0px !important;margin-bottom: 0px !important;padding-top: 0px !important;padding-bottom: 0px !important;}\u00bb][vc_column_inner width=\u00bb5\/6&#8243; css=\u00bb.vc_custom_1622282003076{margin-top: 0px !important;margin-bottom: 0px !important;padding-top: 0px !important;padding-bottom: 0px !important;}\u00bb][vc_custom_heading text=\u00bbINSCRIPCIONS\u00bb font_container=\u00bbtag:h3|font_size:22|text_align:left|color:%23727176&#8243; use_theme_fonts=\u00bbyes\u00bb css=\u00bb.vc_custom_1634201209773{margin-top: 0px !important;margin-bottom: 0px !important;padding-top: 0px !important;padding-bottom: 0px !important;}\u00bb][\/vc_column_inner][vc_column_inner width=\u00bb1\/6&#8243; css=\u00bb.vc_custom_1622282163790{margin-top: 0px !important;margin-bottom: 0px !important;padding-top: 0px !important;padding-bottom: 0px !important;}\u00bb][vc_single_image image=\u00bb72257&#8243; img_size=\u00bb40X40&#8243; alignment=\u00bbright\u00bb css_animation=\u00bbfadeInRight\u00bb css=\u00bb.vc_custom_1622282237281{margin-top: 0px !important;margin-bottom: 0px !important;padding-top: 0px !important;padding-bottom: 0px !important;}\u00bb][\/vc_column_inner][\/vc_row_inner][vc_separator][\/vc_column][\/vc_row][vc_row gap=\u00bb20&#8243; content_placement=\u00bbtop\u00bb disable_element=\u00bbyes\u00bb][vc_column width=\u00bb1\/3&#8243; css=\u00bb.vc_custom_1622283092446{margin-right: 0px !important;margin-left: 0px !important;padding-right: 0px !important;padding-left: 0px !important;}\u00bb][vc_row_inner content_placement=\u00bbmiddle\u00bb css=\u00bb.vc_custom_1622283274947{margin-right: 0px !important;margin-left: 0px !important;padding-right: 0px !important;padding-left: 0px !important;background-color: #ededed !important;}\u00bb][vc_column_inner][vc_single_image image=\u00bb72271&#8243; img_size=\u00bb174&#215;168&#8243; alignment=\u00bbcenter\u00bb css_animation=\u00bbfadeIn\u00bb][\/vc_column_inner][\/vc_row_inner][vc_btn title=\u00bb1. DESCARREGA LA BUTLLETA D&#8217;INSCRIPCI\u00d3\u00bb style=\u00bbflat\u00bb shape=\u00bbsquare\u00bb color=\u00bbblack\u00bb size=\u00bblg\u00bb align=\u00bbcenter\u00bb button_block=\u00bbtrue\u00bb link=\u00bburl:https%3A%2F%2Fwww.aralleida.cat%2Fwp-content%2Fuploads%2F2021%2F09%2F32e-premi-Pica-dEstats-Butlleta.pdf|title:Bases%20del%20concurs\u00bb][\/vc_column][vc_column width=\u00bb1\/3&#8243; css=\u00bb.vc_custom_1622283414835{margin-right: 0px !important;margin-left: 0px !important;padding-right: 0px !important;padding-left: 0px !important;}\u00bb][vc_row_inner content_placement=\u00bbmiddle\u00bb css=\u00bb.vc_custom_1622283274947{margin-right: 0px !important;margin-left: 0px !important;padding-right: 0px !important;padding-left: 0px !important;background-color: #ededed !important;}\u00bb][vc_column_inner][vc_single_image image=\u00bb72264&#8243; img_size=\u00bb168&#215;168&#8243; alignment=\u00bbcenter\u00bb css_animation=\u00bbfadeIn\u00bb][\/vc_column_inner][\/vc_row_inner][vc_btn title=\u00bb2. REGISTRA LA BUTLLETA\u00bb style=\u00bbflat\u00bb shape=\u00bbsquare\u00bb color=\u00bbblack\u00bb size=\u00bblg\u00bb align=\u00bbcenter\u00bb button_block=\u00bbtrue\u00bb link=\u00bburl:https%3A%2F%2Ftramits.diputaciolleida.cat%2FTURISME%2FSolicituds.aspx|title:Registre|target:_blank\u00bb][\/vc_column][vc_column width=\u00bb1\/3&#8243; css=\u00bb.vc_custom_1622283425729{margin-right: 0px !important;margin-left: 0px !important;padding-right: 0px !important;padding-left: 0px !important;}\u00bb][vc_row_inner content_placement=\u00bbmiddle\u00bb css=\u00bb.vc_custom_1622283274947{margin-right: 0px !important;margin-left: 0px !important;padding-right: 0px !important;padding-left: 0px !important;background-color: #ededed !important;}\u00bb][vc_column_inner][vc_single_image image=\u00bb72278&#8243; img_size=\u00bb168&#215;168&#8243; alignment=\u00bbcenter\u00bb css_animation=\u00bbfadeIn\u00bb][\/vc_column_inner][\/vc_row_inner][vc_btn title=\u00bb3. ADJUNTA ELS TREBALLS\u00bb style=\u00bbflat\u00bb shape=\u00bbsquare\u00bb color=\u00bbblack\u00bb size=\u00bblg\u00bb align=\u00bbcenter\u00bb button_block=\u00bbtrue\u00bb link=\u00bburl:https%3A%2F%2Fdiputaciolleidacat-my.sharepoint.com%2F%3Af%3A%2Fg%2Fpersonal%2Fpicadestats_diputaciolleida_cat%2FEt7LMMO6XZhLng-W0CqTDsQBV_XvvL_4zeGVqhvf8MXQuA|title:Treballs|target:_blank\u00bb][\/vc_column][\/vc_row][vc_row disable_element=\u00bbyes\u00bb][vc_column width=\u00bb1\/2&#8243;][vc_btn title=\u00bbBASES DEL CONCURS\u00bb style=\u00bbflat\u00bb shape=\u00bbsquare\u00bb color=\u00bbwhite\u00bb size=\u00bblg\u00bb align=\u00bbcenter\u00bb button_block=\u00bbtrue\u00bb link=\u00bburl:https%3A%2F%2Fwww.aralleida.cat%2Fbases-del-concurs%2F|title:Bases%20del%20concurs\u00bb css=\u00bb.vc_custom_1634201958448{border-top-width: 1px !important;border-right-width: 1px !important;border-bottom-width: 1px !important;border-left-width: 1px !important;border-left-color: #000000 !important;border-left-style: solid !important;border-right-color: #000000 !important;border-right-style: solid !important;border-top-color: #000000 !important;border-top-style: solid !important;border-bottom-color: #000000 !important;border-bottom-style: solid !important;}\u00bb][\/vc_column][vc_column width=\u00bb1\/2&#8243;][vc_btn title=\u00bbFULLET\u00d3 DEL CONCURS\u00bb style=\u00bbflat\u00bb shape=\u00bbsquare\u00bb color=\u00bbwhite\u00bb size=\u00bblg\u00bb align=\u00bbcenter\u00bb button_block=\u00bbtrue\u00bb link=\u00bburl:https%3A%2F%2Fwww.aralleida.cat%2Fwp-content%2Fuploads%2F2021%2F08%2FARA-LLEIDA-32e-premi-Pica-dEstats-Bases-2021-CAT-ES-FR-ENG.pdf|title:Fullet%C3%B3%20del%20concurs\u00bb css=\u00bb.vc_custom_1634201500398{border-top-width: 1px !important;border-right-width: 1px !important;border-bottom-width: 1px !important;border-left-width: 1px !important;border-left-color: #000000 !important;border-left-style: solid !important;border-right-color: #000000 !important;border-right-style: solid !important;border-top-color: #000000 !important;border-top-style: solid !important;border-bottom-color: #000000 !important;border-bottom-style: solid !important;}\u00bb][\/vc_column][\/vc_row][vc_row][vc_column][\/vc_column][\/vc_row][vc_row content_placement=\u00bbmiddle\u00bb][vc_column][vc_separator css=\u00bb.vc_custom_1622281270353{margin-bottom: 0px !important;padding-bottom: 10px !important;}\u00bb][vc_row_inner content_placement=\u00bbmiddle\u00bb css=\u00bb.vc_custom_1622282111415{margin-top: 0px !important;margin-bottom: 0px !important;padding-top: 0px !important;padding-bottom: 0px !important;}\u00bb][vc_column_inner width=\u00bb5\/6&#8243; css=\u00bb.vc_custom_1622282003076{margin-top: 0px !important;margin-bottom: 0px !important;padding-top: 0px !important;padding-bottom: 0px !important;}\u00bb][vc_custom_heading text=\u00bbXXXI EDICI\u00d3N PREMIO PICA D&#8217;ESTATS\u00bb font_container=\u00bbtag:h3|font_size:22|text_align:left|color:%23727176&#8243; use_theme_fonts=\u00bbyes\u00bb css=\u00bb.vc_custom_1646127405706{margin-top: 0px !important;margin-bottom: 0px !important;padding-top: 0px !important;padding-bottom: 0px !important;}\u00bb][\/vc_column_inner][vc_column_inner width=\u00bb1\/6&#8243; css=\u00bb.vc_custom_1622282163790{margin-top: 0px !important;margin-bottom: 0px !important;padding-top: 0px !important;padding-bottom: 0px !important;}\u00bb][vc_single_image image=\u00bb72285&#8243; img_size=\u00bb40X40&#8243; alignment=\u00bbright\u00bb css_animation=\u00bbfadeInRight\u00bb css=\u00bb.vc_custom_1622284028982{margin-top: 0px !important;margin-bottom: 0px !important;padding-top: 0px !important;padding-bottom: 0px !important;}\u00bb][\/vc_column_inner][\/vc_row_inner][vc_separator][\/vc_column][\/vc_row][vc_row equal_height=\u00bbyes\u00bb][vc_column][vc_custom_heading text=\u00bbGaler\u00eda de fotos\u00bb font_container=\u00bbtag:h4|font_size:18|text_align:left|color:%23000000&#8243; use_theme_fonts=\u00bbyes\u00bb][vc_gallery type=\u00bbimage_grid\u00bb images=\u00bb16939,16932,16925,16918,16911,16904,16897,16890,16883,16876,16869&#8243; img_size=\u00bb195&#215;195&#8243; css=\u00bb.vc_custom_1622288528300{background-color: #ededed !important;}\u00bb][\/vc_column][\/vc_row][vc_row equal_height=\u00bbyes\u00bb][vc_column width=\u00bb1\/2&#8243;][vc_custom_heading text=\u00bbActo de entrega de los galardones a los ganadores\u00bb font_container=\u00bbtag:h4|font_size:18|text_align:left|color:%23000000&#8243; use_theme_fonts=\u00bbyes\u00bb][vc_video link=\u00bbhttps:\/\/www.youtube.com\/watch?v=7wI8gsttGkk\u00bb][\/vc_column][vc_column width=\u00bb1\/2&#8243;][vc_custom_heading text=\u00bbNota de prensa\u00bb font_container=\u00bbtag:h4|font_size:18|text_align:left|color:%23000000&#8243; use_theme_fonts=\u00bbyes\u00bb][vc_column_text] [\/vc_column_text][\/vc_column][\/vc_row][vc_row equal_height=\u00bbyes\u00bb][vc_column][vc_custom_heading text=\u00bbRelaci\u00f3n trabajos y periodistas premiados\u00bb font_container=\u00bbtag:h4|font_size:18|text_align:left|color:%23000000&#8243; use_theme_fonts=\u00bbyes\u00bb][vc_column_text css=\u00bb.vc_custom_1646127618257{padding-top: 20px !important;padding-right: 40px !important;padding-bottom: 20px !important;padding-left: 40px !important;background-color: #ededed !important;}\u00bb] Premio de Prensa escrita de informaci\u00f3n general para el reportaje \u00abCastells per la prov\u00edncia de Lleida\u00bb, escrito por Daniel Roman\u00ed, con fotograf\u00edas de Santi Iglesias y publicado en el diario Ara. Premio de Prensa especializada en viajes y turismo para el reportaje \u00abPenelles, un poble que torna a pintar\u00bb, escrito por Joaquim M. Pujals, con fotos de Josep Cano y publicado en la revista Descobrir Catalunya. Premio de Televisi\u00f3n para el reportaje \u00abDavid contra Goliat\u00bb, de Eugenia Basauli y Eduardo Laplaza, del programa \u00abL&#8217;Escarbat Verd\u00bb de TVE. Premio de Prensa internacional para el reportaje \u00abUna terra dai gusti forti\u00bb (Una tierra de gustos fuertes), escrito por Riccardo Lagorio y Andrea Deotto y publicado en la revista italiana Dove. Premio al mejor Reportaje fotogr\u00e1fico para Carlos Claraco por una serie de espectaculares fotograf\u00edas que ilustran el reportaje \u00abLa Porta del Cel: traves\u00eda por el Pirineo m\u00e1s salvaje\u00bb publicado en la revista El Mundo de los Pirineos. Premio al mejor trabajo de los medios de comunicaci\u00f3n locales de las Tierras de Lleida para el reportaje \u00abEls secrets de la &#8216;city&#8217; de Lleida\u00bb, escrito por Roser Banyeres con fotograf\u00edas de Rafa Ari\u00f1o y publicado en el suplemento \u00abLectura\u00bb del diario Segre. Premio de Internet y Premio especial del jurado (dotado con 10.000 \u20ac) para el trabajo \u00abEls artistes van en tractor\u00bb, de la videoartista Sara Bold\u00fa, publicado en https:\/\/saraboldu.wixsite.com\/artistesambtractor. [\/vc_column_text][\/vc_column][\/vc_row][vc_row equal_height=\u00bbyes\u00bb][vc_column][vc_custom_heading text=\u00bbRelaci\u00f3 del jurado\u00bb font_container=\u00bbtag:h4|font_size:18|text_align:left|color:%23000000&#8243; use_theme_fonts=\u00bbyes\u00bb][vc_column_text css=\u00bb.vc_custom_1646127729405{padding-top: 20px !important;padding-right: 40px !important;padding-bottom: 20px !important;padding-left: 40px !important;background-color: #ededed !important;}\u00bb]El jurado del 31 Premio \u00abPica de Estados\u00bb ha estado formado por destacados profesionales del mundo de la comunicaci\u00f3n. El decano del Colegio de Periodistas de Catalunya Joan Maria Morros presidi\u00f3 el jurado. Formaron parte como vocales los periodistas Josep Llu\u00eds Cadena, Francesc Canosa, Santiago Costa, Josep Cun\u00ed, Pepa Fern\u00e1ndez, Llu\u00eds Foix, Antonio Franco, Rafa Gimena, Francesc Guillaumet, Mariano Palac\u00edn y M\u00f2nica Terribas. Actu\u00f3 como secretario el jefe de Promoci\u00f3n y Marketing del Patronato de Turismo, Juli Alegre.\u200b[\/vc_column_text][vc_custom_heading text=\u00bbGaler\u00eda de fotos de la deliberaci\u00f3n\u00bb font_container=\u00bbtag:h4|font_size:18|text_align:left|color:%23000000&#8243; use_theme_fonts=\u00bbyes\u00bb][vc_gallery type=\u00bbimage_grid\u00bb images=\u00bb11371,11420,11413,11406,11399,11392,11385,11378&#8243; img_size=\u00bb195&#215;195&#8243; css=\u00bb.vc_custom_1622288993419{background-color: #ededed !important;}\u00bb][\/vc_column][\/vc_row][vc_row][vc_column][\/vc_column][\/vc_row][vc_row bg_type=\u00bbbg_color\u00bb bg_override=\u00bbfull\u00bb bg_color_value=\u00bb#3a3a3a\u00bb][vc_column][vc_separator css=\u00bb.vc_custom_1622281270353{margin-bottom: 0px !important;padding-bottom: 10px !important;}\u00bb][vc_row_inner content_placement=\u00bbmiddle\u00bb css=\u00bb.vc_custom_1622282111415{margin-top: 0px !important;margin-bottom: 0px !important;padding-top: 0px !important;padding-bottom: 0px !important;}\u00bb][vc_column_inner width=\u00bb5\/6&#8243; css=\u00bb.vc_custom_1622282003076{margin-top: 0px !important;margin-bottom: 0px !important;padding-top: 0px !important;padding-bottom: 0px !important;}\u00bb][vc_custom_heading text=\u00bbEDICIONES ANTERIORES\u00bb font_container=\u00bbtag:h3|font_size:22|text_align:left|color:%23ffffff\u00bb use_theme_fonts=\u00bbyes\u00bb css=\u00bb.vc_custom_1646131081043{margin-top: 0px !important;margin-bottom: 0px !important;padding-top: 0px !important;padding-bottom: 0px !important;}\u00bb][\/vc_column_inner][vc_column_inner width=\u00bb1\/6&#8243; css=\u00bb.vc_custom_1622282163790{margin-top: 0px !important;margin-bottom: 0px !important;padding-top: 0px !important;padding-bottom: 0px !important;}\u00bb][vc_single_image image=\u00bb72294&#8243; img_size=\u00bblarge\u00bb][\/vc_column_inner][\/vc_row_inner][vc_separator][vc_row_inner equal_height=\u00bbyes\u00bb][vc_column_inner width=\u00bb1\/2&#8243;][vc_custom_heading text=\u00bbRelaci\u00f3n de los miembros del jurado del Premio Pica d\u2019Estats en las distintas"}