
{"version":"1.0","provider_name":"Ara Lleida","provider_url":"https:\/\/aralleida.cat\/es\/","author_name":"admin","author_url":"https:\/\/aralleida.cat\/es\/author\/frame_zesv7n2g\/","title":"Premio Pica d'Estats 32 edici\u00f3n","type":"rich","width":600,"height":338,"html":"<blockquote class=\"wp-embedded-content\" data-secret=\"jtT3iytzCX\"><a href=\"https:\/\/aralleida.cat\/es\/premio-pica-destats-32\/\">Premio Pica d&#8217;Estats 32 edici\u00f3n<\/a><\/blockquote><iframe sandbox=\"allow-scripts\" security=\"restricted\" src=\"https:\/\/aralleida.cat\/es\/premio-pica-destats-32\/embed\/#?secret=jtT3iytzCX\" width=\"600\" height=\"338\" title=\"\u00abPremio Pica d&#8217;Estats 32 edici\u00f3n\u00bb \u2014 Ara Lleida\" data-secret=\"jtT3iytzCX\" frameborder=\"0\" marginwidth=\"0\" marginheight=\"0\" scrolling=\"no\" class=\"wp-embedded-content\"><\/iframe><script type=\"text\/javascript\">\n\/* <![CDATA[ *\/\n\/*! This file is auto-generated *\/\n!function(d,l){\"use strict\";l.querySelector&&d.addEventListener&&\"undefined\"!=typeof URL&&(d.wp=d.wp||{},d.wp.receiveEmbedMessage||(d.wp.receiveEmbedMessage=function(e){var t=e.data;if((t||t.secret||t.message||t.value)&&!\/[^a-zA-Z0-9]\/.test(t.secret)){for(var s,r,n,a=l.querySelectorAll('iframe[data-secret=\"'+t.secret+'\"]'),o=l.querySelectorAll('blockquote[data-secret=\"'+t.secret+'\"]'),c=new RegExp(\"^https?:$\",\"i\"),i=0;i<o.length;i++)o[i].style.display=\"none\";for(i=0;i<a.length;i++)s=a[i],e.source===s.contentWindow&&(s.removeAttribute(\"style\"),\"height\"===t.message?(1e3<(r=parseInt(t.value,10))?r=1e3:~~r<200&&(r=200),s.height=r):\"link\"===t.message&&(r=new URL(s.getAttribute(\"src\")),n=new URL(t.value),c.test(n.protocol))&&n.host===r.host&&l.activeElement===s&&(d.top.location.href=t.value))}},d.addEventListener(\"message\",d.wp.receiveEmbedMessage,!1),l.addEventListener(\"DOMContentLoaded\",function(){for(var e,t,s=l.querySelectorAll(\"iframe.wp-embedded-content\"),r=0;r<s.length;r++)(t=(e=s[r]).getAttribute(\"data-secret\"))||(t=Math.random().toString(36).substring(2,12),e.src+=\"#?secret=\"+t,e.setAttribute(\"data-secret\",t)),e.contentWindow.postMessage({message:\"ready\",secret:t},\"*\")},!1)))}(window,document);\n\/\/# sourceURL=https:\/\/aralleida.cat\/wp-includes\/js\/wp-embed.min.js\n\/* ]]> *\/\n<\/script>\n","description":"[vc_row full_width=\u00bbstretch_row_content\u00bb bg_type=\u00bbbg_color\u00bb bg_override=\u00bbex-full\u00bb bg_color_value=\u00bb#3c3c3b\u00bb css=\u00bb.vc_custom_1646053089620{margin-top: 0px !important;margin-bottom: 0px !important;padding-top: 0px !important;padding-bottom: 0px !important;}\u00bb][vc_column css=\u00bb.vc_custom_1605797593358{margin-top: 0px !important;margin-bottom: 0px !important;padding-top: 0px !important;padding-bottom: 0px !important;}\u00bb][\/vc_column][\/vc_row][vc_row full_width=\u00bbstretch_row_content\u00bb bg_type=\u00bbimage\u00bb parallax_style=\u00bbvcpb-vz-jquery\u00bb bg_image_new=\u00bbid^11314|url^https:\/\/aralleida.cat\/wp-content\/uploads\/2020\/05\/headerpicaHR.jpg|caption^null|alt^null|title^headerpicaHR|description^null\u00bb bg_image_repeat=\u00bbno-repeat\u00bb bg_override=\u00bbex-full\u00bb][vc_column][\/vc_column][\/vc_row][vc_row][vc_column][vc_single_image image=\u00bb72110&#8243; img_size=\u00bb\u00bb alignment=\u00bbcenter\u00bb][\/vc_column][\/vc_row][vc_row content_placement=\u00bbmiddle\u00bb][vc_column][vc_separator css=\u00bb.vc_custom_1622281270353{margin-bottom: 0px !important;padding-bottom: 10px !important;}\u00bb][vc_custom_heading text=\u00bbPremio Pica d&#8217;Estats\u00bb font_container=\u00bbtag:h1|font_size:28|text_align:center\u00bb use_theme_fonts=\u00bbyes\u00bb css=\u00bb.vc_custom_1646124088809{margin-top: 0px !important;padding-top: 0px !important;}\u00bb][vc_separator][\/vc_column][\/vc_row][vc_row equal_height=\u00bbyes\u00bb content_placement=\u00bbtop\u00bb][vc_column width=\u00bb1\/2&#8243;][vc_column_text]El Patronat de Turisme de la Diputaci\u00f3 de Lleida hemos resuelto el 32.\u00ba Premio Tur\u00edstico Internacional \u201cPica d&#8217;Estats\u201d de Prensa, Radio, Televisi\u00f3n e Internet, con una dotaci\u00f3n econ\u00f3mica de 45.000 \u20ac, distribuidos en 8 categor\u00edas, despu\u00e9s de quedar aplazado en 2020 a causa de la COVID-19. El premio \u201cPica d&#8217;Estats\u201d va dirigido a los profesionales de la informaci\u00f3n y la comunicaci\u00f3n que han publicado o emitido trabajos period\u00edsticos en cualquier g\u00e9nero, extensi\u00f3n y formato posibles (radio, televisi\u00f3n, prensa e Internet) sobre los atractivos tur\u00edsticos del Pirineo y las Tierras de Lleida.[\/vc_column_text][\/vc_column][vc_column width=\u00bb1\/2&#8243;][vc_custom_heading text=\u00bbPrensa, radio, televisi\u00f3n e internet\u00bb font_container=\u00bbtag:h2|text_align:center|color:%23727176&#8243; use_theme_fonts=\u00bbyes\u00bb css=\u00bb.vc_custom_1646124655319{margin-top: 0px !important;margin-bottom: 30px !important;padding-top: 0px !important;}\u00bb][vc_column_text]El galard\u00f3n dispone de un reconocimiento de prestigio, tanto por la calidad de los trabajos presentados como por el nivel de los miembros del jurado, adem\u00e1s del rigor y el compromiso del Colegio de Periodistas de Catalu\u00f1a, que hist\u00f3ricamente participa ejerciendo la presidencia del jurado. Hasta hoy, el premio \u201cPica d&#8217;Estats\u201d ha registrado 4.725 trabajos period\u00edsticos, correspondientes adem\u00e1s de 460 medios de comunicaci\u00f3n de todo el mundo, y ha premiado reportajes de 287 periodistas.[\/vc_column_text][\/vc_column][\/vc_row][vc_row content_placement=\u00bbmiddle\u00bb][vc_column][vc_custom_heading text=\u00bbEdici\u00f3n 2021&#8243; font_container=\u00bbtag:h3|font_size:28|text_align:center|color:%230a0a0a\u00bb use_theme_fonts=\u00bbyes\u00bb css=\u00bb.vc_custom_1646124662320{margin-top: 0px !important;padding-top: 0px !important;}\u00bb][\/vc_column][\/vc_row][vc_row content_placement=\u00bbmiddle\u00bb disable_element=\u00bbyes\u00bb][vc_column][vc_separator css=\u00bb.vc_custom_1622281270353{margin-bottom: 0px !important;padding-bottom: 10px !important;}\u00bb][vc_row_inner content_placement=\u00bbmiddle\u00bb css=\u00bb.vc_custom_1622282111415{margin-top: 0px !important;margin-bottom: 0px !important;padding-top: 0px !important;padding-bottom: 0px !important;}\u00bb][vc_column_inner width=\u00bb5\/6&#8243; css=\u00bb.vc_custom_1622282003076{margin-top: 0px !important;margin-bottom: 0px !important;padding-top: 0px !important;padding-bottom: 0px !important;}\u00bb][vc_custom_heading text=\u00bbINSCRIPCIONS\u00bb font_container=\u00bbtag:h3|font_size:22|text_align:left|color:%23727176&#8243; use_theme_fonts=\u00bbyes\u00bb css=\u00bb.vc_custom_1634201209773{margin-top: 0px !important;margin-bottom: 0px !important;padding-top: 0px !important;padding-bottom: 0px !important;}\u00bb][\/vc_column_inner][vc_column_inner width=\u00bb1\/6&#8243; css=\u00bb.vc_custom_1622282163790{margin-top: 0px !important;margin-bottom: 0px !important;padding-top: 0px !important;padding-bottom: 0px !important;}\u00bb][vc_single_image image=\u00bb72257&#8243; img_size=\u00bb40X40&#8243; alignment=\u00bbright\u00bb css_animation=\u00bbfadeInRight\u00bb css=\u00bb.vc_custom_1622282237281{margin-top: 0px !important;margin-bottom: 0px !important;padding-top: 0px !important;padding-bottom: 0px !important;}\u00bb][\/vc_column_inner][\/vc_row_inner][vc_separator][\/vc_column][\/vc_row][vc_row gap=\u00bb20&#8243; content_placement=\u00bbtop\u00bb disable_element=\u00bbyes\u00bb][vc_column width=\u00bb1\/3&#8243; css=\u00bb.vc_custom_1622283092446{margin-right: 0px !important;margin-left: 0px !important;padding-right: 0px !important;padding-left: 0px !important;}\u00bb][vc_row_inner content_placement=\u00bbmiddle\u00bb css=\u00bb.vc_custom_1622283274947{margin-right: 0px !important;margin-left: 0px !important;padding-right: 0px !important;padding-left: 0px !important;background-color: #ededed !important;}\u00bb][vc_column_inner][vc_single_image image=\u00bb72271&#8243; img_size=\u00bb174&#215;168&#8243; alignment=\u00bbcenter\u00bb css_animation=\u00bbfadeIn\u00bb][\/vc_column_inner][\/vc_row_inner][vc_btn title=\u00bb1. DESCARREGA LA BUTLLETA D&#8217;INSCRIPCI\u00d3\u00bb style=\u00bbflat\u00bb shape=\u00bbsquare\u00bb color=\u00bbblack\u00bb size=\u00bblg\u00bb align=\u00bbcenter\u00bb button_block=\u00bbtrue\u00bb link=\u00bburl:https%3A%2F%2Fwww.aralleida.cat%2Fwp-content%2Fuploads%2F2021%2F09%2F32e-premi-Pica-dEstats-Butlleta.pdf|title:Bases%20del%20concurs\u00bb][\/vc_column][vc_column width=\u00bb1\/3&#8243; css=\u00bb.vc_custom_1622283414835{margin-right: 0px !important;margin-left: 0px !important;padding-right: 0px !important;padding-left: 0px !important;}\u00bb][vc_row_inner content_placement=\u00bbmiddle\u00bb css=\u00bb.vc_custom_1622283274947{margin-right: 0px !important;margin-left: 0px !important;padding-right: 0px !important;padding-left: 0px !important;background-color: #ededed !important;}\u00bb][vc_column_inner][vc_single_image image=\u00bb72264&#8243; img_size=\u00bb168&#215;168&#8243; alignment=\u00bbcenter\u00bb css_animation=\u00bbfadeIn\u00bb][\/vc_column_inner][\/vc_row_inner][vc_btn title=\u00bb2. REGISTRA LA BUTLLETA\u00bb style=\u00bbflat\u00bb shape=\u00bbsquare\u00bb color=\u00bbblack\u00bb size=\u00bblg\u00bb align=\u00bbcenter\u00bb button_block=\u00bbtrue\u00bb link=\u00bburl:https%3A%2F%2Ftramits.diputaciolleida.cat%2FTURISME%2FSolicituds.aspx|title:Registre|target:_blank\u00bb][\/vc_column][vc_column width=\u00bb1\/3&#8243; css=\u00bb.vc_custom_1622283425729{margin-right: 0px !important;margin-left: 0px !important;padding-right: 0px !important;padding-left: 0px !important;}\u00bb][vc_row_inner content_placement=\u00bbmiddle\u00bb css=\u00bb.vc_custom_1622283274947{margin-right: 0px !important;margin-left: 0px !important;padding-right: 0px !important;padding-left: 0px !important;background-color: #ededed !important;}\u00bb][vc_column_inner][vc_single_image image=\u00bb72278&#8243; img_size=\u00bb168&#215;168&#8243; alignment=\u00bbcenter\u00bb css_animation=\u00bbfadeIn\u00bb][\/vc_column_inner][\/vc_row_inner][vc_btn title=\u00bb3. ADJUNTA ELS TREBALLS\u00bb style=\u00bbflat\u00bb shape=\u00bbsquare\u00bb color=\u00bbblack\u00bb size=\u00bblg\u00bb align=\u00bbcenter\u00bb button_block=\u00bbtrue\u00bb link=\u00bburl:https%3A%2F%2Fdiputaciolleidacat-my.sharepoint.com%2F%3Af%3A%2Fg%2Fpersonal%2Fpicadestats_diputaciolleida_cat%2FEt7LMMO6XZhLng-W0CqTDsQBV_XvvL_4zeGVqhvf8MXQuA|title:Treballs|target:_blank\u00bb][\/vc_column][\/vc_row][vc_row disable_element=\u00bbyes\u00bb][vc_column width=\u00bb1\/2&#8243;][vc_btn title=\u00bbBASES DEL CONCURS\u00bb style=\u00bbflat\u00bb shape=\u00bbsquare\u00bb color=\u00bbwhite\u00bb size=\u00bblg\u00bb align=\u00bbcenter\u00bb button_block=\u00bbtrue\u00bb link=\u00bburl:https%3A%2F%2Fwww.aralleida.cat%2Fbases-del-concurs%2F|title:Bases%20del%20concurs\u00bb css=\u00bb.vc_custom_1634201958448{border-top-width: 1px !important;border-right-width: 1px !important;border-bottom-width: 1px !important;border-left-width: 1px !important;border-left-color: #000000 !important;border-left-style: solid !important;border-right-color: #000000 !important;border-right-style: solid !important;border-top-color: #000000 !important;border-top-style: solid !important;border-bottom-color: #000000 !important;border-bottom-style: solid !important;}\u00bb][\/vc_column][vc_column width=\u00bb1\/2&#8243;][vc_btn title=\u00bbFULLET\u00d3 DEL CONCURS\u00bb style=\u00bbflat\u00bb shape=\u00bbsquare\u00bb color=\u00bbwhite\u00bb size=\u00bblg\u00bb align=\u00bbcenter\u00bb button_block=\u00bbtrue\u00bb link=\u00bburl:https%3A%2F%2Fwww.aralleida.cat%2Fwp-content%2Fuploads%2F2021%2F08%2FARA-LLEIDA-32e-premi-Pica-dEstats-Bases-2021-CAT-ES-FR-ENG.pdf|title:Fullet%C3%B3%20del%20concurs\u00bb css=\u00bb.vc_custom_1634201500398{border-top-width: 1px !important;border-right-width: 1px !important;border-bottom-width: 1px !important;border-left-width: 1px !important;border-left-color: #000000 !important;border-left-style: solid !important;border-right-color: #000000 !important;border-right-style: solid !important;border-top-color: #000000 !important;border-top-style: solid !important;border-bottom-color: #000000 !important;border-bottom-style: solid !important;}\u00bb][\/vc_column][\/vc_row][vc_row][vc_column][\/vc_column][\/vc_row][vc_row content_placement=\u00bbmiddle\u00bb][vc_column][vc_separator css=\u00bb.vc_custom_1622281270353{margin-bottom: 0px !important;padding-bottom: 10px !important;}\u00bb][vc_row_inner content_placement=\u00bbmiddle\u00bb css=\u00bb.vc_custom_1622282111415{margin-top: 0px !important;margin-bottom: 0px !important;padding-top: 0px !important;padding-bottom: 0px !important;}\u00bb][vc_column_inner width=\u00bb5\/6&#8243; css=\u00bb.vc_custom_1622282003076{margin-top: 0px !important;margin-bottom: 0px !important;padding-top: 0px !important;padding-bottom: 0px !important;}\u00bb][vc_custom_heading text=\u00bbXXXII EDICI\u00d3N PREMIO PICA D&#8217;ESTATS\u00bb font_container=\u00bbtag:h3|font_size:22|text_align:left|color:%23727176&#8243; use_theme_fonts=\u00bbyes\u00bb css=\u00bb.vc_custom_1646124299275{margin-top: 0px !important;margin-bottom: 0px !important;padding-top: 0px !important;padding-bottom: 0px !important;}\u00bb][\/vc_column_inner][vc_column_inner width=\u00bb1\/6&#8243; css=\u00bb.vc_custom_1622282163790{margin-top: 0px !important;margin-bottom: 0px !important;padding-top: 0px !important;padding-bottom: 0px !important;}\u00bb][vc_single_image image=\u00bb197134&#8243; img_size=\u00bb40X40&#8243; alignment=\u00bbright\u00bb css_animation=\u00bbfadeInRight\u00bb css=\u00bb.vc_custom_1646049380650{margin-top: 0px !important;margin-bottom: 0px !important;padding-top: 0px !important;padding-bottom: 0px !important;}\u00bb][\/vc_column_inner][\/vc_row_inner][vc_separator css=\u00bb.vc_custom_1622281270353{margin-bottom: 0px !important;padding-bottom: 10px !important;}\u00bb][\/vc_column][\/vc_row][vc_row equal_height=\u00bbyes\u00bb][vc_column][vc_custom_heading text=\u00bbGaler\u00eda de fotos de la deliberaci\u00f3n\u00bb font_container=\u00bbtag:h4|font_size:18|text_align:left|color:%23000000&#8243; use_theme_fonts=\u00bbyes\u00bb][vc_gallery type=\u00bbimage_grid\u00bb images=\u00bb197148,197141,197155,197162,197169,197176,197183,197190,197197,197204,197211&#8243; img_size=\u00bb195&#215;195&#8243; css=\u00bb.vc_custom_1646055794863{background-color: #ededed !important;}\u00bb][\/vc_column][\/vc_row][vc_row equal_height=\u00bbyes\u00bb][vc_column][vc_custom_heading text=\u00bbNota de prensa\u00bb font_container=\u00bbtag:h4|font_size:18|text_align:left|color:%23000000&#8243; use_theme_fonts=\u00bbyes\u00bb][vc_single_image image=\u00bb235348&#8243; img_size=\u00bbmedium\u00bb alignment=\u00bbcenter\u00bb onclick=\u00bbcustom_link\u00bb img_link_target=\u00bb_blank\u00bb link=\u00bbhttps:\/\/aralleida.cat\/newnotes\/lliurament-guardons-premi-pica-estats\/\u00bb][\/vc_column][\/vc_row][vc_row equal_height=\u00bbyes\u00bb][vc_column][vc_custom_heading text=\u00bbRelaci\u00f3n de trabajos y periodistas premiados\u00bb font_container=\u00bbtag:h4|font_size:18|text_align:left|color:%23000000&#8243; use_theme_fonts=\u00bbyes\u00bb][vc_column_text css=\u00bb.vc_custom_1646124352486{padding-top: 20px !important;padding-right: 40px !important;padding-bottom: 20px !important;padding-left: 40px !important;background-color: #ededed !important;}\u00bb] Premio de Prensa escrita de informaci\u00f3n general para el reportaje \u201cLos Pirineos atraen Nuevos pobladores en tiempos de Covid\u201d, escrito por Rosa M. Bosch y publicado en el suplemento \u201cVivir Verano\u201d de\u00a0La Vanguardia. Premio de Prensa especializada en viajes y turismo para el reportaje \u201cLa Vall de Bo\u00ed. Rom\u00e1nico puro en el Pirineo\u201d, escrito por Elena del Amo Valero, con fotograf\u00edas de Llu\u00eds Davilla, publicado en la revista\u00a0Viajar. Premio de Televisi\u00f3n para el reportaje \u201cLes bruixes porten dol\u201d, elaborado por Anna Solana Tom\u00e1s y Pilar Granero Garrido y emitido por RTVE Catalunya. Premio de Radio para el reportaje \u201cParque Nacional de Aig\u00fcestortes i Estany de Sant Maurici. Turismo de Altura\u201d, de Jos\u00e9 Lorenzo D\u00edaz, emitido por la Cadena SER Ja\u00e9n. Premio de Prensa internacional para el reportaje \u201cL\u2019Urgell\u201d, escrito por Marie Costa y publicado en la revista\u00a0Cap Catalogne. Premio de Internet para el v\u00eddeo \u201cSuperjardins\u201d de Dami\u00e0 Chac\u00f3n Alb\u00e0, centrado en la floraci\u00f3n de los frutales del Baix Segre leridano. Premio al mejor trabajo de los Medios de comunicaci\u00f3n locales de las Tierras de Lleida para el programa \u201c\u00c8M C\u00d2 QU\u2019\u00c8M\u201d de Lleida TV, una serie de espacios en aran\u00e9s emitidos el a\u00f1o 2021 sobre la idea del periodista \u00d2scar Fern\u00e1ndez. Premio al mejor reportaje fotogr\u00e1fico y Premio especial Antonio Franco (dotado con 10.000 \u20ac) para el trabajo \u201cLa tardor s\u2019acomiada\/colors tardor\u201d, del periodista Edgar Aldana Anton, publicado en el suplemento\u00a0\u201cLectura\u201d\u00a0del diario\u00a0Segre. [\/vc_column_text][\/vc_column][\/vc_row][vc_row equal_height=\u00bbyes\u00bb][vc_column][vc_custom_heading text=\u00bbRelaci\u00f3n del jurado\u00bb font_container=\u00bbtag:h4|font_size:18|text_align:left|color:%23000000&#8243; use_theme_fonts=\u00bbyes\u00bb][vc_column_text css=\u00bb.vc_custom_1646124368985{padding-top: 20px !important;padding-right: 40px !important;padding-bottom: 20px !important;padding-left: 40px !important;background-color: #ededed !important;}\u00bb]Han formado el jurado de la 32\u00aa edici\u00f3n del Premio 11 destacados profesionales del mundo de la comunicaci\u00f3n. El decano del Colegio de Periodistas de Catalu\u00f1a, Joan Maria Morros, ha presidido el jurado y han actuado como vocales los\/las periodistas Lourdes Ballar\u00edn, Francesc Canosa, Santiago Costa, Josep Cun\u00ed, Pepa Fern\u00e1ndez, Llu\u00eds Foix, Francesc Guillaumet, Mariano Palac\u00edn, M\u00f2nica Terribas y Rafa Gimena, presidente en la demarcaci\u00f3n de Lleida del Colegio de Periodistas de Catalu\u00f1a. Ha ejercido de secretario del jurado el jefe de Promoci\u00f3n y Marketing del Patronato de Turismo, Juli Alegre.[\/vc_column_text][\/vc_column][\/vc_row][vc_row equal_height=\u00bbyes\u00bb][vc_column][vc_custom_heading text=\u00bbGaler\u00eda de fotos del acto de entrega del Pica d&#8217;Estats\u00bb font_container=\u00bbtag:h4|font_size:18|text_align:left|color:%23000000&#8243; use_theme_fonts=\u00bbyes\u00bb][vc_gallery type=\u00bbimage_grid\u00bb images=\u00bb235032,235039,235046,235053,235060,235067,235074,235081,235088,235095,235102,235109,235116,235123,235130,235137,235144&#8243; img_size=\u00bb195&#215;195&#8243;][\/vc_column][\/vc_row][vc_row][vc_column][\/vc_column][\/vc_row][vc_row bg_type=\u00bbbg_color\u00bb bg_override=\u00bbfull\u00bb bg_color_value=\u00bb#3a3a3a\u00bb][vc_column][vc_separator css=\u00bb.vc_custom_1622281270353{margin-bottom: 0px !important;padding-bottom: 10px !important;}\u00bb][vc_row_inner content_placement=\u00bbmiddle\u00bb css=\u00bb.vc_custom_1622282111415{margin-top: 0px !important;margin-bottom: 0px !important;padding-top: 0px !important;padding-bottom: 0px !important;}\u00bb][vc_column_inner width=\u00bb5\/6&#8243; css=\u00bb.vc_custom_1622282003076{margin-top: 0px !important;margin-bottom: 0px !important;padding-top: 0px !important;padding-bottom: 0px !important;}\u00bb][vc_custom_heading text=\u00bbEDICIONES ANTERIORES\u00bb font_container=\u00bbtag:h3|font_size:22|text_align:left|color:%23ffffff\u00bb use_theme_fonts=\u00bbyes\u00bb css=\u00bb.vc_custom_1646124750938{margin-top: 0px !important;margin-bottom: 0px !important;padding-top: 0px"}