
{"version":"1.0","provider_name":"Ara Lleida","provider_url":"https:\/\/aralleida.cat\/es\/","author_name":"Gerard Balcells","author_url":"https:\/\/aralleida.cat\/es\/author\/aralleida\/","title":"Premi Pica d'Estats 34a Edici\u00f3n","type":"rich","width":600,"height":338,"html":"<blockquote class=\"wp-embedded-content\" data-secret=\"OKsqrZn0Li\"><a href=\"https:\/\/aralleida.cat\/es\/premio-pica-destats-34-edicion\/\">Premi Pica d&#8217;Estats 34a Edici\u00f3n<\/a><\/blockquote><iframe sandbox=\"allow-scripts\" security=\"restricted\" src=\"https:\/\/aralleida.cat\/es\/premio-pica-destats-34-edicion\/embed\/#?secret=OKsqrZn0Li\" width=\"600\" height=\"338\" title=\"\u00abPremi Pica d&#8217;Estats 34a Edici\u00f3n\u00bb \u2014 Ara Lleida\" data-secret=\"OKsqrZn0Li\" frameborder=\"0\" marginwidth=\"0\" marginheight=\"0\" scrolling=\"no\" class=\"wp-embedded-content\"><\/iframe><script type=\"text\/javascript\">\n\/* <![CDATA[ *\/\n\/*! This file is auto-generated *\/\n!function(d,l){\"use strict\";l.querySelector&&d.addEventListener&&\"undefined\"!=typeof URL&&(d.wp=d.wp||{},d.wp.receiveEmbedMessage||(d.wp.receiveEmbedMessage=function(e){var t=e.data;if((t||t.secret||t.message||t.value)&&!\/[^a-zA-Z0-9]\/.test(t.secret)){for(var s,r,n,a=l.querySelectorAll('iframe[data-secret=\"'+t.secret+'\"]'),o=l.querySelectorAll('blockquote[data-secret=\"'+t.secret+'\"]'),c=new RegExp(\"^https?:$\",\"i\"),i=0;i<o.length;i++)o[i].style.display=\"none\";for(i=0;i<a.length;i++)s=a[i],e.source===s.contentWindow&&(s.removeAttribute(\"style\"),\"height\"===t.message?(1e3<(r=parseInt(t.value,10))?r=1e3:~~r<200&&(r=200),s.height=r):\"link\"===t.message&&(r=new URL(s.getAttribute(\"src\")),n=new URL(t.value),c.test(n.protocol))&&n.host===r.host&&l.activeElement===s&&(d.top.location.href=t.value))}},d.addEventListener(\"message\",d.wp.receiveEmbedMessage,!1),l.addEventListener(\"DOMContentLoaded\",function(){for(var e,t,s=l.querySelectorAll(\"iframe.wp-embedded-content\"),r=0;r<s.length;r++)(t=(e=s[r]).getAttribute(\"data-secret\"))||(t=Math.random().toString(36).substring(2,12),e.src+=\"#?secret=\"+t,e.setAttribute(\"data-secret\",t)),e.contentWindow.postMessage({message:\"ready\",secret:t},\"*\")},!1)))}(window,document);\n\/\/# sourceURL=https:\/\/aralleida.cat\/wp-includes\/js\/wp-embed.min.js\n\/* ]]> *\/\n<\/script>\n","description":"[vc_row full_width=\u00bbstretch_row_content\u00bb bg_type=\u00bbbg_color\u00bb bg_override=\u00bbex-full\u00bb bg_color_value=\u00bb#3c3c3b\u00bb css=\u00bb.vc_custom_1646053089620{margin-top: 0px !important;margin-bottom: 0px !important;padding-top: 0px !important;padding-bottom: 0px !important;}\u00bb][vc_column css=\u00bb.vc_custom_1605797593358{margin-top: 0px !important;margin-bottom: 0px !important;padding-top: 0px !important;padding-bottom: 0px !important;}\u00bb][\/vc_column][\/vc_row][vc_row full_width=\u00bbstretch_row_content\u00bb bg_type=\u00bbimage\u00bb parallax_style=\u00bbvcpb-vz-jquery\u00bb bg_image_new=\u00bbid^11314|url^https:\/\/aralleida.cat\/wp-content\/uploads\/2020\/05\/headerpicaHR.jpg|caption^null|alt^null|title^headerpicaHR|description^null\u00bb bg_image_repeat=\u00bbno-repeat\u00bb bg_override=\u00bbex-full\u00bb][vc_column][\/vc_column][\/vc_row][vc_row][vc_column][vc_single_image image=\u00bb342334&#8243; img_size=\u00bb\u00bb alignment=\u00bbcenter\u00bb css=\u00bb\u00bb][\/vc_column][\/vc_row][vc_row content_placement=\u00bbmiddle\u00bb][vc_column][vc_separator css=\u00bb.vc_custom_1622281270353{margin-bottom: 0px !important;padding-bottom: 10px !important;}\u00bb][vc_custom_heading text=\u00bbPremio Pica d&#8217;Estats\u00bb font_container=\u00bbtag:h1|font_size:28|text_align:center\u00bb use_theme_fonts=\u00bbyes\u00bb css=\u00bb.vc_custom_1718112921238{margin-top: 0px !important;padding-top: 0px !important;}\u00bb][vc_separator][\/vc_column][\/vc_row][vc_row equal_height=\u00bbyes\u00bb content_placement=\u00bbtop\u00bb][vc_column width=\u00bb1\/2&#8243;][vc_column_text css=\u00bb\u00bb] El\u00a0Patronato de Turismo de la Diputaci\u00f3n de Lleida\u00a0convoca el\u00a034\u00ba Premio Tur\u00edstico Internacional \u201cPica d\u2019Estats\u201d\u00a0de Prensa, Radio, Televisi\u00f3n e Internet, con una dotaci\u00f3n econ\u00f3mica de 48.000 \u20ac, distribuidos en 8 categor\u00edas. El Premio \u201cPica d\u2019Estats\u201d\u00a0va dirigido a los\u00a0profesionales de la informaci\u00f3n y la comunicaci\u00f3n\u00a0que han publicado o emitido trabajos period\u00edsticos en cualquier g\u00e9nero, extensi\u00f3n y formato posibles (radio, televisi\u00f3n, prensa e Internet) sobre los atractivos tur\u00edsticos del\u00a0Pirineo y las Tierras de Lleida. [\/vc_column_text][\/vc_column][vc_column width=\u00bb1\/2&#8243;][vc_column_text css=\u00bb\u00bb] El Premio \u00abPica d\u2019Estats\u00bb\u00a0es un galard\u00f3n de car\u00e1cter anual creado por el\u00a0Patronato de Turismo de la Diputaci\u00f3n de Lleida\u00a0destinado a reconocer y premiar los contenidos informativos elaborados por periodistas y creadores de contenidos que ayuden a divulgar, promocionar y proyectar en todo el mundo los recursos naturales, patrimoniales y culturales del\u00a0Pirineo y las Tierras de Lleida\u00a0e inspiren los viajes para conocer el destino y al mismo tiempo apoyar al sector tur\u00edstico como uno de los \u00e1mbitos econ\u00f3micos m\u00e1s importantes del territorio. El galard\u00f3n cuenta con un reconocimiento de prestigio, tanto por la calidad de los trabajos presentados como por el nivel de los miembros del jurado, adem\u00e1s del rigor y compromiso del\u00a0Colegio de Periodistas de Catalu\u00f1a, que hist\u00f3ricamente participa ejerciendo la presidencia del jurado. [\/vc_column_text][\/vc_column][\/vc_row][vc_row content_placement=\u00bbmiddle\u00bb][vc_column][vc_custom_heading text=\u00bbEdici\u00f3n 2023&#8243; font_container=\u00bbtag:h3|font_size:28|text_align:center|color:%230a0a0a\u00bb use_theme_fonts=\u00bbyes\u00bb css=\u00bb.vc_custom_1718112986875{margin-top: 0px !important;padding-top: 0px !important;}\u00bb][\/vc_column][\/vc_row][vc_row equal_height=\u00bbyes\u00bb][vc_column][vc_separator css=\u00bb.vc_custom_1676277052961{margin-bottom: 0px !important;padding-bottom: 10px !important;}\u00bb][vc_custom_heading text=\u00bbTrabajos y Periodistas premiados\u00bb font_container=\u00bbtag:h1|font_size:28|text_align:center\u00bb use_theme_fonts=\u00bbyes\u00bb css=\u00bb.vc_custom_1718113008706{margin-top: 0px !important;padding-top: 0px !important;}\u00bb][vc_separator][vc_column_text css=\u00bb\u00bb] La 34.\u00aa edici\u00f3n del Premio Tur\u00edstico Internacional Pica d\u2019Estats, que convoca el Patronato de Turismo de la Diputaci\u00f3n, recibi\u00f3 un total de 85 reportajes, de los cuales 63 correspond\u00edan a trabajos de \u00e1mbito estatal, 9 a obras de \u00e1mbito internacional y otros 13 a medios locales. El galard\u00f3n de Prensa escrita de informaci\u00f3n general ha sido para el art\u00edculo \u201cTemporada de laberints de Ponent\u201d, publicado por Albert Gonz\u00e1lez Farran en ell diario Ara el 17 de agosto de 2023. El premio de Prensa especializada en viajes y turismo ha reca\u00eddo en el art\u00edculo \u201cQuan els arbres tornen a casa\u201d, de Pep Coll, publicado en la revista Descobrir Catalunya el 1 de septiembre de 2023. El galard\u00f3n de Prensa internacional ha sido para el reportaje \u201cAu pays de l\u2019or jaune\u00a0: Les Garrigues, d\u00e9paysement garanti au c\u0153ur de la Catalogne\u00a0!\u201d, publicado en abril de 2023 por la periodista francesa Genevi\u00e8ve Clastres, en el blog La Feuille de Chou. El galard\u00f3n de Televisi\u00f3n se lo ha llevado el programa \u201cCarros de Foc, la travessa dels refugis\u201d, elaborado por Jordi Cadena y emitido por 3Cat el 21 de agosto de 2023. El galard\u00f3n de Radio ha reca\u00eddo en el programa especial \u201cFalles de Durro\u201d, realizado por Marta Romagosa dentro del espacio \u201cCatalunya al dia\u201d y emitido el 16 de junio de 2023 por 3Cat &#8211; Catalunya R\u00e0dio. En la categor\u00eda de mejor Reportaje fotogr\u00e1fico, ha sido premiado el reportaje gr\u00e1fico \u201cPallars: el territori m\u00e9s salvatge\u201d, del fot\u00f3grafo Roger Rovira, publicado en Descobrir Catalunya el 1 de septiembre de 2023 Como mejor trabajo de Internet, ha sido reconocido el reportaje \u201c20 anys del Parc Natural de l\u2019Alt Pirineu\u201d, publicado por Marc Obiols en YouTube el 1 de agosto de 2023. El galard\u00f3n de Medios de comunicaci\u00f3n locales de las Terres de Lleida ha sido para el trabajo \u201cEl Pirineu en globus\u201d, de Oriol Clavera, publicado el 4 de diciembre de 2022 en el dominical Lectura del diario Segre. El jurado del galard\u00f3n El jurado del premio se reuni\u00f3 el pasado 17 de febrero para decidir los ganadores de la 34.\u00aa edici\u00f3n del galard\u00f3n. La presidenta del Colegio de Periodistas de Catalu\u00f1a en la demarcaci\u00f3n de Lleida, Laura Alcalde, presidi\u00f3 el jurado por delegaci\u00f3n del decano del Colegio de Periodistas de Catalunya, Joan Maria Morros. Tambi\u00e9n formaron parte del jurado como vocales los periodistas Francesc Canosa, Noelia Casellas, Josep Cun\u00ed, Pepa Fern\u00e1ndez, Llu\u00eds Foix, Francesc Guillaumet, Anna S\u00e1ez, Mariano Palac\u00edn y M\u00f2nica Terribas. Como secretario del jurado ejerci\u00f3 el director del Patronato de Turismo de la Diputaci\u00f3, Juli Alegre. [\/vc_column_text][\/vc_column][\/vc_row][vc_row content_placement=\u00bbmiddle\u00bb][vc_column][vc_separator css=\u00bb.vc_custom_1622281270353{margin-bottom: 0px !important;padding-bottom: 10px !important;}\u00bb][vc_row_inner content_placement=\u00bbmiddle\u00bb css=\u00bb.vc_custom_1622282111415{margin-top: 0px !important;margin-bottom: 0px !important;padding-top: 0px !important;padding-bottom: 0px !important;}\u00bb][vc_column_inner css=\u00bb.vc_custom_1622282003076{margin-top: 0px !important;margin-bottom: 0px !important;padding-top: 0px !important;padding-bottom: 0px !important;}\u00bb][vc_custom_heading text=\u00bbGaler\u00eda de fotos del acto de entrega del Pica d&#8217;Estats\u00bb font_container=\u00bbtag:h3|font_size:22|text_align:left|color:%23727176&#8243; use_theme_fonts=\u00bbyes\u00bb css=\u00bb.vc_custom_1718113126209{margin-top: 0px !important;margin-bottom: 0px !important;padding-top: 0px !important;padding-bottom: 0px !important;}\u00bb][vc_gallery type=\u00bbimage_grid\u00bb images=\u00bb351345,351352,351359,351366,351373,351380,351387,351394,351401,351408,351415,351422&#8243; img_size=\u00bb195&#215;195&#8243; css=\u00bb\u00bb][vc_empty_space height=\u00bb60px\u00bb][\/vc_column_inner][\/vc_row_inner][\/vc_column][\/vc_row][vc_row bg_type=\u00bbbg_color\u00bb bg_override=\u00bbfull\u00bb bg_color_value=\u00bb#3a3a3a\u00bb][vc_column][vc_separator css=\u00bb.vc_custom_1622281270353{margin-bottom: 0px !important;padding-bottom: 10px !important;}\u00bb][vc_row_inner content_placement=\u00bbmiddle\u00bb css=\u00bb.vc_custom_1622282111415{margin-top: 0px !important;margin-bottom: 0px !important;padding-top: 0px !important;padding-bottom: 0px !important;}\u00bb][vc_column_inner width=\u00bb5\/6&#8243; css=\u00bb.vc_custom_1622282003076{margin-top: 0px !important;margin-bottom: 0px !important;padding-top: 0px !important;padding-bottom: 0px !important;}\u00bb][vc_custom_heading text=\u00bbEDICIONES ANTERIORES\u00bb font_container=\u00bbtag:h3|font_size:22|text_align:left|color:%23ffffff\u00bb use_theme_fonts=\u00bbyes\u00bb css=\u00bb.vc_custom_1718113141761{margin-top: 0px !important;margin-bottom: 0px !important;padding-top: 0px !important;padding-bottom: 0px !important;}\u00bb][\/vc_column_inner][vc_column_inner width=\u00bb1\/6&#8243; css=\u00bb.vc_custom_1622282163790{margin-top: 0px !important;margin-bottom: 0px !important;padding-top: 0px !important;padding-bottom: 0px !important;}\u00bb][vc_single_image image=\u00bb72294&#8243; img_size=\u00bblarge\u00bb][\/vc_column_inner][\/vc_row_inner][vc_separator][vc_row_inner equal_height=\u00bbyes\u00bb][vc_column_inner width=\u00bb1\/2&#8243;][vc_custom_heading text=\u00bbRelaci\u00f3n de los miembros del jurado del Premio Pica d\u2019Estats en las diferentes ediciones del galard\u00f3n\u00bb font_container=\u00bbtag:h4|font_size:18|text_align:left|color:%23ffffff\u00bb use_theme_fonts=\u00bbyes\u00bb css=\u00bb\u00bb][vc_column_text] [\/vc_column_text][\/vc_column_inner][vc_column_inner width=\u00bb1\/2&#8243;][vc_custom_heading text=\u00bbRelaci\u00f3n de galardonados del Premio \u00bbPica d&#8217;Estats\u00bb en las diferentes ediciones del galard\u00f3n\u00bb font_container=\u00bbtag:h4|font_size:18|text_align:left|color:%23ffffff\u00bb use_theme_fonts=\u00bbyes\u00bb css=\u00bb\u00bb][vc_column_text] [\/vc_column_text][\/vc_column_inner][\/vc_row_inner][vc_custom_heading text=\u00bbGaler\u00eda de fotos del acto de entrega del Pica d&#8217;Estats\u00bb font_container=\u00bbtag:h4|font_size:18|text_align:center|color:%23ffffff\u00bb use_theme_fonts=\u00bbyes\u00bb css=\u00bb\u00bb][vc_btn title=\u00bb33a EDICI\u00d3\u00bb align=\u00bbcenter\u00bb css=\u00bb\u00bb link=\u00bburl:https%3A%2F%2Fwww.aralleida.cat%2Fes%2Fpremio-pica-destats-33a-edicion%2F|target:_blank\u00bb][\/vc_column][\/vc_row][vc_row][vc_column][\/vc_column][\/vc_row]"}