
{"version":"1.0","provider_name":"Ara Lleida","provider_url":"https:\/\/aralleida.cat\/fr\/","author_name":"admin","author_url":"https:\/\/aralleida.cat\/fr\/author\/frame_zesv7n2g\/","title":"Dans l'atmosph\u00e8re intime de la For\u00eat de Pallerols","type":"rich","width":600,"height":338,"html":"<blockquote class=\"wp-embedded-content\" data-secret=\"GMPo2oUIuJ\"><a href=\"https:\/\/aralleida.cat\/fr\/banydebosc\/dans-latmosphere-intime-de-la-foret-de-pallerols\/\">Dans l&rsquo;atmosph\u00e8re intime de la For\u00eat de Pallerols<\/a><\/blockquote><iframe sandbox=\"allow-scripts\" security=\"restricted\" src=\"https:\/\/aralleida.cat\/fr\/banydebosc\/dans-latmosphere-intime-de-la-foret-de-pallerols\/embed\/#?secret=GMPo2oUIuJ\" width=\"600\" height=\"338\" title=\"\u00ab\u00a0Dans l&rsquo;atmosph\u00e8re intime de la For\u00eat de Pallerols\u00a0\u00bb &#8212; Ara Lleida\" data-secret=\"GMPo2oUIuJ\" frameborder=\"0\" marginwidth=\"0\" marginheight=\"0\" scrolling=\"no\" class=\"wp-embedded-content\"><\/iframe><script type=\"text\/javascript\">\n\/* <![CDATA[ *\/\n\/*! This file is auto-generated *\/\n!function(d,l){\"use strict\";l.querySelector&&d.addEventListener&&\"undefined\"!=typeof URL&&(d.wp=d.wp||{},d.wp.receiveEmbedMessage||(d.wp.receiveEmbedMessage=function(e){var t=e.data;if((t||t.secret||t.message||t.value)&&!\/[^a-zA-Z0-9]\/.test(t.secret)){for(var s,r,n,a=l.querySelectorAll('iframe[data-secret=\"'+t.secret+'\"]'),o=l.querySelectorAll('blockquote[data-secret=\"'+t.secret+'\"]'),c=new RegExp(\"^https?:$\",\"i\"),i=0;i<o.length;i++)o[i].style.display=\"none\";for(i=0;i<a.length;i++)s=a[i],e.source===s.contentWindow&&(s.removeAttribute(\"style\"),\"height\"===t.message?(1e3<(r=parseInt(t.value,10))?r=1e3:~~r<200&&(r=200),s.height=r):\"link\"===t.message&&(r=new URL(s.getAttribute(\"src\")),n=new URL(t.value),c.test(n.protocol))&&n.host===r.host&&l.activeElement===s&&(d.top.location.href=t.value))}},d.addEventListener(\"message\",d.wp.receiveEmbedMessage,!1),l.addEventListener(\"DOMContentLoaded\",function(){for(var e,t,s=l.querySelectorAll(\"iframe.wp-embedded-content\"),r=0;r<s.length;r++)(t=(e=s[r]).getAttribute(\"data-secret\"))||(t=Math.random().toString(36).substring(2,12),e.src+=\"#?secret=\"+t,e.setAttribute(\"data-secret\",t)),e.contentWindow.postMessage({message:\"ready\",secret:t},\"*\")},!1)))}(window,document);\n\/\/# sourceURL=https:\/\/aralleida.cat\/wp-includes\/js\/wp-embed.min.js\n\/* ]]> *\/\n<\/script>\n","thumbnail_url":"https:\/\/aralleida.cat\/wp-content\/uploads\/2022\/09\/Alt-Urgell-10.jpg","thumbnail_width":2304,"thumbnail_height":1536,"description":"Entour\u00e9 de hautes montagnes, l\u2019Alt Urgell est une r\u00e9gion particuli\u00e8rement montagneuse domin\u00e9e par les Pyr\u00e9n\u00e9es et les Pr\u00e9-Pyr\u00e9n\u00e9es. Le Sal\u00f2ria (2\u00a0783 m) et le Monturull (2\u00a0761 m) en sont les sommets les plus \u00e9lev\u00e9s et font partie des Pyr\u00e9n\u00e9es axiales. Dans la sierra du Cad\u00ed appara\u00eet le Canal Baridana qui culmine \u00e0 2\u00a0647 m\u00e8tres. Une partie de la r\u00e9gion est incluse dans le Parc naturel des Hautes-Pyr\u00e9n\u00e9es, le plus \u00e9tendu de Catalogne, tr\u00e8s riche en diversit\u00e9 biologique de par sa faune et sa flore. Les extensions bois\u00e9es de conif\u00e8res (des pin\u00e8des de pins \u00e0 crochet, de pins sylvestres et de sapins argent\u00e9s), les ch\u00eanaies, les boulaies et les fr\u00eanaies sont ses valeurs essentielles, de toute part elles surprennent de par la diversit\u00e9 de leurs verts et leur aspect grandiose. Ces paysages pyr\u00e9n\u00e9ens se conjuguent aux bois, aux p\u00e2turages et aux pr\u00e9s des sommets des vall\u00e9es et composent une mosa\u00efque tr\u00e8s vari\u00e9e et attrayante. Cette r\u00e9gion est en soi une immense for\u00eat qui offre un riche \u00e9ventail d\u2019espaces o\u00f9 profiter d\u2019un bain de for\u00eat, depuis la haute montagne, o\u00f9 domine la v\u00e9g\u00e9tation bor\u00e9o-alpine, jusqu\u2019\u00e0 la moyenne et basse montagne, domin\u00e9es par les ch\u00eanes blancs, les yeuses et d\u2019autres communaut\u00e9s d\u2019arbres int\u00e9ressantes qui pars\u00e8ment des for\u00eats d&rsquo;arbres \u00e0 feuilles caduques mixtes et des bouleaux, sans oublier les syst\u00e8mes aquatiques. La zone que nous vous proposons se situe dans la petite vall\u00e9e de Sant Miquel, \u00e0 c\u00f4t\u00e9 de Sant Joan de l\u2019Erm, dans le secteur ouest du terme de Montferrer et Castellb\u00f2. Une fois \u00e0 Sant Joan de l\u2019Erm, garez votre voiture au refuge de la Basseta. C\u2019est le point de d\u00e9part de nombreux itin\u00e9raires de difficult\u00e9s vari\u00e9es. Il y en a m\u00eame un, tr\u00e8s recommand\u00e9, adapt\u00e9 aux personnes \u00e0 mobilit\u00e9 r\u00e9duite. Tous ces itin\u00e9raires sont fantastiques pour un bain de for\u00eat ou pour combiner cette activit\u00e9 avec une randonn\u00e9e. Vous y trouverez un point d&rsquo;information sur le parc et diff\u00e9rents panneaux informatifs d\u00e9taillant les itin\u00e9raires et donnant des informations sur la zone. Rappelons que Sant Joan de l\u2019Erm est une station de ski nordique (elle est m\u00eame pionni\u00e8re dans ce sport) situ\u00e9e dans le Parc naturel des Hautes-Pyr\u00e9n\u00e9es et connue pour ses for\u00eats centenaires dans la vall\u00e9e de Santa Magdalena. Le refuge public de la Basseta, \u00e9quip\u00e9 pour pouvoir y loger, se situe \u00e0 1\u00a0700 m\u00e8tres et est la base de la station. Parmi les panneaux informatifs dont nous parlions, vous trouverez aussi ceux du r\u00e9seau de pistes de ski de fond qui s\u2019enfoncent dans les bois touffus de pins sylvestres, de pins \u00e0 crochet et de sapins argent\u00e9s. On peut atteindre la vall\u00e9e de Sant Miquel en voiture mais aussi \u00e0 pied, il y a 3,5 kilom\u00e8tres depuis le tournant o\u00f9 se trouve la fontaine, juste avant d&rsquo;arriver au refuge de la Basseta. Dans les deux cas, empruntez la piste foresti\u00e8re de gauche qui conduit au sanctuaire de Sant Joan de l\u2019Erm Nou. En voiture, apr\u00e8s le sanctuaire, prenez \u00e0 gauche la piste qui descend vers le col de Leix, continuez \u00e0 descendre jusqu&rsquo;au col de Leix o\u00f9 vous trouverez le croisement de plusieurs pistes. Suivez le poteau vertical en direction de la Casa forestal de Pallerols et de la vall\u00e9e de Sant Miquel, qui part vers la droite. Dans cette m\u00eame direction, vous trouverez l\u2019aire de repos du Bosc de Pallerols. Si vous souhaitez y aller \u00e0 pied, au lieu de vous diriger vers le sanctuaire de Sant Joan de l\u2019Erm, suivez les indications du col de Leix, puis celles de la Casa forestal de Pallerols et de l&rsquo;\u00e0rea d&rsquo;esbarjo (aire de loisirs) de Pallerols. Faites bien attention aux indications car il y a de nombreux croisements et bifurcations avant d\u2019atteindre la maison de la for\u00eat et\/ou l\u2019aire de d\u00e9tente de Pallerols. Vous pouvez aussi y arriver par Canturri, par la piste foresti\u00e8re qui conduit \u00e0 Sant Joan de l\u2019Erm Nou. Cet immense manoir, enclav\u00e9 entre le refuge de la Basseta et le refuge de Comes de Rubi\u00f3, est actuellement ferm\u00e9, mais il existe un projet int\u00e9ressant pour le transformer en centre de recherche. \u00c0 200 m\u00e8tres, sur l\u2019aire de d\u00e9tente vous verrez une maisonnette qui peut servir d\u2019abri. Attention, de fin novembre jusqu\u2019\u00e0 fin mai aucun v\u00e9hicule n&rsquo;a le droit de circuler sur certaines pistes. N&rsquo;h\u00e9sitez pas \u00e0 consulter le site web du parc pour plus de pr\u00e9cisions (parcsnaturals.gencat.cat\/altpirineu). L\u2019espace pour la pratique du bain de for\u00eat Une fois sur l\u2019aire de d\u00e9tente, prenez la piste en direction nord, o\u00f9 vous verrez une pancarte qui interdit la circulation motoris\u00e9e sauf pour les habitants de la zone et les services. Empruntez la passerelle pour traverser le torrent de Sant Miquel et prendre le chemin de gauche. Le torrent sera alors sur votre droite. La promenade consiste en un trajet circulaire qui, depuis l\u2019aire de d\u00e9tente de Pallerols, continue vers le Serrat de la Costa (juste au-dessus de la Font de l\u2019Orri), puis vers le Pla de Berbegu\u00e9s et, ensuite, l\u2019aire de d\u00e9tente qui ferme le cercle. Le circuit, d\u2019environ 3,1 km, avec un d\u00e9nivel\u00e9 l\u00e9ger de 90 m, est signal\u00e9 par des marques jaunes. Il est pens\u00e9 pour que l\u2019on puisse le parcourir tranquillement en une heure. D\u00e8s le d\u00e9but, vous vous sentirez plong\u00e9 dans une oasis de paix et d\u2019exub\u00e9rance de v\u00e9g\u00e9tation, cela ressemble au paradis. Ce n\u2019est pas en vain que cette for\u00eat est connue comme le Canada de la Catalogne. L&rsquo;eau cristalline du torrent, le chant des oiseaux, le vert intense de la v\u00e9g\u00e9tation, l\u2019explosion de couleurs en automne, l\u2019odeur des plantes et des fleurs, l\u2019air pur et impeccable, des nuages dessinant des formes dans le ciel d\u2019un bleu tr\u00e8s pur, des troupeaux de vaches et de vigoureux chevaux\u2026 Tout invite \u00e0 contempler l\u2019espace et \u00e0 aiguiser ses sens afin d\u2019\u00eatre plus conscients de tous les \u00e9l\u00e9ments qui nous entourent. C\u2019est surtout le pin sylvestre (Pinus silvestris) qui nous accompagnera. \u00c0 cette altitude, il est facile de le confondre avec le pin \u00e0 crochet (Pinus uncinata). \u00c0 mesure que vous avancerez, observez les branches des pins, vous"}