
{"version":"1.0","provider_name":"Ara Lleida","provider_url":"https:\/\/aralleida.cat\/fr\/","author_name":"admin","author_url":"https:\/\/aralleida.cat\/fr\/author\/frame_zesv7n2g\/","title":"L'ALTA RIBAGOR\u00c7A","type":"rich","width":600,"height":338,"html":"<blockquote class=\"wp-embedded-content\" data-secret=\"ClcutoA9Cw\"><a href=\"https:\/\/aralleida.cat\/fr\/patrimoni-immaterial\/lalta-ribagorca\/\">L&rsquo;ALTA RIBAGOR\u00c7A<\/a><\/blockquote><iframe sandbox=\"allow-scripts\" security=\"restricted\" src=\"https:\/\/aralleida.cat\/fr\/patrimoni-immaterial\/lalta-ribagorca\/embed\/#?secret=ClcutoA9Cw\" width=\"600\" height=\"338\" title=\"\u00ab\u00a0L&rsquo;ALTA RIBAGOR\u00c7A\u00a0\u00bb &#8212; Ara Lleida\" data-secret=\"ClcutoA9Cw\" frameborder=\"0\" marginwidth=\"0\" marginheight=\"0\" scrolling=\"no\" class=\"wp-embedded-content\"><\/iframe><script type=\"text\/javascript\">\n\/* <![CDATA[ *\/\n\/*! This file is auto-generated *\/\n!function(d,l){\"use strict\";l.querySelector&&d.addEventListener&&\"undefined\"!=typeof URL&&(d.wp=d.wp||{},d.wp.receiveEmbedMessage||(d.wp.receiveEmbedMessage=function(e){var t=e.data;if((t||t.secret||t.message||t.value)&&!\/[^a-zA-Z0-9]\/.test(t.secret)){for(var s,r,n,a=l.querySelectorAll('iframe[data-secret=\"'+t.secret+'\"]'),o=l.querySelectorAll('blockquote[data-secret=\"'+t.secret+'\"]'),c=new RegExp(\"^https?:$\",\"i\"),i=0;i<o.length;i++)o[i].style.display=\"none\";for(i=0;i<a.length;i++)s=a[i],e.source===s.contentWindow&&(s.removeAttribute(\"style\"),\"height\"===t.message?(1e3<(r=parseInt(t.value,10))?r=1e3:~~r<200&&(r=200),s.height=r):\"link\"===t.message&&(r=new URL(s.getAttribute(\"src\")),n=new URL(t.value),c.test(n.protocol))&&n.host===r.host&&l.activeElement===s&&(d.top.location.href=t.value))}},d.addEventListener(\"message\",d.wp.receiveEmbedMessage,!1),l.addEventListener(\"DOMContentLoaded\",function(){for(var e,t,s=l.querySelectorAll(\"iframe.wp-embedded-content\"),r=0;r<s.length;r++)(t=(e=s[r]).getAttribute(\"data-secret\"))||(t=Math.random().toString(36).substring(2,12),e.src+=\"#?secret=\"+t,e.setAttribute(\"data-secret\",t)),e.contentWindow.postMessage({message:\"ready\",secret:t},\"*\")},!1)))}(window,document);\n\/\/# sourceURL=https:\/\/aralleida.cat\/wp-includes\/js\/wp-embed.min.js\n\/* ]]> *\/\n<\/script>\n","description":"[vc_row full_width=\u00a0\u00bbstretch_row_content_no_spaces\u00a0\u00bb bg_type=\u00a0\u00bbbg_color\u00a0\u00bb bg_color_value=\u00a0\u00bb#3c3c3b\u00a0\u00bb css=\u00a0\u00bb.vc_custom_1605797650815{margin-top: 0px !important;margin-bottom: 0px !important;padding-top: 0px !important;padding-bottom: 0px !important;}\u00a0\u00bb][vc_column css=\u00a0\u00bb.vc_custom_1605797593358{margin-top: 0px !important;margin-bottom: 0px !important;padding-top: 0px !important;padding-bottom: 0px !important;}\u00a0\u00bb][\/vc_column][\/vc_row][vc_row full_width=\u00a0\u00bbstretch_row\u00a0\u00bb bg_type=\u00a0\u00bbimage\u00a0\u00bb parallax_style=\u00a0\u00bbvcpb-default\u00a0\u00bb bg_image_new=\u00a0\u00bbid^136844|url^https:\/\/aralleida.cat\/wp-content\/uploads\/2021\/10\/alta-ribagorca.jpg|caption^null|alt^null|title^alta-ribagorca|description^null\u00a0\u00bb bg_image_repeat=\u00a0\u00bbno-repeat\u00a0\u00bb][vc_column][\/vc_column][\/vc_row][vc_row full_width=\u00a0\u00bbstretch_row\u00a0\u00bb bg_type=\u00a0\u00bbbg_color\u00a0\u00bb bg_color_value=\u00a0\u00bb#ededed\u00a0\u00bb][vc_column][\/vc_column][\/vc_row][vc_row full_width=\u00a0\u00bbstretch_row\u00a0\u00bb bg_type=\u00a0\u00bbbg_color\u00a0\u00bb bg_color_value=\u00a0\u00bb#ededed\u00a0\u00bb css=\u00a0\u00bb.vc_custom_1630050828556{margin-top: 0px !important;border-top-width: 0px !important;padding-top: 0px !important;}\u00a0\u00bb][vc_column width=\u00a0\u00bb1\/6&Prime;][\/vc_column][vc_column width=\u00a0\u00bb2\/3&Prime;][vc_column_text] L\u2019ESSENCE AUTHENTIQUEMENT PYR\u00c9N\u00c9ENNE Nous sommes dans une terre authentique. Dans l\u2019Alta Ribagor\u00e7a, les Pyr\u00e9n\u00e9es conservent l\u2019essence d\u2019une culture mill\u00e9naire transmise \u00e0 travers des g\u00e9n\u00e9rations qui appr\u00e9cient chaque recoin de leur village. Nous nous trouvons dans un lieu b\u00e9ni des Dieux. Une terre qui arbore un patrimoine roman universel doubl\u00e9 d\u2019un \u00e9crin naturel de r\u00eave qui fait la fiert\u00e9 des habitants de ce district et qui a forg\u00e9 leur caract\u00e8re immuable au fil des si\u00e8cles.[\/vc_column_text][\/vc_column][vc_column width=\u00a0\u00bb1\/6&Prime;][\/vc_column][\/vc_row][vc_row css=\u00a0\u00bb.vc_custom_1629975809590{margin-top: 0px !important;padding-top: 0px !important;}\u00a0\u00bb][vc_column css=\u00a0\u00bb.vc_custom_1629975819882{margin-top: 0px !important;padding-top: 0px !important;}\u00a0\u00bb][\/vc_column][\/vc_row][vc_row][vc_column width=\u00a0\u00bb6\/12&Prime;][vc_column_text] Le voyage Nous savourons le patrimoine culturel immat\u00e9riel de l\u2019Alta Ribagor\u00e7a \u00e0 chaque f\u00eate des falles (descente aux flambeaux), \u00e0 chaque f\u00eate patronale qui suit un programme h\u00e9rit\u00e9 de l\u2019Antiquit\u00e9, ainsi qu\u2019\u00e0 chaque pas de danse. \u00c0 partir du mois de juin, le district vit l\u2019un de ses rites ancestraux avec les descentes aux flambeaux. Des festivit\u00e9s qui relient les jeunes \u00e0 leurs parents, grands-parents et anc\u00eatres dans une chor\u00e9graphie associ\u00e9e au feu qui repr\u00e9sente un v\u00e9ritable attachement au district et \u00e0 ses habitants. Dans l\u2019obscurit\u00e9 de la nuit de la Ribagor\u00e7a, nous nous purifions avec le feu que les habitants des Pyr\u00e9n\u00e9es nous ont l\u00e9gu\u00e9 et que nos anc\u00eatres nous ont appris \u00e0 respecter et \u00e0 aimer. Chaque village nous accueille \u00e0 sa mani\u00e8re \u00e0 l\u2019occasion de nuits inoubliables. Durro, Senet, Barruera, Bo\u00ed, Cas\u00f3s, El Pont de Suert, Vilaller, Erill la Vall, Ta\u00fcll et Llesp nous enflamment d\u2019\u00e9motion dans une f\u00eate qui nous lie \u00e0 cette terre pour toujours.[\/vc_column_text][\/vc_column][vc_column width=\u00a0\u00bb6\/12&Prime;][vc_column_text css=\u00a0\u00bb.vc_custom_1635322524225{margin-bottom: 14px !important;padding-bottom: 0px !important;}\u00a0\u00bb] Les incontournables [\/vc_column_text][vc_row_inner equal_height=\u00a0\u00bbyes\u00a0\u00bb css=\u00a0\u00bb.vc_custom_1630054455050{margin-top: 4px !important;margin-bottom: 0px !important;border-top-width: 0px !important;border-bottom-width: 0px !important;padding-top: 0px !important;padding-bottom: 0px !important;}\u00a0\u00bb][vc_column_inner css=\u00a0\u00bb.vc_custom_1635166356322{margin-top: 0px !important;margin-right: 13px !important;border-top-width: 0px !important;border-right-width: 0px !important;padding-top: 0px !important;padding-right: 0px !important;}\u00a0\u00bb][vc_column_text css=\u00a0\u00bb.vc_custom_1635322539693{margin-top: 0px !important;margin-right: 0px !important;margin-bottom: 3px !important;border-top-width: 0px !important;border-right-width: 0px !important;border-bottom-width: 0px !important;padding-top: 8px !important;padding-right: 0px !important;padding-bottom: 8px !important;padding-left: 30px !important;background-color: #ededed !important;}\u00a0\u00bb el_class=\u00a0\u00bbimpresc\u00a0\u00bb]Falles (descente aux flambeaux). La F\u00eate du feu. \u00c0 partir de la premi\u00e8re quinzaine de juin. Durro, Senet, Barruera, Bo\u00ed, Cas\u00f3s, El Pont de Suert, Vilaller, Erill la Vall, Ta\u00fcll et Llesp.[\/vc_column_text][\/vc_column_inner][\/vc_row_inner][\/vc_column][\/vc_row][vc_row][vc_column width=\u00a0\u00bb6\/12&Prime;][vc_column_text]Le district nous s\u00e9duit aussi en journ\u00e9e \u00e0 l\u2019heure de passer \u00e0 table. Les familles d\u2019Alta Ribagor\u00e7a sont rest\u00e9es fid\u00e8les aux traditions agricoles et culinaires et nous ont l\u00e9gu\u00e9 un panier de produits agro-alimentaires dot\u00e9s de la qualit\u00e9 des choses bien faites. Les vall\u00e9es aiment exposer aux r\u00e9sidents et aux visiteurs leurs meilleurs bestiaux, ainsi que les produits \u00e9labor\u00e9s \u00e0 base de viande et de lait dans les foires qui, comme dans un calendrier sacr\u00e9, se tiennent chaque ann\u00e9e dans chaque commune. Fin septembre, Barruera nous invite \u00e0 la Foire aux bestiaux pour admirer les \u00e9leveurs en train d\u2019acheter et de vendre les meilleurs sp\u00e9cimens dans le respect de la tradition. On y apprend \u00e9galement \u00e0 faucher \u00e0 la main tout en participant au salon de l\u2019artisanat des Pyr\u00e9n\u00e9es Le troisi\u00e8me dimanche d\u2019octobre, c\u2019est El Pont de Suert qui nous invite \u00e0 d\u00e9couvrir et savourer son tr\u00e9sor gastronomique le plus pr\u00e9cieux \u00e0 la Foire de la Girella. Un programme d\u2019activit\u00e9s nous apprend \u00e0 fabriquer cette saucisse n\u00e9e de la passion pour l\u2019agneau et \u00e0 la d\u00e9guster dans le meilleur des environnements, accompagn\u00e9s des traditions et commerces locaux. D\u00e9but novembre, Vilaller occupe le centre du district avec sa Foire de la Toussaint, la plus ancienne de celles qui se d\u00e9roulent \u00e0 l\u2019Alta Ribagor\u00e7a. C\u2019est l\u2019occasion de fl\u00e2ner entre une exposition de b\u00e9tail et de se passionner pour le concours de la vache brune tout en d\u00e9gustant les meilleures girelles (saucisses \u00e0 base d\u2019agneau). Un v\u00e9ritable voyage \u00e0 travers l\u2019\u00e2me vivante du district.\u00a0 \u00a0 Ce parcours au gr\u00e9 des rencontres traditionnelles nous r\u00e9serve un rendez-vous sp\u00e9cial \u00e0 la F\u00eate de la Confr\u00e9rie de Saint S\u00e9bastien de Pont de Suert, qui date de 1503 et a perdur\u00e9 jusqu\u2019\u00e0 nos jours comme l\u2019une des grandes manifestations de la culture populaire immat\u00e9rielle du secteur. Les 19, 20 et 21\u00a0janvier, les foyers s\u2019impliquent dans le renouvellement des v\u0153ux \u00e0 Saint S\u00e9bastien \u00e0 travers une f\u00eate qui conjugue le plaisir de la bonne ch\u00e8re, des rassemblements fraternels et des mets h\u00e9rit\u00e9s de nos a\u00efeules comme le rago\u00fbt d\u2019agneau, le pot-au-feu, les soupes au pain, la vianda (grosse soupe \u00e0 base de viande et de l\u00e9gumes) et l\u2019incontournable freginat (plat \u00e0 base d\u2019agneau avec une sauce au miel). Trois journ\u00e9es d\u2019immersion totale dans la culture pyr\u00e9n\u00e9enne.[\/vc_column_text][\/vc_column][vc_column width=\u00a0\u00bb6\/12&Prime;][vc_row_inner equal_height=\u00a0\u00bbyes\u00a0\u00bb css=\u00a0\u00bb.vc_custom_1630056473450{margin-top: 6px !important;margin-bottom: 0px !important;border-top-width: 0px !important;border-bottom-width: 0px !important;padding-top: 0px !important;padding-bottom: 0px !important;}\u00a0\u00bb][vc_column_inner width=\u00a0\u00bb9\/12&Prime; css=\u00a0\u00bb.vc_custom_1629982630107{margin-top: 0px !important;margin-right: 0px !important;border-top-width: 0px !important;border-right-width: 0px !important;padding-top: 0px !important;padding-right: 0px !important;}\u00a0\u00bb][vc_column_text css=\u00a0\u00bb.vc_custom_1635322553741{margin-top: 0px !important;margin-right: 0px !important;margin-bottom: 3px !important;border-top-width: 0px !important;border-right-width: 0px !important;border-bottom-width: 0px !important;padding-top: 8px !important;padding-right: 0px !important;padding-bottom: 8px !important;padding-left: 30px !important;background-color: #ededed !important;}\u00a0\u00bb el_class=\u00a0\u00bbimpresc\u00a0\u00bb]Foire aux bestiaux de Barruera. Fin septembre.[\/vc_column_text][\/vc_column_inner][vc_column_inner width=\u00a0\u00bb3\/12&Prime; css=\u00a0\u00bb.vc_custom_1629982622928{margin-top: 0px !important;margin-left: 0px !important;border-top-width: 0px !important;border-left-width: 0px !important;padding-top: 0px !important;padding-left: 0px !important;}\u00a0\u00bb][vc_single_image image=\u00a0\u00bb136678&Prime; img_size=\u00a0\u00bbfull\u00a0\u00bb onclick=\u00a0\u00bblink_image\u00a0\u00bb css=\u00a0\u00bb.vc_custom_1635166415210{margin-right: 0px !important;margin-left: 0px !important;border-right-width: 0px !important;border-left-width: 0px !important;padding-right: 0px !important;padding-left: 0px !important;}\u00a0\u00bb el_class=\u00a0\u00bbfoto-patr\u00a0\u00bb][\/vc_column_inner][\/vc_row_inner][vc_row_inner equal_height=\u00a0\u00bbyes\u00a0\u00bb css=\u00a0\u00bb.vc_custom_1630056473450{margin-top: 6px !important;margin-bottom: 0px !important;border-top-width: 0px !important;border-bottom-width: 0px !important;padding-top: 0px !important;padding-bottom: 0px !important;}\u00a0\u00bb][vc_column_inner width=\u00a0\u00bb9\/12&Prime; css=\u00a0\u00bb.vc_custom_1629982630107{margin-top: 0px !important;margin-right: 0px !important;border-top-width: 0px !important;border-right-width: 0px !important;padding-top: 0px !important;padding-right: 0px !important;}\u00a0\u00bb][vc_column_text css=\u00a0\u00bb.vc_custom_1635322567583{margin-top: 0px !important;margin-right: 0px !important;margin-bottom: 3px !important;border-top-width: 0px !important;border-right-width: 0px !important;border-bottom-width: 0px !important;padding-top: 8px !important;padding-right: 0px !important;padding-bottom: 8px !important;padding-left: 30px !important;background-color: #ededed !important;}\u00a0\u00bb el_class=\u00a0\u00bbimpresc\u00a0\u00bb]Foire de la Girella (saucisse \u00e0 base d\u2019agneau) de Pont de Suert. Troisi\u00e8me dimanche d\u2019octobre.[\/vc_column_text][\/vc_column_inner][vc_column_inner width=\u00a0\u00bb3\/12&Prime; css=\u00a0\u00bb.vc_custom_1635166551849{margin-top: 0px !important;margin-bottom: 0px !important;margin-left: 0px !important;border-top-width: 0px !important;border-bottom-width: 0px !important;border-left-width: 0px !important;padding-top: 0px !important;padding-bottom: 0px !important;padding-left: 0px !important;}\u00a0\u00bb][vc_single_image image=\u00a0\u00bb136706&Prime; img_size=\u00a0\u00bbfull\u00a0\u00bb onclick=\u00a0\u00bblink_image\u00a0\u00bb css=\u00a0\u00bb.vc_custom_1635166473470{margin-right: 0px !important;margin-left: 0px !important;border-right-width: 0px !important;border-left-width: 0px !important;padding-right: 0px !important;padding-left: 0px !important;}\u00a0\u00bb el_class=\u00a0\u00bbfoto-patr\u00a0\u00bb][\/vc_column_inner][\/vc_row_inner][vc_row_inner equal_height=\u00a0\u00bbyes\u00a0\u00bb css=\u00a0\u00bb.vc_custom_1630056473450{margin-top: 6px !important;margin-bottom: 0px !important;border-top-width: 0px !important;border-bottom-width: 0px !important;padding-top: 0px !important;padding-bottom: 0px !important;}\u00a0\u00bb][vc_column_inner css=\u00a0\u00bb.vc_custom_1635166536659{margin-top: 0px !important;margin-right: 13px !important;border-top-width: 0px !important;border-right-width: 0px !important;padding-top: 0px !important;padding-right: 0px !important;}\u00a0\u00bb][vc_column_text css=\u00a0\u00bb.vc_custom_1635322579913{margin-top: 0px !important;margin-right: 0px !important;margin-bottom: 3px !important;border-top-width: 0px !important;border-right-width: 0px !important;border-bottom-width: 0px !important;padding-top: 8px !important;padding-right: 0px !important;padding-bottom: 8px !important;padding-left: 30px !important;background-color: #ededed !important;}\u00a0\u00bb"}