
{"version":"1.0","provider_name":"Ara Lleida","provider_url":"https:\/\/aralleida.cat\/fr\/","author_name":"admin","author_url":"https:\/\/aralleida.cat\/fr\/author\/frame_zesv7n2g\/","title":"VAL D'ARAN","type":"rich","width":600,"height":338,"html":"<blockquote class=\"wp-embedded-content\" data-secret=\"tJuUaiVrL3\"><a href=\"https:\/\/aralleida.cat\/fr\/patrimoni-immaterial\/val-daran\/\">VAL D&rsquo;ARAN<\/a><\/blockquote><iframe sandbox=\"allow-scripts\" security=\"restricted\" src=\"https:\/\/aralleida.cat\/fr\/patrimoni-immaterial\/val-daran\/embed\/#?secret=tJuUaiVrL3\" width=\"600\" height=\"338\" title=\"\u00ab\u00a0VAL D&rsquo;ARAN\u00a0\u00bb &#8212; Ara Lleida\" data-secret=\"tJuUaiVrL3\" frameborder=\"0\" marginwidth=\"0\" marginheight=\"0\" scrolling=\"no\" class=\"wp-embedded-content\"><\/iframe><script type=\"text\/javascript\">\n\/* <![CDATA[ *\/\n\/*! This file is auto-generated *\/\n!function(d,l){\"use strict\";l.querySelector&&d.addEventListener&&\"undefined\"!=typeof URL&&(d.wp=d.wp||{},d.wp.receiveEmbedMessage||(d.wp.receiveEmbedMessage=function(e){var t=e.data;if((t||t.secret||t.message||t.value)&&!\/[^a-zA-Z0-9]\/.test(t.secret)){for(var s,r,n,a=l.querySelectorAll('iframe[data-secret=\"'+t.secret+'\"]'),o=l.querySelectorAll('blockquote[data-secret=\"'+t.secret+'\"]'),c=new RegExp(\"^https?:$\",\"i\"),i=0;i<o.length;i++)o[i].style.display=\"none\";for(i=0;i<a.length;i++)s=a[i],e.source===s.contentWindow&&(s.removeAttribute(\"style\"),\"height\"===t.message?(1e3<(r=parseInt(t.value,10))?r=1e3:~~r<200&&(r=200),s.height=r):\"link\"===t.message&&(r=new URL(s.getAttribute(\"src\")),n=new URL(t.value),c.test(n.protocol))&&n.host===r.host&&l.activeElement===s&&(d.top.location.href=t.value))}},d.addEventListener(\"message\",d.wp.receiveEmbedMessage,!1),l.addEventListener(\"DOMContentLoaded\",function(){for(var e,t,s=l.querySelectorAll(\"iframe.wp-embedded-content\"),r=0;r<s.length;r++)(t=(e=s[r]).getAttribute(\"data-secret\"))||(t=Math.random().toString(36).substring(2,12),e.src+=\"#?secret=\"+t,e.setAttribute(\"data-secret\",t)),e.contentWindow.postMessage({message:\"ready\",secret:t},\"*\")},!1)))}(window,document);\n\/\/# sourceURL=https:\/\/aralleida.cat\/wp-includes\/js\/wp-embed.min.js\n\/* ]]> *\/\n<\/script>\n","description":"[vc_row full_width=\u00a0\u00bbstretch_row_content_no_spaces\u00a0\u00bb bg_type=\u00a0\u00bbbg_color\u00a0\u00bb bg_color_value=\u00a0\u00bb#3c3c3b\u00a0\u00bb css=\u00a0\u00bb.vc_custom_1605797650815{margin-top: 0px !important;margin-bottom: 0px !important;padding-top: 0px !important;padding-bottom: 0px !important;}\u00a0\u00bb][vc_column css=\u00a0\u00bb.vc_custom_1605797593358{margin-top: 0px !important;margin-bottom: 0px !important;padding-top: 0px !important;padding-bottom: 0px !important;}\u00a0\u00bb][\/vc_column][\/vc_row][vc_row full_width=\u00a0\u00bbstretch_row\u00a0\u00bb bg_type=\u00a0\u00bbimage\u00a0\u00bb parallax_style=\u00a0\u00bbvcpb-default\u00a0\u00bb bg_image_new=\u00a0\u00bbid^133497|url^https:\/\/aralleida.cat\/wp-content\/uploads\/2021\/10\/portada-val-daran.jpg|caption^null|alt^null|title^portada-val-daran|description^null\u00a0\u00bb bg_image_repeat=\u00a0\u00bbno-repeat\u00a0\u00bb][vc_column][\/vc_column][\/vc_row][vc_row full_width=\u00a0\u00bbstretch_row\u00a0\u00bb bg_type=\u00a0\u00bbbg_color\u00a0\u00bb bg_color_value=\u00a0\u00bb#ededed\u00a0\u00bb][vc_column][\/vc_column][\/vc_row][vc_row full_width=\u00a0\u00bbstretch_row\u00a0\u00bb bg_type=\u00a0\u00bbbg_color\u00a0\u00bb bg_color_value=\u00a0\u00bb#ededed\u00a0\u00bb css=\u00a0\u00bb.vc_custom_1630050828556{margin-top: 0px !important;border-top-width: 0px !important;padding-top: 0px !important;}\u00a0\u00bb][vc_column width=\u00a0\u00bb1\/6&Prime;][\/vc_column][vc_column width=\u00a0\u00bb2\/3&Prime;][vc_column_text] UNE CULTURE GAGN\u00c9E \u00c0 L\u2019HISTOIRE Ce voyage dans les Pyr\u00e9n\u00e9es anciennes nous d\u00e9voile soudainement un monde nouveau. Le Val d\u2019Aran se pr\u00e9sente \u00e0 nous depuis l\u2019immensit\u00e9 de ses hauteurs, comme un univers de pr\u00e9s verts et de villages en pierre sombre qui rec\u00e8lent une tradition mill\u00e9naire. C\u2019est une terre riche en culture h\u00e9rit\u00e9e des familles historiques de la vall\u00e9e. Tout ce que nous y percevons et y touchons est le fruit de nombreuses g\u00e9n\u00e9rations.[\/vc_column_text][\/vc_column][vc_column width=\u00a0\u00bb1\/6&Prime;][\/vc_column][\/vc_row][vc_row css=\u00a0\u00bb.vc_custom_1629975809590{margin-top: 0px !important;padding-top: 0px !important;}\u00a0\u00bb][vc_column css=\u00a0\u00bb.vc_custom_1629975819882{margin-top: 0px !important;padding-top: 0px !important;}\u00a0\u00bb][\/vc_column][\/vc_row][vc_row][vc_column width=\u00a0\u00bb6\/12&Prime;][vc_column_text]Nous nous trouvons dans une vall\u00e9e dot\u00e9e de sa propre langue. Quelle merveille d\u2019\u00e9couter ses habitants parler dans un aranais que l\u2019on comprend parfois \u00e0 demi-mots. Croisement de langues voisines comme la vie des habitants des Pyr\u00e9n\u00e9es \u00e0 la crois\u00e9e des chemins, l\u2019Aranais est la langue occitane du Val d\u2019Aran, avec des racines romanes et une variante du gascon. Les r\u00e9sidents de ce coin d\u2019Occitanie la ch\u00e9rissent comme un tr\u00e9sor. \u00a0 Le Val d\u2019Aran nous invite \u00e0 un riche calendrier de rassemblements. Des f\u00eates o\u00f9 l\u2019important sont les retrouvailles entre amis et familles qui parlent la m\u00eame langue et qui se savent unis par une identit\u00e9. Au rassemblement de Montgarri d\u00e9but juillet, on se souvient comment jadis l\u2019Aran s\u2019ouvrait de nouveau aux r\u00e9gions voisines apr\u00e8s l\u2019hiver. La nuit, la passion pour la terre nous r\u00e9v\u00e8le \u00e9galement un \u00e9ventail de croyances que l\u2019on d\u00e9fend comme une v\u00e9ritable religion dans certains foyers. La vall\u00e9e se livre aux esprits de la nuit et la de nature la nuit de la Saint-Jean \u00e0 l\u2019occasion de la Crema der Haro de Les. Le village br\u00fble ainsi un gros tronc de sapin sur la place dans un rituel qui rend hommage \u00e0 la nature et \u00e0 ses habitants. En voyant ainsi br\u00fbler le Haro et les halhes, des flambeaux fabriqu\u00e9s en \u00e9corce de cerisier, nous savons qu\u2019il n\u2019y a pas de meilleure fa\u00e7on d\u2019accueillir le nouvel \u00e9t\u00e9. La m\u00eame nuit, on retrouve \u00e9galement \u00e0 Arties era crema deth taro, une autre nuit de feu, de musique et d\u2019\u00e9motions \u00e0 la m\u00e9moire des agriculteurs et des habitants du village qui ont pr\u00e9serv\u00e9 et travaill\u00e9 cette terre. De ce travail manuel est n\u00e9e une gastronomie qui nous invite \u00e0 sa table. L\u2019Olla Aranesa se pr\u00e9sente comme une recette qui r\u00e9unit tout ce que le paysage a de bon. Nous mangeons en sachant que chaque cuiller\u00e9e nous donne la force n\u00e9cessaire pour vivre au c\u0153ur des Pyr\u00e9n\u00e9es. B\u0153uf, porc, poulets, queue de b\u0153uf, carottes, pois chiches, riz, saucisse&#8230; c\u2019est ainsi que la vall\u00e9e d\u00e9file du pr\u00e9 \u00e0 la basse-cour, puis de la cuisine \u00e0 l\u2019assiette. \u00a0[\/vc_column_text][\/vc_column][vc_column width=\u00a0\u00bb6\/12&Prime;][vc_column_text css=\u00a0\u00bb.vc_custom_1635326273693{margin-bottom: 14px !important;padding-bottom: 0px !important;}\u00a0\u00bb] Les incontournables [\/vc_column_text][vc_row_inner equal_height=\u00a0\u00bbyes\u00a0\u00bb css=\u00a0\u00bb.vc_custom_1630054455050{margin-top: 4px !important;margin-bottom: 0px !important;border-top-width: 0px !important;border-bottom-width: 0px !important;padding-top: 0px !important;padding-bottom: 0px !important;}\u00a0\u00bb][vc_column_inner width=\u00a0\u00bb9\/12&Prime; css=\u00a0\u00bb.vc_custom_1629982630107{margin-top: 0px !important;margin-right: 0px !important;border-top-width: 0px !important;border-right-width: 0px !important;padding-top: 0px !important;padding-right: 0px !important;}\u00a0\u00bb][vc_column_text css=\u00a0\u00bb.vc_custom_1635326288570{margin-top: 0px !important;margin-right: 0px !important;margin-bottom: 3px !important;border-top-width: 0px !important;border-right-width: 0px !important;border-bottom-width: 0px !important;padding-top: 8px !important;padding-right: 0px !important;padding-bottom: 8px !important;padding-left: 30px !important;background-color: #ededed !important;}\u00a0\u00bb el_class=\u00a0\u00bbimpresc\u00a0\u00bb]Rassemblement de Montgarri. Deux\u00a0juillet.[\/vc_column_text][\/vc_column_inner][vc_column_inner width=\u00a0\u00bb3\/12&Prime; css=\u00a0\u00bb.vc_custom_1629982622928{margin-top: 0px !important;margin-left: 0px !important;border-top-width: 0px !important;border-left-width: 0px !important;padding-top: 0px !important;padding-left: 0px !important;}\u00a0\u00bb][vc_single_image image=\u00a0\u00bb133444&Prime; img_size=\u00a0\u00bbfull\u00a0\u00bb onclick=\u00a0\u00bblink_image\u00a0\u00bb css=\u00a0\u00bb.vc_custom_1634742450608{margin-right: 0px !important;margin-left: 0px !important;border-right-width: 0px !important;border-left-width: 0px !important;padding-right: 0px !important;padding-left: 0px !important;}\u00a0\u00bb el_class=\u00a0\u00bbfoto-patr\u00a0\u00bb][\/vc_column_inner][\/vc_row_inner][vc_row_inner equal_height=\u00a0\u00bbyes\u00a0\u00bb css=\u00a0\u00bb.vc_custom_1629982614640{margin-top: 0px !important;margin-bottom: 0px !important;border-top-width: 0px !important;border-bottom-width: 0px !important;padding-top: 0px !important;padding-bottom: 0px !important;}\u00a0\u00bb][vc_column_inner width=\u00a0\u00bb9\/12&Prime; css=\u00a0\u00bb.vc_custom_1629982630107{margin-top: 0px !important;margin-right: 0px !important;border-top-width: 0px !important;border-right-width: 0px !important;padding-top: 0px !important;padding-right: 0px !important;}\u00a0\u00bb][vc_column_text css=\u00a0\u00bb.vc_custom_1635326308510{margin-top: 0px !important;margin-right: 0px !important;margin-bottom: 3px !important;border-top-width: 0px !important;border-right-width: 0px !important;border-bottom-width: 0px !important;padding-top: 8px !important;padding-right: 0px !important;padding-bottom: 8px !important;padding-left: 30px !important;background-color: #ededed !important;}\u00a0\u00bb el_class=\u00a0\u00bbimpresc\u00a0\u00bb]Era Crema der Haro de Les. Nuit du 23\u00a0juin.[\/vc_column_text][\/vc_column_inner][vc_column_inner width=\u00a0\u00bb3\/12&Prime; css=\u00a0\u00bb.vc_custom_1629982622928{margin-top: 0px !important;margin-left: 0px !important;border-top-width: 0px !important;border-left-width: 0px !important;padding-top: 0px !important;padding-left: 0px !important;}\u00a0\u00bb][vc_single_image image=\u00a0\u00bb133437&Prime; img_size=\u00a0\u00bbfull\u00a0\u00bb onclick=\u00a0\u00bblink_image\u00a0\u00bb css=\u00a0\u00bb.vc_custom_1634742410088{margin-right: 0px !important;margin-left: 0px !important;border-right-width: 0px !important;border-left-width: 0px !important;padding-right: 0px !important;padding-left: 0px !important;}\u00a0\u00bb el_class=\u00a0\u00bbfoto-patr\u00a0\u00bb][\/vc_column_inner][\/vc_row_inner][vc_row_inner equal_height=\u00a0\u00bbyes\u00a0\u00bb css=\u00a0\u00bb.vc_custom_1629982614640{margin-top: 0px !important;margin-bottom: 0px !important;border-top-width: 0px !important;border-bottom-width: 0px !important;padding-top: 0px !important;padding-bottom: 0px !important;}\u00a0\u00bb][vc_column_inner width=\u00a0\u00bb9\/12&Prime; css=\u00a0\u00bb.vc_custom_1629982630107{margin-top: 0px !important;margin-right: 0px !important;border-top-width: 0px !important;border-right-width: 0px !important;padding-top: 0px !important;padding-right: 0px !important;}\u00a0\u00bb][vc_column_text css=\u00a0\u00bb.vc_custom_1635326319262{margin-top: 0px !important;margin-right: 0px !important;margin-bottom: 3px !important;border-top-width: 0px !important;border-right-width: 0px !important;border-bottom-width: 0px !important;padding-top: 8px !important;padding-right: 0px !important;padding-bottom: 8px !important;padding-left: 30px !important;background-color: #ededed !important;}\u00a0\u00bb el_class=\u00a0\u00bbimpresc\u00a0\u00bb]Era Crema deth Taro d\u2019Arties. Nuit du 23\u00a0juin.[\/vc_column_text][\/vc_column_inner][vc_column_inner width=\u00a0\u00bb3\/12&Prime; css=\u00a0\u00bb.vc_custom_1629982622928{margin-top: 0px !important;margin-left: 0px !important;border-top-width: 0px !important;border-left-width: 0px !important;padding-top: 0px !important;padding-left: 0px !important;}\u00a0\u00bb][vc_single_image image=\u00a0\u00bb133430&Prime; img_size=\u00a0\u00bbfull\u00a0\u00bb onclick=\u00a0\u00bblink_image\u00a0\u00bb css=\u00a0\u00bb.vc_custom_1634742312023{margin-right: 0px !important;margin-left: 0px !important;border-right-width: 0px !important;border-left-width: 0px !important;padding-right: 0px !important;padding-left: 0px !important;}\u00a0\u00bb el_class=\u00a0\u00bbfoto-patr\u00a0\u00bb][\/vc_column_inner][\/vc_row_inner][vc_row_inner equal_height=\u00a0\u00bbyes\u00a0\u00bb css=\u00a0\u00bb.vc_custom_1629982614640{margin-top: 0px !important;margin-bottom: 0px !important;border-top-width: 0px !important;border-bottom-width: 0px !important;padding-top: 0px !important;padding-bottom: 0px !important;}\u00a0\u00bb][vc_column_inner width=\u00a0\u00bb9\/12&Prime; css=\u00a0\u00bb.vc_custom_1629982630107{margin-top: 0px !important;margin-right: 0px !important;border-top-width: 0px !important;border-right-width: 0px !important;padding-top: 0px !important;padding-right: 0px !important;}\u00a0\u00bb][vc_column_text css=\u00a0\u00bb.vc_custom_1635326333520{margin-top: 0px !important;margin-right: 0px !important;margin-bottom: 3px !important;border-top-width: 0px !important;border-right-width: 0px !important;border-bottom-width: 0px !important;padding-top: 8px !important;padding-right: 0px !important;padding-bottom: 8px !important;padding-left: 30px !important;background-color: #ededed !important;}\u00a0\u00bb el_class=\u00a0\u00bbimpresc\u00a0\u00bb]Gastronomie. Olla Aranesa.[\/vc_column_text][\/vc_column_inner][vc_column_inner width=\u00a0\u00bb3\/12&Prime; css=\u00a0\u00bb.vc_custom_1629982622928{margin-top: 0px !important;margin-left: 0px !important;border-top-width: 0px !important;border-left-width: 0px !important;padding-top: 0px !important;padding-left: 0px !important;}\u00a0\u00bb][vc_single_image image=\u00a0\u00bb133474&Prime; img_size=\u00a0\u00bbfull\u00a0\u00bb onclick=\u00a0\u00bblink_image\u00a0\u00bb css=\u00a0\u00bb.vc_custom_1634742799655{margin-right: 0px !important;margin-left: 0px !important;border-right-width: 0px !important;border-left-width: 0px !important;padding-right: 0px !important;padding-left: 0px !important;}\u00a0\u00bb el_class=\u00a0\u00bbfoto-patr\u00a0\u00bb][\/vc_column_inner][\/vc_row_inner][\/vc_column][\/vc_row][vc_row][vc_column width=\u00a0\u00bb6\/12&Prime;][vc_column_text]Le Val d\u2019Aran, c\u2019est aussi un monde de musique et de joie qui se traduit par un catalogue de danses traditionnelles qui colorent chaque ann\u00e9e les places. On le comprendra, tout dans cet univers montagnard est li\u00e9 \u00e0 la routine historique. On observe avec int\u00e9r\u00eat que les danses sont associ\u00e9es aux travaux de la terre ainsi qu\u2019aux moments les plus solennels de la soci\u00e9t\u00e9. Les chor\u00e9graphies et les costumes paysans et de f\u00eate sont empreints d\u2019influences catalanes, gasconnes et aragonaises. Jupe, jupons, pantalon, tablier, chemisier blanc, corset, foulard et chapeau de paille. Un collage de couleurs et de sons qui repr\u00e9sente la bande-son de cette vall\u00e9e. On voit les couples et les groupes danser eth Cadrih ou era Aubada et tout cela nous semble constituer des chor\u00e9graphies indissociables du paysage. Des festivit\u00e9s comme celle de Santa Creu de Salard\u00fa, v\u00e9cues dans un m\u00e9lange de joie li\u00e9e \u00e0 la danse et de c\u00e9r\u00e9monial li\u00e9 \u00e0 la d\u00e9votion pour la Croix en procession, jusqu\u2019\u00e0 la Pla\u00e7a dera"}