
{"version":"1.0","provider_name":"Ara Lleida","provider_url":"https:\/\/aralleida.cat\/fr\/","author_name":"admin","author_url":"https:\/\/aralleida.cat\/fr\/author\/frame_zesv7n2g\/","title":"Prix Pica d'Estats 31","type":"rich","width":600,"height":338,"html":"<blockquote class=\"wp-embedded-content\" data-secret=\"5TeztkNaJW\"><a href=\"https:\/\/aralleida.cat\/fr\/premi-pica-destats-31\/\">Prix Pica d&rsquo;Estats 31<\/a><\/blockquote><iframe sandbox=\"allow-scripts\" security=\"restricted\" src=\"https:\/\/aralleida.cat\/fr\/premi-pica-destats-31\/embed\/#?secret=5TeztkNaJW\" width=\"600\" height=\"338\" title=\"\u00ab\u00a0Prix Pica d&rsquo;Estats 31\u00a0\u00bb &#8212; Ara Lleida\" data-secret=\"5TeztkNaJW\" frameborder=\"0\" marginwidth=\"0\" marginheight=\"0\" scrolling=\"no\" class=\"wp-embedded-content\"><\/iframe><script type=\"text\/javascript\">\n\/* <![CDATA[ *\/\n\/*! This file is auto-generated *\/\n!function(d,l){\"use strict\";l.querySelector&&d.addEventListener&&\"undefined\"!=typeof URL&&(d.wp=d.wp||{},d.wp.receiveEmbedMessage||(d.wp.receiveEmbedMessage=function(e){var t=e.data;if((t||t.secret||t.message||t.value)&&!\/[^a-zA-Z0-9]\/.test(t.secret)){for(var s,r,n,a=l.querySelectorAll('iframe[data-secret=\"'+t.secret+'\"]'),o=l.querySelectorAll('blockquote[data-secret=\"'+t.secret+'\"]'),c=new RegExp(\"^https?:$\",\"i\"),i=0;i<o.length;i++)o[i].style.display=\"none\";for(i=0;i<a.length;i++)s=a[i],e.source===s.contentWindow&&(s.removeAttribute(\"style\"),\"height\"===t.message?(1e3<(r=parseInt(t.value,10))?r=1e3:~~r<200&&(r=200),s.height=r):\"link\"===t.message&&(r=new URL(s.getAttribute(\"src\")),n=new URL(t.value),c.test(n.protocol))&&n.host===r.host&&l.activeElement===s&&(d.top.location.href=t.value))}},d.addEventListener(\"message\",d.wp.receiveEmbedMessage,!1),l.addEventListener(\"DOMContentLoaded\",function(){for(var e,t,s=l.querySelectorAll(\"iframe.wp-embedded-content\"),r=0;r<s.length;r++)(t=(e=s[r]).getAttribute(\"data-secret\"))||(t=Math.random().toString(36).substring(2,12),e.src+=\"#?secret=\"+t,e.setAttribute(\"data-secret\",t)),e.contentWindow.postMessage({message:\"ready\",secret:t},\"*\")},!1)))}(window,document);\n\/\/# sourceURL=https:\/\/aralleida.cat\/wp-includes\/js\/wp-embed.min.js\n\/* ]]> *\/\n<\/script>\n","description":"[vc_row full_width=\u00a0\u00bbstretch_row_content_no_spaces\u00a0\u00bb content_placement=\u00a0\u00bbmiddle\u00a0\u00bb bg_type=\u00a0\u00bbbg_color\u00a0\u00bb bg_override=\u00a0\u00bbex-full\u00a0\u00bb bg_color_value=\u00a0\u00bb#3c3c3b\u00a0\u00bb css=\u00a0\u00bb.vc_custom_1646052406093{margin-top: 0px !important;margin-bottom: 0px !important;padding-top: 0px !important;padding-bottom: 0px !important;}\u00a0\u00bb][vc_column css=\u00a0\u00bb.vc_custom_1605797593358{margin-top: 0px !important;margin-bottom: 0px !important;padding-top: 0px !important;padding-bottom: 0px !important;}\u00a0\u00bb][\/vc_column][\/vc_row][vc_row full_width=\u00a0\u00bbstretch_row_content\u00a0\u00bb content_placement=\u00a0\u00bbmiddle\u00a0\u00bb bg_type=\u00a0\u00bbimage\u00a0\u00bb parallax_style=\u00a0\u00bbvcpb-vz-jquery\u00a0\u00bb bg_image_new=\u00a0\u00bbid^11314|url^https:\/\/aralleida.cat\/wp-content\/uploads\/2020\/05\/headerpicaHR.jpg|caption^null|alt^null|title^headerpicaHR|description^null\u00a0\u00bb bg_image_repeat=\u00a0\u00bbno-repeat\u00a0\u00bb bg_override=\u00a0\u00bbex-full\u00a0\u00bb][vc_column][\/vc_column][\/vc_row][vc_row][vc_column][vc_single_image image=\u00a0\u00bb197118&Prime; img_size=\u00a0\u00bb\u00a0\u00bb alignment=\u00a0\u00bbcenter\u00a0\u00bb][\/vc_column][\/vc_row][vc_row content_placement=\u00a0\u00bbmiddle\u00a0\u00bb][vc_column][vc_separator css=\u00a0\u00bb.vc_custom_1622281270353{margin-bottom: 0px !important;padding-bottom: 10px !important;}\u00a0\u00bb][vc_custom_heading text=\u00a0\u00bbPrix Pica d&rsquo;Estats\u00a0\u00bb font_container=\u00a0\u00bbtag:h1|font_size:28|text_align:center\u00a0\u00bb use_theme_fonts=\u00a0\u00bbyes\u00a0\u00bb css=\u00a0\u00bb.vc_custom_1646129599324{margin-top: 0px !important;padding-top: 0px !important;}\u00a0\u00bb][vc_separator][\/vc_column][\/vc_row][vc_row equal_height=\u00a0\u00bbyes\u00a0\u00bb content_placement=\u00a0\u00bbtop\u00a0\u00bb][vc_column width=\u00a0\u00bb1\/2&Prime;][vc_column_text]Le Patronat de Turisme (Office du tourisme) de la Diputaci\u00f3 de Lleida annonce la 32e \u00e9dition du Prix touristique international \u00ab Pica d\u2019Estats \u00bb de presse, radio, t\u00e9l\u00e9vision et Internet, dot\u00e9 de 45.000 \u20ac r\u00e9partis en 8 cat\u00e9gories, apr\u00e8s sa suspension en 2020 en raison de la pand\u00e9mie de COVID-19. Le prix \u00ab Pica d\u2019Estats \u00bb s\u2019adresse aux professionnels de l\u2019information et de la communication qui ont publi\u00e9 ou diffus\u00e9 des travaux journalistiques dans tous les genres, longueurs et formats possibles (radio, t\u00e9l\u00e9vision, presse et Internet) sur les attraits touristiques des Pyr\u00e9n\u00e9es et des Terres de Lleida.[\/vc_column_text][\/vc_column][vc_column width=\u00a0\u00bb1\/2&Prime;][vc_custom_heading text=\u00a0\u00bbPresse, radio, t\u00e9l\u00e9vision et internet\u00a0\u00bb font_container=\u00a0\u00bbtag:h2|text_align:center|color:%23727176&Prime; use_theme_fonts=\u00a0\u00bbyes\u00a0\u00bb css=\u00a0\u00bb.vc_custom_1646129743909{margin-top: 0px !important;margin-bottom: 30px !important;padding-top: 0px !important;}\u00a0\u00bb][vc_column_text]Ce prix jouit d\u2019une reconnaissance prestigieuse, tant de par la qualit\u00e9 des travaux pr\u00e9sent\u00e9s que de par le niveau des membres du jury, ainsi que pour la rigueur et l\u2019engagement de l\u2019Ordre des journalistes de Catalogne, qui y participe historiquement en exer\u00e7ant la pr\u00e9sidence du jury. \u00c0 ce jour, le prix \u00ab Pica d\u2019Estats \u00bb a enregistr\u00e9 4 725 travaux de journalisme provenant de plus de 460 m\u00e9dias du monde entier et a r\u00e9compens\u00e9 les reportages de 287 journalistes.[\/vc_column_text][\/vc_column][\/vc_row][vc_row content_placement=\u00a0\u00bbmiddle\u00a0\u00bb][vc_column][vc_custom_heading text=\u00a0\u00bb\u00c9dition 2019&Prime; font_container=\u00a0\u00bbtag:h3|font_size:28|text_align:center|color:%230a0a0a\u00a0\u00bb use_theme_fonts=\u00a0\u00bbyes\u00a0\u00bb css=\u00a0\u00bb.vc_custom_1646129756245{margin-top: 0px !important;padding-top: 0px !important;}\u00a0\u00bb][\/vc_column][\/vc_row][vc_row content_placement=\u00a0\u00bbmiddle\u00a0\u00bb disable_element=\u00a0\u00bbyes\u00a0\u00bb][vc_column][vc_separator css=\u00a0\u00bb.vc_custom_1622281270353{margin-bottom: 0px !important;padding-bottom: 10px !important;}\u00a0\u00bb][vc_row_inner content_placement=\u00a0\u00bbmiddle\u00a0\u00bb css=\u00a0\u00bb.vc_custom_1622282111415{margin-top: 0px !important;margin-bottom: 0px !important;padding-top: 0px !important;padding-bottom: 0px !important;}\u00a0\u00bb][vc_column_inner width=\u00a0\u00bb5\/6&Prime; css=\u00a0\u00bb.vc_custom_1622282003076{margin-top: 0px !important;margin-bottom: 0px !important;padding-top: 0px !important;padding-bottom: 0px !important;}\u00a0\u00bb][vc_custom_heading text=\u00a0\u00bbINSCRIPCIONS\u00a0\u00bb font_container=\u00a0\u00bbtag:h3|font_size:22|text_align:left|color:%23727176&Prime; use_theme_fonts=\u00a0\u00bbyes\u00a0\u00bb css=\u00a0\u00bb.vc_custom_1634201209773{margin-top: 0px !important;margin-bottom: 0px !important;padding-top: 0px !important;padding-bottom: 0px !important;}\u00a0\u00bb][\/vc_column_inner][vc_column_inner width=\u00a0\u00bb1\/6&Prime; css=\u00a0\u00bb.vc_custom_1622282163790{margin-top: 0px !important;margin-bottom: 0px !important;padding-top: 0px !important;padding-bottom: 0px !important;}\u00a0\u00bb][vc_single_image image=\u00a0\u00bb72254&Prime; img_size=\u00a0\u00bb40X40&Prime; alignment=\u00a0\u00bbright\u00a0\u00bb css_animation=\u00a0\u00bbfadeInRight\u00a0\u00bb css=\u00a0\u00bb.vc_custom_1622282237281{margin-top: 0px !important;margin-bottom: 0px !important;padding-top: 0px !important;padding-bottom: 0px !important;}\u00a0\u00bb][\/vc_column_inner][\/vc_row_inner][vc_separator][\/vc_column][\/vc_row][vc_row gap=\u00a0\u00bb20&Prime; content_placement=\u00a0\u00bbtop\u00a0\u00bb disable_element=\u00a0\u00bbyes\u00a0\u00bb][vc_column width=\u00a0\u00bb1\/3&Prime; css=\u00a0\u00bb.vc_custom_1622283092446{margin-right: 0px !important;margin-left: 0px !important;padding-right: 0px !important;padding-left: 0px !important;}\u00a0\u00bb][vc_row_inner content_placement=\u00a0\u00bbmiddle\u00a0\u00bb css=\u00a0\u00bb.vc_custom_1622283274947{margin-right: 0px !important;margin-left: 0px !important;padding-right: 0px !important;padding-left: 0px !important;background-color: #ededed !important;}\u00a0\u00bb][vc_column_inner][vc_single_image image=\u00a0\u00bb72268&Prime; img_size=\u00a0\u00bb174&#215;168&Prime; alignment=\u00a0\u00bbcenter\u00a0\u00bb css_animation=\u00a0\u00bbfadeIn\u00a0\u00bb][\/vc_column_inner][\/vc_row_inner][vc_btn title=\u00a0\u00bb1. DESCARREGA LA BUTLLETA D&rsquo;INSCRIPCI\u00d3\u00a0\u00bb style=\u00a0\u00bbflat\u00a0\u00bb shape=\u00a0\u00bbsquare\u00a0\u00bb color=\u00a0\u00bbblack\u00a0\u00bb size=\u00a0\u00bblg\u00a0\u00bb align=\u00a0\u00bbcenter\u00a0\u00bb button_block=\u00a0\u00bbtrue\u00a0\u00bb link=\u00a0\u00bburl:https%3A%2F%2Fwww.aralleida.cat%2Fwp-content%2Fuploads%2F2021%2F09%2F32e-premi-Pica-dEstats-Butlleta.pdf|title:Bases%20del%20concurs\u00a0\u00bb][\/vc_column][vc_column width=\u00a0\u00bb1\/3&Prime; css=\u00a0\u00bb.vc_custom_1622283414835{margin-right: 0px !important;margin-left: 0px !important;padding-right: 0px !important;padding-left: 0px !important;}\u00a0\u00bb][vc_row_inner content_placement=\u00a0\u00bbmiddle\u00a0\u00bb css=\u00a0\u00bb.vc_custom_1622283274947{margin-right: 0px !important;margin-left: 0px !important;padding-right: 0px !important;padding-left: 0px !important;background-color: #ededed !important;}\u00a0\u00bb][vc_column_inner][vc_single_image image=\u00a0\u00bb72261&Prime; img_size=\u00a0\u00bb168&#215;168&Prime; alignment=\u00a0\u00bbcenter\u00a0\u00bb css_animation=\u00a0\u00bbfadeIn\u00a0\u00bb][\/vc_column_inner][\/vc_row_inner][vc_btn title=\u00a0\u00bb2. REGISTRA LA BUTLLETA\u00a0\u00bb style=\u00a0\u00bbflat\u00a0\u00bb shape=\u00a0\u00bbsquare\u00a0\u00bb color=\u00a0\u00bbblack\u00a0\u00bb size=\u00a0\u00bblg\u00a0\u00bb align=\u00a0\u00bbcenter\u00a0\u00bb button_block=\u00a0\u00bbtrue\u00a0\u00bb link=\u00a0\u00bburl:https%3A%2F%2Ftramits.diputaciolleida.cat%2FTURISME%2FSolicituds.aspx|title:Registre|target:_blank\u00a0\u00bb][\/vc_column][vc_column width=\u00a0\u00bb1\/3&Prime; css=\u00a0\u00bb.vc_custom_1622283425729{margin-right: 0px !important;margin-left: 0px !important;padding-right: 0px !important;padding-left: 0px !important;}\u00a0\u00bb][vc_row_inner content_placement=\u00a0\u00bbmiddle\u00a0\u00bb css=\u00a0\u00bb.vc_custom_1622283274947{margin-right: 0px !important;margin-left: 0px !important;padding-right: 0px !important;padding-left: 0px !important;background-color: #ededed !important;}\u00a0\u00bb][vc_column_inner][vc_single_image image=\u00a0\u00bb72275&Prime; img_size=\u00a0\u00bb168&#215;168&Prime; alignment=\u00a0\u00bbcenter\u00a0\u00bb css_animation=\u00a0\u00bbfadeIn\u00a0\u00bb][\/vc_column_inner][\/vc_row_inner][vc_btn title=\u00a0\u00bb3. ADJUNTA ELS TREBALLS\u00a0\u00bb style=\u00a0\u00bbflat\u00a0\u00bb shape=\u00a0\u00bbsquare\u00a0\u00bb color=\u00a0\u00bbblack\u00a0\u00bb size=\u00a0\u00bblg\u00a0\u00bb align=\u00a0\u00bbcenter\u00a0\u00bb button_block=\u00a0\u00bbtrue\u00a0\u00bb link=\u00a0\u00bburl:https%3A%2F%2Fdiputaciolleidacat-my.sharepoint.com%2F%3Af%3A%2Fg%2Fpersonal%2Fpicadestats_diputaciolleida_cat%2FEt7LMMO6XZhLng-W0CqTDsQBV_XvvL_4zeGVqhvf8MXQuA|title:Treballs|target:_blank\u00a0\u00bb][\/vc_column][\/vc_row][vc_row disable_element=\u00a0\u00bbyes\u00a0\u00bb][vc_column width=\u00a0\u00bb1\/2&Prime;][vc_btn title=\u00a0\u00bbBASES DEL CONCURS\u00a0\u00bb style=\u00a0\u00bbflat\u00a0\u00bb shape=\u00a0\u00bbsquare\u00a0\u00bb color=\u00a0\u00bbwhite\u00a0\u00bb size=\u00a0\u00bblg\u00a0\u00bb align=\u00a0\u00bbcenter\u00a0\u00bb button_block=\u00a0\u00bbtrue\u00a0\u00bb link=\u00a0\u00bburl:https%3A%2F%2Fwww.aralleida.cat%2Fbases-del-concurs%2F|title:Bases%20del%20concurs\u00a0\u00bb css=\u00a0\u00bb.vc_custom_1634201958448{border-top-width: 1px !important;border-right-width: 1px !important;border-bottom-width: 1px !important;border-left-width: 1px !important;border-left-color: #000000 !important;border-left-style: solid !important;border-right-color: #000000 !important;border-right-style: solid !important;border-top-color: #000000 !important;border-top-style: solid !important;border-bottom-color: #000000 !important;border-bottom-style: solid !important;}\u00a0\u00bb][\/vc_column][vc_column width=\u00a0\u00bb1\/2&Prime;][vc_btn title=\u00a0\u00bbFULLET\u00d3 DEL CONCURS\u00a0\u00bb style=\u00a0\u00bbflat\u00a0\u00bb shape=\u00a0\u00bbsquare\u00a0\u00bb color=\u00a0\u00bbwhite\u00a0\u00bb size=\u00a0\u00bblg\u00a0\u00bb align=\u00a0\u00bbcenter\u00a0\u00bb button_block=\u00a0\u00bbtrue\u00a0\u00bb link=\u00a0\u00bburl:https%3A%2F%2Fwww.aralleida.cat%2Fwp-content%2Fuploads%2F2021%2F08%2FARA-LLEIDA-32e-premi-Pica-dEstats-Bases-2021-CAT-ES-FR-ENG.pdf|title:Fullet%C3%B3%20del%20concurs\u00a0\u00bb css=\u00a0\u00bb.vc_custom_1634201500398{border-top-width: 1px !important;border-right-width: 1px !important;border-bottom-width: 1px !important;border-left-width: 1px !important;border-left-color: #000000 !important;border-left-style: solid !important;border-right-color: #000000 !important;border-right-style: solid !important;border-top-color: #000000 !important;border-top-style: solid !important;border-bottom-color: #000000 !important;border-bottom-style: solid !important;}\u00a0\u00bb][\/vc_column][\/vc_row][vc_row][vc_column][\/vc_column][\/vc_row][vc_row content_placement=\u00a0\u00bbmiddle\u00a0\u00bb][vc_column][vc_separator css=\u00a0\u00bb.vc_custom_1622281270353{margin-bottom: 0px !important;padding-bottom: 10px !important;}\u00a0\u00bb][vc_row_inner content_placement=\u00a0\u00bbmiddle\u00a0\u00bb css=\u00a0\u00bb.vc_custom_1622282111415{margin-top: 0px !important;margin-bottom: 0px !important;padding-top: 0px !important;padding-bottom: 0px !important;}\u00a0\u00bb][vc_column_inner width=\u00a0\u00bb5\/6&Prime; css=\u00a0\u00bb.vc_custom_1622282003076{margin-top: 0px !important;margin-bottom: 0px !important;padding-top: 0px !important;padding-bottom: 0px !important;}\u00a0\u00bb][vc_custom_heading text=\u00a0\u00bbXXXI \u00c9DITION DU PRIX PICA D&rsquo;ESTATS\u00a0\u00bb font_container=\u00a0\u00bbtag:h3|font_size:22|text_align:left|color:%23727176&Prime; use_theme_fonts=\u00a0\u00bbyes\u00a0\u00bb css=\u00a0\u00bb.vc_custom_1646129778701{margin-top: 0px !important;margin-bottom: 0px !important;padding-top: 0px !important;padding-bottom: 0px !important;}\u00a0\u00bb][\/vc_column_inner][vc_column_inner width=\u00a0\u00bb1\/6&Prime; css=\u00a0\u00bb.vc_custom_1622282163790{margin-top: 0px !important;margin-bottom: 0px !important;padding-top: 0px !important;padding-bottom: 0px !important;}\u00a0\u00bb][vc_single_image image=\u00a0\u00bb72282&Prime; img_size=\u00a0\u00bb40X40&Prime; alignment=\u00a0\u00bbright\u00a0\u00bb css_animation=\u00a0\u00bbfadeInRight\u00a0\u00bb css=\u00a0\u00bb.vc_custom_1622284028982{margin-top: 0px !important;margin-bottom: 0px !important;padding-top: 0px !important;padding-bottom: 0px !important;}\u00a0\u00bb][\/vc_column_inner][\/vc_row_inner][vc_separator][\/vc_column][\/vc_row][vc_row equal_height=\u00a0\u00bbyes\u00a0\u00bb][vc_column][vc_custom_heading text=\u00a0\u00bbGalerie de photos\u00a0\u00bb font_container=\u00a0\u00bbtag:h4|font_size:18|text_align:left|color:%23000000&Prime; use_theme_fonts=\u00a0\u00bbyes\u00a0\u00bb][vc_gallery type=\u00a0\u00bbimage_grid\u00a0\u00bb images=\u00a0\u00bb16936,16929,16922,16915,16908,16901,16894,16887,16880,16873,16866&Prime; img_size=\u00a0\u00bb195&#215;195&Prime; css=\u00a0\u00bb.vc_custom_1622288528300{background-color: #ededed !important;}\u00a0\u00bb][\/vc_column][\/vc_row][vc_row equal_height=\u00a0\u00bbyes\u00a0\u00bb][vc_column width=\u00a0\u00bb1\/2&Prime;][vc_custom_heading text=\u00a0\u00bbRemise des prix pour les laur\u00e9ats\u00a0\u00bb font_container=\u00a0\u00bbtag:h4|font_size:18|text_align:left|color:%23000000&Prime; use_theme_fonts=\u00a0\u00bbyes\u00a0\u00bb][vc_video link=\u00a0\u00bbhttps:\/\/www.youtube.com\/watch?v=7wI8gsttGkk\u00a0\u00bb][\/vc_column][vc_column width=\u00a0\u00bb1\/2&Prime;][vc_custom_heading text=\u00a0\u00bbCommuniqu\u00e9 de presse\u00a0\u00bb font_container=\u00a0\u00bbtag:h4|font_size:18|text_align:left|color:%23000000&Prime; use_theme_fonts=\u00a0\u00bbyes\u00a0\u00bb][vc_column_text] [\/vc_column_text][\/vc_column][\/vc_row][vc_row equal_height=\u00a0\u00bbyes\u00a0\u00bb][vc_column][vc_custom_heading text=\u00a0\u00bbListe des travaux et des journalistes r\u00e9compens\u00e9s\u00a0\u00bb font_container=\u00a0\u00bbtag:h4|font_size:18|text_align:left|color:%23000000&Prime; use_theme_fonts=\u00a0\u00bbyes\u00a0\u00bb][vc_column_text css=\u00a0\u00bb.vc_custom_1646129905884{padding-top: 20px !important;padding-right: 40px !important;padding-bottom: 20px !important;padding-left: 40px !important;background-color: #ededed !important;}\u00a0\u00bb] Prix de Presse \u00e9crite d\u2019information g\u00e9n\u00e9rale pour le reportage \u00ab Castells per la prov\u00edncia de Lleida \u00bb (Ch\u00e2teaux de la province de Lleida), r\u00e9dig\u00e9 par Daniel Roman\u00ed, avec des photos de Santi Iglesias et publi\u00e9 dans le quotidien Ara. Prix de Presse sp\u00e9cialis\u00e9e en voyages et tourisme pour le reportage \u00ab Penelles, un poble que torna a pintar \u00bb (Penelles, un village fort en peinture) \u00e9crit par Joaquim M. Pujals, avec des photos de Josep Cano et publi\u00e9 dans le magazine Descobrir Catalunya. Prix de t\u00e9l\u00e9vision pour le reportage \u00ab David contre Goliath \u00bb, d\u2019Eugenia Basauli et Eduardo Laplaza, de l\u2019\u00e9mission \u00ab El Escarabajo Verde \u00bb (Le scarab\u00e9e vert) de TVE (t\u00e9l\u00e9vision publique espagnole). Prix de Presse internationale pour le reportage \u00ab Una terra dai gusti forti \u00bb (Une terre aux go\u00fbts forts), \u00e9crit par Riccardo Lagorio et Andrea Deotto et publi\u00e9 en octobre 2019 dans le magazine italien \u00ab Dove \u00bb. Prix au meilleur Reportage photographique d\u00e9cern\u00e9 \u00e0 Carles Claraco pour une s\u00e9rie de spectaculaires photos qui illustrent le reportage \u00ab La Porta del Cel: traves\u00eda por el Pirineo m\u00e1s salvaje \u00bb (La porte du ciel : circuit dans les Pyr\u00e9n\u00e9es les plus sauvages \u00bb, publi\u00e9 dans le magazine El Mundo de los Pirineos (Le Monde des Pyr\u00e9n\u00e9es). Prix au meilleur travail des M\u00e9dias locaux des Terres de Lleida pour le reportage \u00ab Els secrets de la \u2019city\u2019 de Lleida \u00bb (Les secrets de la \u201ccity\u201d de Lleida), \u00e9crit par Roser Banyeres, avec des photos de Rafa Ari\u00f1o et publi\u00e9 dans le suppl\u00e9ment Lectura du quotidien Segre. Prix d\u2019Internet et Prix sp\u00e9cial du jury (dot\u00e9 de 10 000 EUR) pour le travail \u00ab Els artistes van en tractor \u00bb (Les artistes se d\u00e9placent en tracteur), de la vid\u00e9o-artiste Sara Bold\u00fa, publi\u00e9 sur https:\/\/saraboldu.wixsite.com\/artistesambtractor. [\/vc_column_text][\/vc_column][\/vc_row][vc_row equal_height=\u00a0\u00bbyes\u00a0\u00bb][vc_column][vc_custom_heading text=\u00a0\u00bbRapport du jury\u00a0\u00bb font_container=\u00a0\u00bbtag:h4|font_size:18|text_align:left|color:%23000000&Prime; use_theme_fonts=\u00a0\u00bbyes\u00a0\u00bb][vc_column_text css=\u00a0\u00bb.vc_custom_1646129950495{padding-top: 20px !important;padding-right: 40px !important;padding-bottom: 20px !important;padding-left: 40px !important;background-color: #ededed !important;}\u00a0\u00bb]Le jury du prix 31e Prix \u00ab\u00a0Pica d\u2019Estats\u00a0\u00bb s\u2019est compos\u00e9 de professionnels distingu\u00e9s du monde de la communication. Il a \u00e9t\u00e9 pr\u00e9sid\u00e9 par le doyen de l\u2019Ordre des journalistes de Catalogne,\u00a0Joan Maria Morros. Le jury a r\u00e9uni, en tant que membres, les journalistes Josep Llu\u00eds Cadena, Francesc Canosa, Santiago Costa, Josep Cun\u00ed, Pepa Fern\u00e1ndez, Llu\u00eds Foix, Antonio Franco, Rafa Gimena, Francesc Guillaumet, Mariano Palac\u00edn et M\u00f2nica Terribas. Le poste de"}