
{"version":"1.0","provider_name":"Ara Lleida","provider_url":"https:\/\/aralleida.cat\/fr\/","author_name":"Gerard Balcells","author_url":"https:\/\/aralleida.cat\/fr\/author\/aralleida\/","title":"Premi \u200b\u200bPica d'Estats 34\u00e8me \u00e9dition","type":"rich","width":600,"height":338,"html":"<blockquote class=\"wp-embedded-content\" data-secret=\"gp8UijD7i6\"><a href=\"https:\/\/aralleida.cat\/fr\/premi-pica-destats-34e-edition\/\">Premi \u200b\u200bPica d&rsquo;Estats 34\u00e8me \u00e9dition<\/a><\/blockquote><iframe sandbox=\"allow-scripts\" security=\"restricted\" src=\"https:\/\/aralleida.cat\/fr\/premi-pica-destats-34e-edition\/embed\/#?secret=gp8UijD7i6\" width=\"600\" height=\"338\" title=\"\u00ab\u00a0Premi \u200b\u200bPica d&rsquo;Estats 34\u00e8me \u00e9dition\u00a0\u00bb &#8212; Ara Lleida\" data-secret=\"gp8UijD7i6\" frameborder=\"0\" marginwidth=\"0\" marginheight=\"0\" scrolling=\"no\" class=\"wp-embedded-content\"><\/iframe><script type=\"text\/javascript\">\n\/* <![CDATA[ *\/\n\/*! This file is auto-generated *\/\n!function(d,l){\"use strict\";l.querySelector&&d.addEventListener&&\"undefined\"!=typeof URL&&(d.wp=d.wp||{},d.wp.receiveEmbedMessage||(d.wp.receiveEmbedMessage=function(e){var t=e.data;if((t||t.secret||t.message||t.value)&&!\/[^a-zA-Z0-9]\/.test(t.secret)){for(var s,r,n,a=l.querySelectorAll('iframe[data-secret=\"'+t.secret+'\"]'),o=l.querySelectorAll('blockquote[data-secret=\"'+t.secret+'\"]'),c=new RegExp(\"^https?:$\",\"i\"),i=0;i<o.length;i++)o[i].style.display=\"none\";for(i=0;i<a.length;i++)s=a[i],e.source===s.contentWindow&&(s.removeAttribute(\"style\"),\"height\"===t.message?(1e3<(r=parseInt(t.value,10))?r=1e3:~~r<200&&(r=200),s.height=r):\"link\"===t.message&&(r=new URL(s.getAttribute(\"src\")),n=new URL(t.value),c.test(n.protocol))&&n.host===r.host&&l.activeElement===s&&(d.top.location.href=t.value))}},d.addEventListener(\"message\",d.wp.receiveEmbedMessage,!1),l.addEventListener(\"DOMContentLoaded\",function(){for(var e,t,s=l.querySelectorAll(\"iframe.wp-embedded-content\"),r=0;r<s.length;r++)(t=(e=s[r]).getAttribute(\"data-secret\"))||(t=Math.random().toString(36).substring(2,12),e.src+=\"#?secret=\"+t,e.setAttribute(\"data-secret\",t)),e.contentWindow.postMessage({message:\"ready\",secret:t},\"*\")},!1)))}(window,document);\n\/\/# sourceURL=https:\/\/aralleida.cat\/wp-includes\/js\/wp-embed.min.js\n\/* ]]> *\/\n<\/script>\n","description":"[vc_row full_width=\u00a0\u00bbstretch_row_content\u00a0\u00bb bg_type=\u00a0\u00bbbg_color\u00a0\u00bb bg_override=\u00a0\u00bbex-full\u00a0\u00bb bg_color_value=\u00a0\u00bb#3c3c3b\u00a0\u00bb css=\u00a0\u00bb.vc_custom_1646053089620{margin-top: 0px !important;margin-bottom: 0px !important;padding-top: 0px !important;padding-bottom: 0px !important;}\u00a0\u00bb][vc_column css=\u00a0\u00bb.vc_custom_1605797593358{margin-top: 0px !important;margin-bottom: 0px !important;padding-top: 0px !important;padding-bottom: 0px !important;}\u00a0\u00bb][\/vc_column][\/vc_row][vc_row full_width=\u00a0\u00bbstretch_row_content\u00a0\u00bb bg_type=\u00a0\u00bbimage\u00a0\u00bb parallax_style=\u00a0\u00bbvcpb-vz-jquery\u00a0\u00bb bg_image_new=\u00a0\u00bbid^11314|url^https:\/\/aralleida.cat\/wp-content\/uploads\/2020\/05\/headerpicaHR.jpg|caption^null|alt^null|title^headerpicaHR|description^null\u00a0\u00bb bg_image_repeat=\u00a0\u00bbno-repeat\u00a0\u00bb bg_override=\u00a0\u00bbex-full\u00a0\u00bb][vc_column][\/vc_column][\/vc_row][vc_row][vc_column][vc_single_image image=\u00a0\u00bb342338&Prime; img_size=\u00a0\u00bb\u00a0\u00bb alignment=\u00a0\u00bbcenter\u00a0\u00bb css=\u00a0\u00bb\u00a0\u00bb][\/vc_column][\/vc_row][vc_row content_placement=\u00a0\u00bbmiddle\u00a0\u00bb][vc_column][vc_separator css=\u00a0\u00bb.vc_custom_1622281270353{margin-bottom: 0px !important;padding-bottom: 10px !important;}\u00a0\u00bb][vc_custom_heading text=\u00a0\u00bbPrix \u00ab Pica d\u2019Estats \u00bb\u00a0\u00bb font_container=\u00a0\u00bbtag:h1|font_size:28|text_align:center\u00a0\u00bb use_theme_fonts=\u00a0\u00bbyes\u00a0\u00bb css=\u00a0\u00bb.vc_custom_1718113846816{margin-top: 0px !important;padding-top: 0px !important;}\u00a0\u00bb][vc_separator][\/vc_column][\/vc_row][vc_row equal_height=\u00a0\u00bbyes\u00a0\u00bb content_placement=\u00a0\u00bbtop\u00a0\u00bb][vc_column width=\u00a0\u00bb1\/2&Prime;][vc_column_text css=\u00a0\u00bb\u00a0\u00bb]Le\u00a0comit\u00e9 du tourisme de la D\u00e9putation de Lleida a d\u00e9cid\u00e9 du 34e prix touristique international \u00ab Pica d\u2019Estats \u00bb de Presse, Radio, T\u00e9l\u00e9vision et Internet, avec une dotation financi\u00e8re de 48 000 \u2018, r\u00e9parties en 8 cat\u00e9gories. Le prix \u00ab\u00a0Pica d\u2019Estats\u00a0\u00bb s\u2019adresse aux\u00a0professionnels de l\u2019information et de la communication qui ont publi\u00e9 ou diffus\u00e9 des .uvres journalistiques\u00a0dans tous les genres, toutes les \u00e9tendues et tous les formats possibles (radio, t\u00e9l\u00e9vision, presse et Internet) sur les attraits touristiques des Pyr\u00e9n\u00e9es et des Terres de Lleida.[\/vc_column_text][\/vc_column][vc_column width=\u00a0\u00bb1\/2&Prime;][vc_column_text css=\u00a0\u00bb\u00a0\u00bb]Le prix dispose d\u2019une\u00a0reconnaissance de prestige, tant pour la qualit\u00e9 des travaux pr\u00e9sent\u00e9s que pour le niveau des membres du jury, en plus de la rigueur et de l\u2019engagement du Coll\u00e8ge des journalistes de Catalogne, qui y participe historiquement en exer\u00e7ant la pr\u00e9sidence du jury. \u00c0 ce jour, le prix \u00ab Pique des \u00c9tats \u00bb a enregistr\u00e9 4 725 peruvres journalistiques, correspondant \u00e0 plus de 460 m\u00e9dias dans le monde, et a r\u00e9compens\u00e9 287 journalistes.[\/vc_column_text][\/vc_column][\/vc_row][vc_row content_placement=\u00a0\u00bbmiddle\u00a0\u00bb][vc_column][vc_custom_heading text=\u00a0\u00bb34e \u00e9dition\u00a0\u00bb font_container=\u00a0\u00bbtag:h3|font_size:28|text_align:center|color:%230a0a0a\u00a0\u00bb use_theme_fonts=\u00a0\u00bbyes\u00a0\u00bb css=\u00a0\u00bb.vc_custom_1718113889486{margin-top: 0px !important;padding-top: 0px !important;}\u00a0\u00bb][\/vc_column][\/vc_row][vc_row equal_height=\u00a0\u00bbyes\u00a0\u00bb][vc_column][vc_separator css=\u00a0\u00bb.vc_custom_1676277052961{margin-bottom: 0px !important;padding-bottom: 10px !important;}\u00a0\u00bb][vc_custom_heading text=\u00a0\u00bbLes laur\u00e9ats de la 34e \u00e9dition du prix Pica d\u2019Estats\u00a0\u00bb font_container=\u00a0\u00bbtag:h1|font_size:28|text_align:center\u00a0\u00bb use_theme_fonts=\u00a0\u00bbyes\u00a0\u00bb css=\u00a0\u00bb.vc_custom_1718113904050{margin-top: 0px !important;padding-top: 0px !important;}\u00a0\u00bb][vc_separator][vc_column_text css=\u00a0\u00bb\u00a0\u00bb] La 34e \u00e9dition du prix touristique international Pica d\u2019Estats, convoqu\u00e9e par la Direction du tourisme du Conseil de la province de Lleida, a re\u00e7u un total de 85 reportages, dont 63 correspondaient \u00e0 des travaux nationaux, 9 \u00e0 des travaux internationaux et 13 autres aux m\u00e9dias locaux. Le prix de Presse \u00e9crite d\u2019information g\u00e9n\u00e9rale a \u00e9t\u00e9 d\u00e9cern\u00e9 \u00e0 l\u2019article \u00ab\u00a0Temporada de laberints de Ponent\u00a0\u00bb, publi\u00e9 par Albert Gonz\u00e1lez Farran dans le journal Ara le 17 ao\u00fbt 2023. Le prix de Presse sp\u00e9cialis\u00e9e dans les voyages et le tourisme est pour l\u2019article \u00ab\u00a0Quan els arbres tornen a casa\u00a0\u00bb, de Pep Coll, publi\u00e9 dans le magazine Descobrir Catalunya le 1er septembre 2023. Le prix de Presse internationale a \u00e9t\u00e9 d\u00e9cern\u00e9 au reportage \u00ab\u00a0Au pays de l\u2019or jaune\u00a0: Les Garrigues, d\u00e9paysement garanti au c\u0153ur de Catalogne\u00a0!\u00a0\u00bb, publi\u00e9 en avril 2023 par la journaliste fran\u00e7aise Genevi\u00e8ve Clastres, sur le blog La Feuille de Chou. Le prix de T\u00e9l\u00e9vision a \u00e9t\u00e9 remport\u00e9 par le programme \u00ab\u00a0Carros de Foc, la travessa dels refugis\u00a0\u00bb, pr\u00e9par\u00e9 par Jordi Cadena et diffus\u00e9 par 3Cat le 21 ao\u00fbt 2023. Le prix de Radio est revenu au programme sp\u00e9cial \u00ab\u00a0Falles de Durro\u00a0\u00bb, produit par Marta Romagosa dans l\u2019espace \u00ab\u00a0Catalunya al dia\u00a0\u00bb et diffus\u00e9 le 16 juin 2023 par 3Cat &#8211; Catalunya R\u00e0dio. Quant \u00e0 la meilleure cat\u00e9gorie de Reportage photographique, le prix a \u00e9t\u00e9 d\u00e9cern\u00e9 au reportage photographique \u00ab\u00a0Pallars\u00a0: el territori m\u00e9s salvatge\u00a0\u00bb, du photographe Roger Rovira, publi\u00e9 dans Descobrir Catalunya le 1er septembre 2023. En tant que meilleur travail d\u2019Internet, le prix a \u00e9t\u00e9 remport\u00e9 par le reportage \u00ab\u00a020 anys del Parc Natural de l\u2019Alt Pirineu\u00a0\u00bb, publi\u00e9 par Marc Obiols sur YouTube le 1er ao\u00fbt 2023. Le prix de M\u00e9dias locaux des Terres de Lleida est revenu au travail \u00ab\u00a0El Pirineu en globus\u00a0\u00bb, d\u2019Oriol Clavera, publi\u00e9 le 4 d\u00e9cembre 2022 dans le suppl\u00e9ment dominical Lectura du journal Segre. Le jury du prix Le jury du prix s\u2019est r\u00e9uni le 17 f\u00e9vrier dernier pour d\u00e9signer les laur\u00e9ats de la 34e \u00e9dition de ce dernier. La pr\u00e9sidente de l\u2019Association des journalistes de Catalogne dans la r\u00e9gion de Lleida, Laura Alcalde, a pr\u00e9sid\u00e9 le jury par d\u00e9l\u00e9gation du doyen de l\u2019Association des journalistes de Catalogne, Joan Maria Morros. Les journalistes suivants \u00e9taient \u00e9galement membres du jury\u00a0: Francesc Canosa,\u00a0Noelia Casellas, Josep Cun\u00ed, Pepa Fern\u00e1ndez, Llu\u00eds Foix, Francesc Guillaumet, Anna S\u00e1ez, Mariano Palac\u00edn et M\u00f2nica Terribas. Le directeur de la Direction du tourisme du Conseil de la province de Lleida, Juli Alegre, a fait office de secr\u00e9taire du jury. [\/vc_column_text][\/vc_column][\/vc_row][vc_row content_placement=\u00a0\u00bbmiddle\u00a0\u00bb][vc_column][vc_separator css=\u00a0\u00bb.vc_custom_1622281270353{margin-bottom: 0px !important;padding-bottom: 10px !important;}\u00a0\u00bb][vc_row_inner content_placement=\u00a0\u00bbmiddle\u00a0\u00bb css=\u00a0\u00bb.vc_custom_1622282111415{margin-top: 0px !important;margin-bottom: 0px !important;padding-top: 0px !important;padding-bottom: 0px !important;}\u00a0\u00bb][vc_column_inner css=\u00a0\u00bb.vc_custom_1622282003076{margin-top: 0px !important;margin-bottom: 0px !important;padding-top: 0px !important;padding-bottom: 0px !important;}\u00a0\u00bb][vc_custom_heading text=\u00a0\u00bbGalerie photos de la c\u00e9r\u00e9monie de la Pica d&rsquo;Estats\u00a0\u00bb font_container=\u00a0\u00bbtag:h3|font_size:22|text_align:left|color:%23727176&Prime; use_theme_fonts=\u00a0\u00bbyes\u00a0\u00bb css=\u00a0\u00bb.vc_custom_1718113963518{margin-top: 0px !important;margin-bottom: 0px !important;padding-top: 0px !important;padding-bottom: 0px !important;}\u00a0\u00bb][vc_gallery type=\u00a0\u00bbimage_grid\u00a0\u00bb images=\u00a0\u00bb351342,351349,351356,351363,351370,351377,351384,351391,351398,351405,351412,351419&Prime; img_size=\u00a0\u00bb195&#215;195&Prime; css=\u00a0\u00bb\u00a0\u00bb][vc_empty_space height=\u00a0\u00bb60px\u00a0\u00bb][\/vc_column_inner][\/vc_row_inner][\/vc_column][\/vc_row][vc_row bg_type=\u00a0\u00bbbg_color\u00a0\u00bb bg_override=\u00a0\u00bbfull\u00a0\u00bb bg_color_value=\u00a0\u00bb#3a3a3a\u00a0\u00bb][vc_column][vc_separator css=\u00a0\u00bb.vc_custom_1622281270353{margin-bottom: 0px !important;padding-bottom: 10px !important;}\u00a0\u00bb][vc_row_inner content_placement=\u00a0\u00bbmiddle\u00a0\u00bb css=\u00a0\u00bb.vc_custom_1622282111415{margin-top: 0px !important;margin-bottom: 0px !important;padding-top: 0px !important;padding-bottom: 0px !important;}\u00a0\u00bb][vc_column_inner width=\u00a0\u00bb5\/6&Prime; css=\u00a0\u00bb.vc_custom_1622282003076{margin-top: 0px !important;margin-bottom: 0px !important;padding-top: 0px !important;padding-bottom: 0px !important;}\u00a0\u00bb][vc_custom_heading text=\u00a0\u00bb\u00c9DITIONS PR\u00c9C\u00c9DENTES\u00a0\u00bb font_container=\u00a0\u00bbtag:h3|font_size:22|text_align:left|color:%23ffffff\u00a0\u00bb use_theme_fonts=\u00a0\u00bbyes\u00a0\u00bb css=\u00a0\u00bb.vc_custom_1718113978399{margin-top: 0px !important;margin-bottom: 0px !important;padding-top: 0px !important;padding-bottom: 0px !important;}\u00a0\u00bb][\/vc_column_inner][vc_column_inner width=\u00a0\u00bb1\/6&Prime; css=\u00a0\u00bb.vc_custom_1622282163790{margin-top: 0px !important;margin-bottom: 0px !important;padding-top: 0px !important;padding-bottom: 0px !important;}\u00a0\u00bb][vc_single_image image=\u00a0\u00bb72291&Prime; img_size=\u00a0\u00bblarge\u00a0\u00bb][\/vc_column_inner][\/vc_row_inner][vc_separator][vc_row_inner equal_height=\u00a0\u00bbyes\u00a0\u00bb][vc_column_inner width=\u00a0\u00bb1\/2&Prime;][vc_custom_heading text=\u00a0\u00bbRelation des membres du jury du prix \u00ab Pica d\u2019Estats \u00bb dans les diff\u00e9rentes \u00e9ditions du prix\u00a0\u00bb font_container=\u00a0\u00bbtag:h4|font_size:18|text_align:left|color:%23ffffff\u00a0\u00bb use_theme_fonts=\u00a0\u00bbyes\u00a0\u00bb css=\u00a0\u00bb\u00a0\u00bb][vc_column_text] [\/vc_column_text][\/vc_column_inner][vc_column_inner width=\u00a0\u00bb1\/2&Prime;][vc_custom_heading text=\u00a0\u00bbRelation des laur\u00e9ats du prix \u00ab Pica d\u2019Estats \u00bb dans les diff\u00e9rentes \u00e9ditions du prix\u00a0\u00bb font_container=\u00a0\u00bbtag:h4|font_size:18|text_align:left|color:%23ffffff\u00a0\u00bb use_theme_fonts=\u00a0\u00bbyes\u00a0\u00bb css=\u00a0\u00bb\u00a0\u00bb][vc_column_text] [\/vc_column_text][\/vc_column_inner][\/vc_row_inner][vc_custom_heading text=\u00a0\u00bbGalerie photo de l&rsquo;acte de remise du Pica d&rsquo;Estats\u00a0\u00bb font_container=\u00a0\u00bbtag:h4|font_size:18|text_align:center|color:%23ffffff\u00a0\u00bb use_theme_fonts=\u00a0\u00bbyes\u00a0\u00bb css=\u00a0\u00bb\u00a0\u00bb][vc_btn title=\u00a0\u00bb33e \u00c9DITION\u00a0\u00bb align=\u00a0\u00bbcenter\u00a0\u00bb css=\u00a0\u00bb\u00a0\u00bb link=\u00a0\u00bburl:https%3A%2F%2Fwww.aralleida.cat%2Ffr%2Fprix-pica-destats-33e-edition%2F|target:_blank\u00a0\u00bb][\/vc_column][\/vc_row][vc_row][vc_column][\/vc_column][\/vc_row]"}