
{"version":"1.0","provider_name":"Ara Lleida","provider_url":"https:\/\/aralleida.cat\/fr\/","author_name":"admin","author_url":"https:\/\/aralleida.cat\/fr\/author\/frame_zesv7n2g\/","title":"Prix Pica d'Estats 32","type":"rich","width":600,"height":338,"html":"<blockquote class=\"wp-embedded-content\" data-secret=\"eDu2z3z5Z0\"><a href=\"https:\/\/aralleida.cat\/fr\/prix-pica-destats-32\/\">Prix Pica d&rsquo;Estats 32<\/a><\/blockquote><iframe sandbox=\"allow-scripts\" security=\"restricted\" src=\"https:\/\/aralleida.cat\/fr\/prix-pica-destats-32\/embed\/#?secret=eDu2z3z5Z0\" width=\"600\" height=\"338\" title=\"\u00ab\u00a0Prix Pica d&rsquo;Estats 32\u00a0\u00bb &#8212; Ara Lleida\" data-secret=\"eDu2z3z5Z0\" frameborder=\"0\" marginwidth=\"0\" marginheight=\"0\" scrolling=\"no\" class=\"wp-embedded-content\"><\/iframe><script type=\"text\/javascript\">\n\/* <![CDATA[ *\/\n\/*! This file is auto-generated *\/\n!function(d,l){\"use strict\";l.querySelector&&d.addEventListener&&\"undefined\"!=typeof URL&&(d.wp=d.wp||{},d.wp.receiveEmbedMessage||(d.wp.receiveEmbedMessage=function(e){var t=e.data;if((t||t.secret||t.message||t.value)&&!\/[^a-zA-Z0-9]\/.test(t.secret)){for(var s,r,n,a=l.querySelectorAll('iframe[data-secret=\"'+t.secret+'\"]'),o=l.querySelectorAll('blockquote[data-secret=\"'+t.secret+'\"]'),c=new RegExp(\"^https?:$\",\"i\"),i=0;i<o.length;i++)o[i].style.display=\"none\";for(i=0;i<a.length;i++)s=a[i],e.source===s.contentWindow&&(s.removeAttribute(\"style\"),\"height\"===t.message?(1e3<(r=parseInt(t.value,10))?r=1e3:~~r<200&&(r=200),s.height=r):\"link\"===t.message&&(r=new URL(s.getAttribute(\"src\")),n=new URL(t.value),c.test(n.protocol))&&n.host===r.host&&l.activeElement===s&&(d.top.location.href=t.value))}},d.addEventListener(\"message\",d.wp.receiveEmbedMessage,!1),l.addEventListener(\"DOMContentLoaded\",function(){for(var e,t,s=l.querySelectorAll(\"iframe.wp-embedded-content\"),r=0;r<s.length;r++)(t=(e=s[r]).getAttribute(\"data-secret\"))||(t=Math.random().toString(36).substring(2,12),e.src+=\"#?secret=\"+t,e.setAttribute(\"data-secret\",t)),e.contentWindow.postMessage({message:\"ready\",secret:t},\"*\")},!1)))}(window,document);\n\/\/# sourceURL=https:\/\/aralleida.cat\/wp-includes\/js\/wp-embed.min.js\n\/* ]]> *\/\n<\/script>\n","description":"[vc_row full_width=\u00a0\u00bbstretch_row_content\u00a0\u00bb bg_type=\u00a0\u00bbbg_color\u00a0\u00bb bg_override=\u00a0\u00bbex-full\u00a0\u00bb bg_color_value=\u00a0\u00bb#3c3c3b\u00a0\u00bb css=\u00a0\u00bb.vc_custom_1646053089620{margin-top: 0px !important;margin-bottom: 0px !important;padding-top: 0px !important;padding-bottom: 0px !important;}\u00a0\u00bb][vc_column css=\u00a0\u00bb.vc_custom_1605797593358{margin-top: 0px !important;margin-bottom: 0px !important;padding-top: 0px !important;padding-bottom: 0px !important;}\u00a0\u00bb][\/vc_column][\/vc_row][vc_row full_width=\u00a0\u00bbstretch_row_content\u00a0\u00bb bg_type=\u00a0\u00bbimage\u00a0\u00bb parallax_style=\u00a0\u00bbvcpb-vz-jquery\u00a0\u00bb bg_image_new=\u00a0\u00bbid^11314|url^https:\/\/aralleida.cat\/wp-content\/uploads\/2020\/05\/headerpicaHR.jpg|caption^null|alt^null|title^headerpicaHR|description^null\u00a0\u00bb bg_image_repeat=\u00a0\u00bbno-repeat\u00a0\u00bb bg_override=\u00a0\u00bbex-full\u00a0\u00bb][vc_column][\/vc_column][\/vc_row][vc_row][vc_column][vc_single_image image=\u00a0\u00bb72107&Prime; img_size=\u00a0\u00bb\u00a0\u00bb alignment=\u00a0\u00bbcenter\u00a0\u00bb][\/vc_column][\/vc_row][vc_row content_placement=\u00a0\u00bbmiddle\u00a0\u00bb][vc_column][vc_separator css=\u00a0\u00bb.vc_custom_1622281270353{margin-bottom: 0px !important;padding-bottom: 10px !important;}\u00a0\u00bb][vc_custom_heading text=\u00a0\u00bbPRIX PICA D&rsquo;ESTATS\u00a0\u00bb font_container=\u00a0\u00bbtag:h1|font_size:28|text_align:center\u00a0\u00bb use_theme_fonts=\u00a0\u00bbyes\u00a0\u00bb css=\u00a0\u00bb.vc_custom_1646125852872{margin-top: 0px !important;padding-top: 0px !important;}\u00a0\u00bb][vc_separator][\/vc_column][\/vc_row][vc_row equal_height=\u00a0\u00bbyes\u00a0\u00bb content_placement=\u00a0\u00bbtop\u00a0\u00bb][vc_column width=\u00a0\u00bb1\/2&Prime;][vc_column_text]Le Patronat de Turisme de la Diputaci\u00f3 de Lleida a r\u00e9solu le 32.\u00ba Prix Touristique International \u00ab\u00a0Pica d&rsquo;Estats\u00a0\u00bb de Presse, Radio, T\u00e9l\u00e9vision et Internet, avec une dotation \u00e9conomique de 45.000 \u20ac, r\u00e9partis en 8 cat\u00e9gories, apr\u00e8s avoir \u00e9t\u00e9 report\u00e9 en 2020 en raison du COVID-19. Le prix \u00ab Pica d&rsquo;Estats \u00bb s&rsquo;adresse aux professionnels de l&rsquo;information et de la communication qui ont publi\u00e9 ou diffus\u00e9 des travaux journalistiques dans tous les genres, extensions et formats possibles (radio, t\u00e9l\u00e9vision, presse et Internet) sur les attraits touristiques des Pyr\u00e9n\u00e9es et des Terres de L\u00e9rida.[\/vc_column_text][\/vc_column][vc_column width=\u00a0\u00bb1\/2&Prime;][vc_custom_heading text=\u00a0\u00bbPresse, radio, t\u00e9l\u00e9vision et internet\u00a0\u00bb font_container=\u00a0\u00bbtag:h2|text_align:center|color:%23727176&Prime; use_theme_fonts=\u00a0\u00bbyes\u00a0\u00bb css=\u00a0\u00bb.vc_custom_1646125936023{margin-top: 0px !important;margin-bottom: 30px !important;padding-top: 0px !important;}\u00a0\u00bb][vc_column_text]Le prix a une reconnaissance prestigieuse, tant pour la qualit\u00e9 des travaux pr\u00e9sent\u00e9s que pour le niveau des membres du jury, en plus de la rigueur et de l&rsquo;engagement de l&rsquo;Association des journalistes de Catalogne, qui participe historiquement en exer\u00e7ant la pr\u00e9sidence de la jury. A ce jour, le prix \u00ab Pica d&rsquo;Estats \u00bb a enregistr\u00e9 4 725 travaux journalistiques, correspondant \u00e0 460 m\u00e9dias du monde entier, et a r\u00e9compens\u00e9 les reportages de 287 journalistes.[\/vc_column_text][\/vc_column][\/vc_row][vc_row content_placement=\u00a0\u00bbmiddle\u00a0\u00bb][vc_column][vc_custom_heading text=\u00a0\u00bb\u00c9dition 2021&Prime; font_container=\u00a0\u00bbtag:h3|font_size:28|text_align:center|color:%230a0a0a\u00a0\u00bb use_theme_fonts=\u00a0\u00bbyes\u00a0\u00bb css=\u00a0\u00bb.vc_custom_1646125995595{margin-top: 0px !important;padding-top: 0px !important;}\u00a0\u00bb][\/vc_column][\/vc_row][vc_row content_placement=\u00a0\u00bbmiddle\u00a0\u00bb disable_element=\u00a0\u00bbyes\u00a0\u00bb][vc_column][vc_separator css=\u00a0\u00bb.vc_custom_1622281270353{margin-bottom: 0px !important;padding-bottom: 10px !important;}\u00a0\u00bb][vc_row_inner content_placement=\u00a0\u00bbmiddle\u00a0\u00bb css=\u00a0\u00bb.vc_custom_1622282111415{margin-top: 0px !important;margin-bottom: 0px !important;padding-top: 0px !important;padding-bottom: 0px !important;}\u00a0\u00bb][vc_column_inner width=\u00a0\u00bb5\/6&Prime; css=\u00a0\u00bb.vc_custom_1622282003076{margin-top: 0px !important;margin-bottom: 0px !important;padding-top: 0px !important;padding-bottom: 0px !important;}\u00a0\u00bb][vc_custom_heading text=\u00a0\u00bbINSCRIPCIONS\u00a0\u00bb font_container=\u00a0\u00bbtag:h3|font_size:22|text_align:left|color:%23727176&Prime; use_theme_fonts=\u00a0\u00bbyes\u00a0\u00bb css=\u00a0\u00bb.vc_custom_1634201209773{margin-top: 0px !important;margin-bottom: 0px !important;padding-top: 0px !important;padding-bottom: 0px !important;}\u00a0\u00bb][\/vc_column_inner][vc_column_inner width=\u00a0\u00bb1\/6&Prime; css=\u00a0\u00bb.vc_custom_1622282163790{margin-top: 0px !important;margin-bottom: 0px !important;padding-top: 0px !important;padding-bottom: 0px !important;}\u00a0\u00bb][vc_single_image image=\u00a0\u00bb72254&Prime; img_size=\u00a0\u00bb40X40&Prime; alignment=\u00a0\u00bbright\u00a0\u00bb css_animation=\u00a0\u00bbfadeInRight\u00a0\u00bb css=\u00a0\u00bb.vc_custom_1622282237281{margin-top: 0px !important;margin-bottom: 0px !important;padding-top: 0px !important;padding-bottom: 0px !important;}\u00a0\u00bb][\/vc_column_inner][\/vc_row_inner][vc_separator][\/vc_column][\/vc_row][vc_row gap=\u00a0\u00bb20&Prime; content_placement=\u00a0\u00bbtop\u00a0\u00bb disable_element=\u00a0\u00bbyes\u00a0\u00bb][vc_column width=\u00a0\u00bb1\/3&Prime; css=\u00a0\u00bb.vc_custom_1622283092446{margin-right: 0px !important;margin-left: 0px !important;padding-right: 0px !important;padding-left: 0px !important;}\u00a0\u00bb][vc_row_inner content_placement=\u00a0\u00bbmiddle\u00a0\u00bb css=\u00a0\u00bb.vc_custom_1622283274947{margin-right: 0px !important;margin-left: 0px !important;padding-right: 0px !important;padding-left: 0px !important;background-color: #ededed !important;}\u00a0\u00bb][vc_column_inner][vc_single_image image=\u00a0\u00bb72268&Prime; img_size=\u00a0\u00bb174&#215;168&Prime; alignment=\u00a0\u00bbcenter\u00a0\u00bb css_animation=\u00a0\u00bbfadeIn\u00a0\u00bb][\/vc_column_inner][\/vc_row_inner][vc_btn title=\u00a0\u00bb1. DESCARREGA LA BUTLLETA D&rsquo;INSCRIPCI\u00d3\u00a0\u00bb style=\u00a0\u00bbflat\u00a0\u00bb shape=\u00a0\u00bbsquare\u00a0\u00bb color=\u00a0\u00bbblack\u00a0\u00bb size=\u00a0\u00bblg\u00a0\u00bb align=\u00a0\u00bbcenter\u00a0\u00bb button_block=\u00a0\u00bbtrue\u00a0\u00bb link=\u00a0\u00bburl:https%3A%2F%2Fwww.aralleida.cat%2Fwp-content%2Fuploads%2F2021%2F09%2F32e-premi-Pica-dEstats-Butlleta.pdf|title:Bases%20del%20concurs\u00a0\u00bb][\/vc_column][vc_column width=\u00a0\u00bb1\/3&Prime; css=\u00a0\u00bb.vc_custom_1622283414835{margin-right: 0px !important;margin-left: 0px !important;padding-right: 0px !important;padding-left: 0px !important;}\u00a0\u00bb][vc_row_inner content_placement=\u00a0\u00bbmiddle\u00a0\u00bb css=\u00a0\u00bb.vc_custom_1622283274947{margin-right: 0px !important;margin-left: 0px !important;padding-right: 0px !important;padding-left: 0px !important;background-color: #ededed !important;}\u00a0\u00bb][vc_column_inner][vc_single_image image=\u00a0\u00bb72261&Prime; img_size=\u00a0\u00bb168&#215;168&Prime; alignment=\u00a0\u00bbcenter\u00a0\u00bb css_animation=\u00a0\u00bbfadeIn\u00a0\u00bb][\/vc_column_inner][\/vc_row_inner][vc_btn title=\u00a0\u00bb2. REGISTRA LA BUTLLETA\u00a0\u00bb style=\u00a0\u00bbflat\u00a0\u00bb shape=\u00a0\u00bbsquare\u00a0\u00bb color=\u00a0\u00bbblack\u00a0\u00bb size=\u00a0\u00bblg\u00a0\u00bb align=\u00a0\u00bbcenter\u00a0\u00bb button_block=\u00a0\u00bbtrue\u00a0\u00bb link=\u00a0\u00bburl:https%3A%2F%2Ftramits.diputaciolleida.cat%2FTURISME%2FSolicituds.aspx|title:Registre|target:_blank\u00a0\u00bb][\/vc_column][vc_column width=\u00a0\u00bb1\/3&Prime; css=\u00a0\u00bb.vc_custom_1622283425729{margin-right: 0px !important;margin-left: 0px !important;padding-right: 0px !important;padding-left: 0px !important;}\u00a0\u00bb][vc_row_inner content_placement=\u00a0\u00bbmiddle\u00a0\u00bb css=\u00a0\u00bb.vc_custom_1622283274947{margin-right: 0px !important;margin-left: 0px !important;padding-right: 0px !important;padding-left: 0px !important;background-color: #ededed !important;}\u00a0\u00bb][vc_column_inner][vc_single_image image=\u00a0\u00bb72275&Prime; img_size=\u00a0\u00bb168&#215;168&Prime; alignment=\u00a0\u00bbcenter\u00a0\u00bb css_animation=\u00a0\u00bbfadeIn\u00a0\u00bb][\/vc_column_inner][\/vc_row_inner][vc_btn title=\u00a0\u00bb3. ADJUNTA ELS TREBALLS\u00a0\u00bb style=\u00a0\u00bbflat\u00a0\u00bb shape=\u00a0\u00bbsquare\u00a0\u00bb color=\u00a0\u00bbblack\u00a0\u00bb size=\u00a0\u00bblg\u00a0\u00bb align=\u00a0\u00bbcenter\u00a0\u00bb button_block=\u00a0\u00bbtrue\u00a0\u00bb link=\u00a0\u00bburl:https%3A%2F%2Fdiputaciolleidacat-my.sharepoint.com%2F%3Af%3A%2Fg%2Fpersonal%2Fpicadestats_diputaciolleida_cat%2FEt7LMMO6XZhLng-W0CqTDsQBV_XvvL_4zeGVqhvf8MXQuA|title:Treballs|target:_blank\u00a0\u00bb][\/vc_column][\/vc_row][vc_row disable_element=\u00a0\u00bbyes\u00a0\u00bb][vc_column width=\u00a0\u00bb1\/2&Prime;][vc_btn title=\u00a0\u00bbBASES DEL CONCURS\u00a0\u00bb style=\u00a0\u00bbflat\u00a0\u00bb shape=\u00a0\u00bbsquare\u00a0\u00bb color=\u00a0\u00bbwhite\u00a0\u00bb size=\u00a0\u00bblg\u00a0\u00bb align=\u00a0\u00bbcenter\u00a0\u00bb button_block=\u00a0\u00bbtrue\u00a0\u00bb link=\u00a0\u00bburl:https%3A%2F%2Fwww.aralleida.cat%2Fbases-del-concurs%2F|title:Bases%20del%20concurs\u00a0\u00bb css=\u00a0\u00bb.vc_custom_1634201958448{border-top-width: 1px !important;border-right-width: 1px !important;border-bottom-width: 1px !important;border-left-width: 1px !important;border-left-color: #000000 !important;border-left-style: solid !important;border-right-color: #000000 !important;border-right-style: solid !important;border-top-color: #000000 !important;border-top-style: solid !important;border-bottom-color: #000000 !important;border-bottom-style: solid !important;}\u00a0\u00bb][\/vc_column][vc_column width=\u00a0\u00bb1\/2&Prime;][vc_btn title=\u00a0\u00bbFULLET\u00d3 DEL CONCURS\u00a0\u00bb style=\u00a0\u00bbflat\u00a0\u00bb shape=\u00a0\u00bbsquare\u00a0\u00bb color=\u00a0\u00bbwhite\u00a0\u00bb size=\u00a0\u00bblg\u00a0\u00bb align=\u00a0\u00bbcenter\u00a0\u00bb button_block=\u00a0\u00bbtrue\u00a0\u00bb link=\u00a0\u00bburl:https%3A%2F%2Fwww.aralleida.cat%2Fwp-content%2Fuploads%2F2021%2F08%2FARA-LLEIDA-32e-premi-Pica-dEstats-Bases-2021-CAT-ES-FR-ENG.pdf|title:Fullet%C3%B3%20del%20concurs\u00a0\u00bb css=\u00a0\u00bb.vc_custom_1634201500398{border-top-width: 1px !important;border-right-width: 1px !important;border-bottom-width: 1px !important;border-left-width: 1px !important;border-left-color: #000000 !important;border-left-style: solid !important;border-right-color: #000000 !important;border-right-style: solid !important;border-top-color: #000000 !important;border-top-style: solid !important;border-bottom-color: #000000 !important;border-bottom-style: solid !important;}\u00a0\u00bb][\/vc_column][\/vc_row][vc_row][vc_column][\/vc_column][\/vc_row][vc_row content_placement=\u00a0\u00bbmiddle\u00a0\u00bb][vc_column][vc_separator css=\u00a0\u00bb.vc_custom_1622281270353{margin-bottom: 0px !important;padding-bottom: 10px !important;}\u00a0\u00bb][vc_row_inner content_placement=\u00a0\u00bbmiddle\u00a0\u00bb css=\u00a0\u00bb.vc_custom_1622282111415{margin-top: 0px !important;margin-bottom: 0px !important;padding-top: 0px !important;padding-bottom: 0px !important;}\u00a0\u00bb][vc_column_inner width=\u00a0\u00bb5\/6&Prime; css=\u00a0\u00bb.vc_custom_1622282003076{margin-top: 0px !important;margin-bottom: 0px !important;padding-top: 0px !important;padding-bottom: 0px !important;}\u00a0\u00bb][vc_custom_heading text=\u00a0\u00bbXXXII \u00c9DITION DU PRIX PICA D&rsquo;ESTATS\u00a0\u00bb font_container=\u00a0\u00bbtag:h3|font_size:22|text_align:left|color:%23727176&Prime; use_theme_fonts=\u00a0\u00bbyes\u00a0\u00bb css=\u00a0\u00bb.vc_custom_1646126011649{margin-top: 0px !important;margin-bottom: 0px !important;padding-top: 0px !important;padding-bottom: 0px !important;}\u00a0\u00bb][\/vc_column_inner][vc_column_inner width=\u00a0\u00bb1\/6&Prime; css=\u00a0\u00bb.vc_custom_1622282163790{margin-top: 0px !important;margin-bottom: 0px !important;padding-top: 0px !important;padding-bottom: 0px !important;}\u00a0\u00bb][vc_single_image image=\u00a0\u00bb197131&Prime; img_size=\u00a0\u00bb40X40&Prime; alignment=\u00a0\u00bbright\u00a0\u00bb css_animation=\u00a0\u00bbfadeInRight\u00a0\u00bb css=\u00a0\u00bb.vc_custom_1646049380650{margin-top: 0px !important;margin-bottom: 0px !important;padding-top: 0px !important;padding-bottom: 0px !important;}\u00a0\u00bb][\/vc_column_inner][\/vc_row_inner][vc_separator css=\u00a0\u00bb.vc_custom_1622281270353{margin-bottom: 0px !important;padding-bottom: 10px !important;}\u00a0\u00bb][\/vc_column][\/vc_row][vc_row equal_height=\u00a0\u00bbyes\u00a0\u00bb][vc_column][vc_custom_heading text=\u00a0\u00bbGalerie de photos de la d\u00e9lib\u00e9ration\u00a0\u00bb font_container=\u00a0\u00bbtag:h4|font_size:18|text_align:left|color:%23000000&Prime; use_theme_fonts=\u00a0\u00bbyes\u00a0\u00bb][vc_gallery type=\u00a0\u00bbimage_grid\u00a0\u00bb images=\u00a0\u00bb197145,197138,197152,197159,197166,197173,197180,197187,197194,197201,197208&Prime; img_size=\u00a0\u00bb195&#215;195&Prime; css=\u00a0\u00bb.vc_custom_1646055794863{background-color: #ededed !important;}\u00a0\u00bb][\/vc_column][\/vc_row][vc_row equal_height=\u00a0\u00bbyes\u00a0\u00bb][vc_column][vc_custom_heading text=\u00a0\u00bbCommuniqu\u00e9 de presse\u00a0\u00bb font_container=\u00a0\u00bbtag:h4|font_size:18|text_align:left|color:%23000000&Prime; use_theme_fonts=\u00a0\u00bbyes\u00a0\u00bb][vc_single_image image=\u00a0\u00bb235345&Prime; img_size=\u00a0\u00bbmedium\u00a0\u00bb alignment=\u00a0\u00bbcenter\u00a0\u00bb onclick=\u00a0\u00bbcustom_link\u00a0\u00bb img_link_target=\u00a0\u00bb_blank\u00a0\u00bb link=\u00a0\u00bbhttps:\/\/aralleida.cat\/newnotes\/lliurament-guardons-premi-pica-estats\/\u00a0\u00bb][\/vc_column][\/vc_row][vc_row equal_height=\u00a0\u00bbyes\u00a0\u00bb][vc_column][vc_custom_heading text=\u00a0\u00bbListes des travaux et des journalistes r\u00e9compens\u00e9s\u00a0\u00bb font_container=\u00a0\u00bbtag:h4|font_size:18|text_align:left|color:%23000000&Prime; use_theme_fonts=\u00a0\u00bbyes\u00a0\u00bb][vc_column_text css=\u00a0\u00bb.vc_custom_1646126078591{padding-top: 20px !important;padding-right: 40px !important;padding-bottom: 20px !important;padding-left: 40px !important;background-color: #ededed !important;}\u00a0\u00bb] Prix de Presse \u00e9crite d\u2019information g\u00e9n\u00e9rale pour le reportage \u00ab\u00a0Los Pirineos atraen Nuevos pobladores en tiempos de Covid\u00a0\u00bb (Les Pyr\u00e9n\u00e9es attirent de nouveaux habitants en p\u00e9riode de Covid), de Rosa M. Bosch et publi\u00e9 dans le suppl\u00e9ment \u00ab\u00a0Vivir Verano\u00a0\u00bb du quotidien\u00a0La Vanguardia. Prix de Presse sp\u00e9cialis\u00e9e en voyages et tourisme pour le reportage \u00ab\u00a0La Vall de Bo\u00ed. Rom\u00e1nico puro en el Pirineo\u00a0\u00bb (La Vall\u00e9e de Bo\u00ed. Art roman \u00e0 l\u2019\u00e9tat pur dans les Pyr\u00e9n\u00e9es), \u00e9crit par Elena del Amo Valero, avec des photographies de Llu\u00eds Davilla et publi\u00e9 dans le magazine Viajar. Prix de\u00a0T\u00e9l\u00e9vision pour le reportage \u00ab\u00a0Les bruixes porten dol\u00a0\u00bb (Les sorci\u00e8res portent le deuil), \u00e9labor\u00e9 par Anna Solana Tom\u00e1s et Pilar Granero Garrido et diffus\u00e9 sur la cha\u00eene de la t\u00e9l\u00e9vision publique espagnole RTVE Catalogne Prix de radio pour le reportage \u00ab\u00a0Parque Nacional de Aig\u00fcestortes i Estany de Sant Maurici. Turismo de Altura\u00a0\u00bb (Parc national d\u2019Aig\u00fcestortes i Estany de Sant Maurici. Tourisme d\u2019altitude) de Jos\u00e9 Lorenzo D\u00edaz, diffus\u00e9 sur la radio Cadena SER Ja\u00e9n. Prix de Presse internationale pour le reportage \u00ab\u00a0L\u2019Urgell\u00a0\u00bb, \u00e9crit par Marie Costa et publi\u00e9 dans le magazine\u00a0Cap Catalogne. Prix d\u2019Internet pour la vid\u00e9o \u00ab\u00a0Superjardins\u00a0\u00bb de Dami\u00e0 Chac\u00f3n Alb\u00e0, qui porte sur la floraison des arbres fruitiers du Baix Segre de Lleida. Prix au meilleur travail publi\u00e9 ou diffus\u00e9 dans les\u00a0M\u00e9dias locaux des Terres de Lleida pour l\u2019\u00e9mission \u00c8M C\u00d2 QU\u2019\u00c8M de Lleida TV, s\u00e9rie d\u2019espaces en langue aranaise diffus\u00e9s en 2021 d\u2019apr\u00e8s une id\u00e9e du journaliste \u00d2scar Fern\u00e1ndez. Prix au meilleur\u00a0Reportage photographique et Prix sp\u00e9cial Antonio Franco (dot\u00e9 de 10\u00a0000\u00a0\u20ac) pour le travail \u00ab\u00a0La tardor s\u2019acomiada\/colors tardor\u00a0\u00bb (L\u2019automne dit au-revoir\/les couleurs de l\u2019automne), du journaliste Edgar Aldana Anton, publi\u00e9 dans le suppl\u00e9ment\u00a0Lectura\u00a0du quotidien\u00a0Segre. [\/vc_column_text][\/vc_column][\/vc_row][vc_row equal_height=\u00a0\u00bbyes\u00a0\u00bb][vc_column][vc_custom_heading text=\u00a0\u00bbListe du jury\u00a0\u00bb font_container=\u00a0\u00bbtag:h4|font_size:18|text_align:left|color:%23000000&Prime; use_theme_fonts=\u00a0\u00bbyes\u00a0\u00bb][vc_column_text css=\u00a0\u00bb.vc_custom_1646126132190{padding-top: 20px !important;padding-right: 40px !important;padding-bottom: 20px !important;padding-left: 40px !important;background-color: #ededed !important;}\u00a0\u00bb]Le jury de la 32e \u00e9dition du Prix s\u2019est compos\u00e9 de 11 professionnels distingu\u00e9s du monde de la communication. Le doyen de l\u2019Ordre des journalistes de Catalogne, Joan Maria Morros, a pr\u00e9sid\u00e9 le jury, qui a r\u00e9uni en tant que membres les journalistes Lourdes Ballar\u00edn, Francesc Canosa, Santiago Costa, Josep Cun\u00ed, Pepa Fern\u00e1ndez, Llu\u00eds Foix, Francesc Guillaumet, Mariano Palac\u00edn, M\u00f2nica Terribas ainsi que Rafa Gimena, pr\u00e9sident de l\u2019Ordre des journalistes de Catalogne dans la r\u00e9gion de Lleida. Le poste de secr\u00e9taire du jury \u00e9tait occup\u00e9 par le responsable de Promotion et marketing du Patronat"}