
{"version":"1.0","provider_name":"Ara Lleida","provider_url":"https:\/\/aralleida.cat\/fr\/","author_name":"admin","author_url":"https:\/\/aralleida.cat\/fr\/author\/frame_zesv7n2g\/","title":"L\u2019itin\u00e9raire Joan Or\u00f3. L\u2019origine de la vie","type":"rich","width":600,"height":338,"html":"<blockquote class=\"wp-embedded-content\" data-secret=\"JeuMNBxW3r\"><a href=\"https:\/\/aralleida.cat\/fr\/rutes\/litineraire-joan-oro-lorigine-de-la-vie\/\">L\u2019itin\u00e9raire Joan Or\u00f3. L\u2019origine de la vie<\/a><\/blockquote><iframe sandbox=\"allow-scripts\" security=\"restricted\" src=\"https:\/\/aralleida.cat\/fr\/rutes\/litineraire-joan-oro-lorigine-de-la-vie\/embed\/#?secret=JeuMNBxW3r\" width=\"600\" height=\"338\" title=\"\u00ab\u00a0L\u2019itin\u00e9raire Joan Or\u00f3. L\u2019origine de la vie\u00a0\u00bb &#8212; Ara Lleida\" data-secret=\"JeuMNBxW3r\" frameborder=\"0\" marginwidth=\"0\" marginheight=\"0\" scrolling=\"no\" class=\"wp-embedded-content\"><\/iframe><script type=\"text\/javascript\">\n\/* <![CDATA[ *\/\n\/*! This file is auto-generated *\/\n!function(d,l){\"use strict\";l.querySelector&&d.addEventListener&&\"undefined\"!=typeof URL&&(d.wp=d.wp||{},d.wp.receiveEmbedMessage||(d.wp.receiveEmbedMessage=function(e){var t=e.data;if((t||t.secret||t.message||t.value)&&!\/[^a-zA-Z0-9]\/.test(t.secret)){for(var s,r,n,a=l.querySelectorAll('iframe[data-secret=\"'+t.secret+'\"]'),o=l.querySelectorAll('blockquote[data-secret=\"'+t.secret+'\"]'),c=new RegExp(\"^https?:$\",\"i\"),i=0;i<o.length;i++)o[i].style.display=\"none\";for(i=0;i<a.length;i++)s=a[i],e.source===s.contentWindow&&(s.removeAttribute(\"style\"),\"height\"===t.message?(1e3<(r=parseInt(t.value,10))?r=1e3:~~r<200&&(r=200),s.height=r):\"link\"===t.message&&(r=new URL(s.getAttribute(\"src\")),n=new URL(t.value),c.test(n.protocol))&&n.host===r.host&&l.activeElement===s&&(d.top.location.href=t.value))}},d.addEventListener(\"message\",d.wp.receiveEmbedMessage,!1),l.addEventListener(\"DOMContentLoaded\",function(){for(var e,t,s=l.querySelectorAll(\"iframe.wp-embedded-content\"),r=0;r<s.length;r++)(t=(e=s[r]).getAttribute(\"data-secret\"))||(t=Math.random().toString(36).substring(2,12),e.src+=\"#?secret=\"+t,e.setAttribute(\"data-secret\",t)),e.contentWindow.postMessage({message:\"ready\",secret:t},\"*\")},!1)))}(window,document);\n\/\/# sourceURL=https:\/\/aralleida.cat\/wp-includes\/js\/wp-embed.min.js\n\/* ]]> *\/\n<\/script>\n","thumbnail_url":"https:\/\/aralleida.cat\/wp-content\/uploads\/2023\/07\/joanolofeatured.jpg","thumbnail_width":879,"thumbnail_height":587,"description":"Il s\u2019agit d\u2019un itin\u00e9raire ouvert qui permet de d\u00e9couvrir l\u2019origine de la plan\u00e8te Terre de sa cr\u00e9ation \u00e0 nos jours. C\u2019est aussi une excuse pour faire connaissance avec l\u2019un des scientifiques les plus renomm\u00e9s du monde pour ses d\u00e9couvertes en biochimie et ses contributions \u00e0 l\u2019explication de l\u2019origine de la vie, Joan Or\u00f3. Fils de boulangers, Joan Or\u00f3 est n\u00e9 \u00e0 Lleida en 1923. Son go\u00fbt pour l\u2019observation du ciel avant l\u2019aube le poussa \u00e0 se poser des questions qu\u2019il eut l\u2019occasion d\u2019approfondir tout au long de ses \u00e9tudes en chimie \u00e0 l\u2019Universit\u00e9 de Barcelone. Plus tard, il traversa l\u2019Atlantique et obtint son doctorat au Baylor College of Medicine de Houston, o\u00f9 il d\u00e9veloppa sa carri\u00e8re scientifique d\u00e9di\u00e9e \u00e0 la recherche et \u00e0 l\u2019enseignement. Il collabora m\u00eame avec la NASA et le projet Apollo qui emmena l\u2019homme sur la Lune. L\u2019itin\u00e9raire l\u2019Origine de la vie n\u2019est pas centr\u00e9 sur l\u2019humain. Il s\u2019agit en fait d\u2019une approche du processus de cr\u00e9ation de la Terre et de la mani\u00e8re dont la vie a fait son apparition en diff\u00e9rentes \u00e9tapes et \u00e0 travers des esp\u00e8ces vari\u00e9es. Une sorte de m\u00e9thode scientifique naturelle bas\u00e9e sur la d\u00e9marche essais-erreurs selon laquelle ce qui a surv\u00e9cu jusqu\u2019\u00e0 nos jours est le fruit de l\u2019adaptation et du renouvellement constant de l\u2019apprentissage \u00e0 base d\u2019exp\u00e9rience. Le contenu de l\u2019itin\u00e9raire nous emm\u00e8ne dans des lieux uniques et vari\u00e9s, tels que le Parc astronomique du Montsec (\u00c0ger, \u00e0 cheval entre La Noguera et le Pallars Juss\u00e0)\u00a0; le Mus\u00e9e Geological Open Museum des Pyr\u00e9n\u00e9es (Tremp, Pallars Juss\u00e0) ; le lac de Montcort\u00e8s (Baix Pallars-Pallars Sobir\u00e0)\u00a0; le Centre d\u2019interpr\u00e9tation du Montsec (Vilanova de Mei\u00e0, Noguera)\u00a0; le site pal\u00e9ontologique Mirador del Cretaci (Alt Urgell)\u00a0; les mus\u00e9es Dinosfera (Coll de Narg\u00f3, Alt Urgell) et de Conca Dell\u00e0 (Isona, Pallars Juss\u00e0)\u00a0; ainsi que l\u2019ensemble d\u2019art rupestre de la Roca dels Moros (El Cogul, Garrigues). Au total, 7 sites d\u2019un itin\u00e9raire \u00e0 d\u00e9couvrir au cours d\u2019un voyage de 2 \u00e0 3\u00a0jours. Un v\u00e9ritable voyage dans le temps\u00a0! Vous nous accompagnez\u00a0? Pour en savoir plus\u00a0: Fundaci\u00f3 Catalana per a la Recerca i la Innovaci\u00f3 (FCRI) &#8211; (Fondation Catalane pour la Recherche et l\u2019Innovation) https:\/\/www.surtderecercapercatalunya.cat\/ruta-joan_oro_origen-de-la-vida\/ &nbsp;"}