
{"version":"1.0","provider_name":"Ara Lleida","provider_url":"https:\/\/aralleida.cat\/fr\/","author_name":"admin","author_url":"https:\/\/aralleida.cat\/fr\/author\/frame_zesv7n2g\/","title":"Lleida, berceau des derniers d\u00e9couvreurs d\u2019Am\u00e9rique","type":"rich","width":600,"height":338,"html":"<blockquote class=\"wp-embedded-content\" data-secret=\"eXd4t5SoVz\"><a href=\"https:\/\/aralleida.cat\/fr\/rutes\/lleida-berceau-des-derniers-decouvreurs-damerique\/\">Lleida, berceau des derniers d\u00e9couvreurs d\u2019Am\u00e9rique<\/a><\/blockquote><iframe sandbox=\"allow-scripts\" security=\"restricted\" src=\"https:\/\/aralleida.cat\/fr\/rutes\/lleida-berceau-des-derniers-decouvreurs-damerique\/embed\/#?secret=eXd4t5SoVz\" width=\"600\" height=\"338\" title=\"\u00ab\u00a0Lleida, berceau des derniers d\u00e9couvreurs d\u2019Am\u00e9rique\u00a0\u00bb &#8212; Ara Lleida\" data-secret=\"eXd4t5SoVz\" frameborder=\"0\" marginwidth=\"0\" marginheight=\"0\" scrolling=\"no\" class=\"wp-embedded-content\"><\/iframe><script type=\"text\/javascript\">\n\/* <![CDATA[ *\/\n\/*! This file is auto-generated *\/\n!function(d,l){\"use strict\";l.querySelector&&d.addEventListener&&\"undefined\"!=typeof URL&&(d.wp=d.wp||{},d.wp.receiveEmbedMessage||(d.wp.receiveEmbedMessage=function(e){var t=e.data;if((t||t.secret||t.message||t.value)&&!\/[^a-zA-Z0-9]\/.test(t.secret)){for(var s,r,n,a=l.querySelectorAll('iframe[data-secret=\"'+t.secret+'\"]'),o=l.querySelectorAll('blockquote[data-secret=\"'+t.secret+'\"]'),c=new RegExp(\"^https?:$\",\"i\"),i=0;i<o.length;i++)o[i].style.display=\"none\";for(i=0;i<a.length;i++)s=a[i],e.source===s.contentWindow&&(s.removeAttribute(\"style\"),\"height\"===t.message?(1e3<(r=parseInt(t.value,10))?r=1e3:~~r<200&&(r=200),s.height=r):\"link\"===t.message&&(r=new URL(s.getAttribute(\"src\")),n=new URL(t.value),c.test(n.protocol))&&n.host===r.host&&l.activeElement===s&&(d.top.location.href=t.value))}},d.addEventListener(\"message\",d.wp.receiveEmbedMessage,!1),l.addEventListener(\"DOMContentLoaded\",function(){for(var e,t,s=l.querySelectorAll(\"iframe.wp-embedded-content\"),r=0;r<s.length;r++)(t=(e=s[r]).getAttribute(\"data-secret\"))||(t=Math.random().toString(36).substring(2,12),e.src+=\"#?secret=\"+t,e.setAttribute(\"data-secret\",t)),e.contentWindow.postMessage({message:\"ready\",secret:t},\"*\")},!1)))}(window,document);\n\/\/# sourceURL=https:\/\/aralleida.cat\/wp-includes\/js\/wp-embed.min.js\n\/* ]]> *\/\n<\/script>\n","thumbnail_url":"https:\/\/aralleida.cat\/wp-content\/uploads\/2021\/06\/ruta-02.jpg","thumbnail_width":870,"thumbnail_height":470,"description":"Circuit permettant de d\u00e9couvrir la ville natale de Pere Fages (Guissona) et la ville d\u2019origine de la famille maternelle de Gaspar de Portol\u00e0 (Solsona), ainsi que leurs liens avec la r\u00e9gion. &nbsp; Cervera &#8211; Guissona &#8211; Solsona En tant que responsable de la premi\u00e8re exp\u00e9dition \u00e0 atteindre la baie de Monterey et San Diego (1769-1770), Gaspar de Portol\u00e0 commen\u00e7a la d\u00e9couverte de la Haute-Californie\u00a0; en qualit\u00e9 de lieutenant du Corps des volontaires catalans, Pere Fages contribua quant \u00e0 lui \u00e0 cet exploit et devint plus tard le chef du gouvernement de la Haute-Californie. Originaire de Guissona, Fages \u00e9tait une personne dot\u00e9e d\u2019une solide formation et vocation militaire.\u00a0 Il fut remplac\u00e9 au poste de gouverneur par Fernando Rivera i Moncada \u00e0 la suite de ses constantes querelles avec le fr\u00e8re Jun\u00edper Serra.\u00a0 D\u2019autre part, la famille maternelle de Gaspar de Portol\u00e0 \u00e9tait originaire de Solsona et avait des liens de parent\u00e9 avec l\u2019\u00e9minent philippiste et \u00e9chevin perp\u00e9tuel de Barcelone, Domingo de Sanispleda.\u00a0 &nbsp; CIRCUIT &nbsp; CERVERA Premier gouverneur de la Haute-Californie, Pere Fages \u00e9tudia \u00e0 l\u2019Universit\u00e9 de Cervera, sans doute l\u2019\u00e9difice le plus important et le plus embl\u00e9matique de la ville, du fait de son r\u00f4le dans l\u2019histoire. Sa construction, en\u00a01717, fut promue par Philippe\u00a0V pour r\u00e9compenser la loyaut\u00e9 de la ville pendant la Guerre de succession. \u00c0 l\u2019int\u00e9rieur de la chapelle ou amphith\u00e9\u00e2tre on trouve un magnifique retable d\u00e9di\u00e9 \u00e0 l\u2019Immacul\u00e9e Conception, la sainte patronne des \u00e9tudiants.\u00a0 &nbsp; GUISSONA Village natal de Pere Fages, n\u00e9 autour de\u00a01734. Fages joua un r\u00f4le fondamental dans les premi\u00e8res ann\u00e9es de la colonisation de la Haute-Californie. \u00c0 Guissona, on peut suivre ses traces depuis les fontaines et les lavoirs jusqu\u2019\u00e0 la coll\u00e9giale de Santa Maria, qui arbore la magnifique chapelle baroque de la Vierge du Clo\u00eetre.\u00a0 &nbsp; SOLSONA Ville d\u2019origine de la famille de Teresa de Rovira i Sanispleda, m\u00e8re de Gaspar de Portol\u00e0 et ni\u00e8ce du philippiste et \u00e9chevin perp\u00e9tuel de Barcelone, Domingo de Sanispleda. Sur la \u00ab\u00a0Pla\u00e7a Major\u00a0\u00bb (place principale), se dresse l\u2019ancienne maison de la famille Rovira.\u00a0 &nbsp; AUTRES ATOUTS TOURISTIQUES Le Circuit des ch\u00e2teaux de la rivi\u00e8re Si\u00f3 parcourt les villages et les ch\u00e2teaux de la Segarra, un secteur domin\u00e9 par les cultures d\u2019orge et de bl\u00e9, en passant \u00e0 proximit\u00e9 des ch\u00e2teaux de Montcort\u00e8s, Concabella, Ratera, Les Pallargues, L\u2019Arany\u00f3, Florejacs, Les Sitges, Vicfred et Montfalc\u00f3 Murallat."}