
{"version":"1.0","provider_name":"Ara Lleida","provider_url":"https:\/\/aralleida.cat\/fr\/","author_name":"admin","author_url":"https:\/\/aralleida.cat\/fr\/author\/frame_zesv7n2g\/","title":"XXXVe\u00a0\u00c9DITION DU PRIX PICA D\u2019ESTATS","type":"rich","width":600,"height":338,"html":"<blockquote class=\"wp-embedded-content\" data-secret=\"ValwBon0XW\"><a href=\"https:\/\/aralleida.cat\/fr\/xxxve-edition-du-prix-pica-destats\/\">XXXVe\u00a0\u00c9DITION DU PRIX PICA D\u2019ESTATS<\/a><\/blockquote><iframe sandbox=\"allow-scripts\" security=\"restricted\" src=\"https:\/\/aralleida.cat\/fr\/xxxve-edition-du-prix-pica-destats\/embed\/#?secret=ValwBon0XW\" width=\"600\" height=\"338\" title=\"\u00ab\u00a0XXXVe\u00a0\u00c9DITION DU PRIX PICA D\u2019ESTATS\u00a0\u00bb &#8212; Ara Lleida\" data-secret=\"ValwBon0XW\" frameborder=\"0\" marginwidth=\"0\" marginheight=\"0\" scrolling=\"no\" class=\"wp-embedded-content\"><\/iframe><script type=\"text\/javascript\">\n\/* <![CDATA[ *\/\n\/*! This file is auto-generated *\/\n!function(d,l){\"use strict\";l.querySelector&&d.addEventListener&&\"undefined\"!=typeof URL&&(d.wp=d.wp||{},d.wp.receiveEmbedMessage||(d.wp.receiveEmbedMessage=function(e){var t=e.data;if((t||t.secret||t.message||t.value)&&!\/[^a-zA-Z0-9]\/.test(t.secret)){for(var s,r,n,a=l.querySelectorAll('iframe[data-secret=\"'+t.secret+'\"]'),o=l.querySelectorAll('blockquote[data-secret=\"'+t.secret+'\"]'),c=new RegExp(\"^https?:$\",\"i\"),i=0;i<o.length;i++)o[i].style.display=\"none\";for(i=0;i<a.length;i++)s=a[i],e.source===s.contentWindow&&(s.removeAttribute(\"style\"),\"height\"===t.message?(1e3<(r=parseInt(t.value,10))?r=1e3:~~r<200&&(r=200),s.height=r):\"link\"===t.message&&(r=new URL(s.getAttribute(\"src\")),n=new URL(t.value),c.test(n.protocol))&&n.host===r.host&&l.activeElement===s&&(d.top.location.href=t.value))}},d.addEventListener(\"message\",d.wp.receiveEmbedMessage,!1),l.addEventListener(\"DOMContentLoaded\",function(){for(var e,t,s=l.querySelectorAll(\"iframe.wp-embedded-content\"),r=0;r<s.length;r++)(t=(e=s[r]).getAttribute(\"data-secret\"))||(t=Math.random().toString(36).substring(2,12),e.src+=\"#?secret=\"+t,e.setAttribute(\"data-secret\",t)),e.contentWindow.postMessage({message:\"ready\",secret:t},\"*\")},!1)))}(window,document);\n\/\/# sourceURL=https:\/\/aralleida.cat\/wp-includes\/js\/wp-embed.min.js\n\/* ]]> *\/\n<\/script>\n","description":"[vc_row full_width=\u00a0\u00bbstretch_row_content\u00a0\u00bb bg_type=\u00a0\u00bbbg_color\u00a0\u00bb bg_override=\u00a0\u00bbex-full\u00a0\u00bb bg_color_value=\u00a0\u00bb#3c3c3b\u00a0\u00bb css=\u00a0\u00bb.vc_custom_1646053089620{margin-top: 0px !important;margin-bottom: 0px !important;padding-top: 0px !important;padding-bottom: 0px !important;}\u00a0\u00bb][vc_column css=\u00a0\u00bb.vc_custom_1605797593358{margin-top: 0px !important;margin-bottom: 0px !important;padding-top: 0px !important;padding-bottom: 0px !important;}\u00a0\u00bb][\/vc_column][\/vc_row][vc_row full_width=\u00a0\u00bbstretch_row_content\u00a0\u00bb bg_type=\u00a0\u00bbimage\u00a0\u00bb parallax_style=\u00a0\u00bbvcpb-vz-jquery\u00a0\u00bb bg_image_new=\u00a0\u00bbid^11314|url^https:\/\/aralleida.cat\/wp-content\/uploads\/2020\/05\/headerpicaHR.jpg|caption^null|alt^null|title^headerpicaHR|description^null\u00a0\u00bb bg_image_repeat=\u00a0\u00bbno-repeat\u00a0\u00bb bg_override=\u00a0\u00bbex-full\u00a0\u00bb][vc_column][\/vc_column][\/vc_row][vc_row][vc_column][vc_single_image image=\u00a0\u00bb357243&Prime; img_size=\u00a0\u00bb\u00a0\u00bb alignment=\u00a0\u00bbcenter\u00a0\u00bb css=\u00a0\u00bb\u00a0\u00bb][\/vc_column][\/vc_row][vc_row content_placement=\u00a0\u00bbmiddle\u00a0\u00bb][vc_column][vc_separator css=\u00a0\u00bb.vc_custom_1622281270353{margin-bottom: 0px !important;padding-bottom: 10px !important;}\u00a0\u00bb][vc_custom_heading text=\u00a0\u00bbPrix \u00ab Pica d\u2019Estats \u00bb\u00a0\u00bb font_container=\u00a0\u00bbtag:h1|font_size:28|text_align:center\u00a0\u00bb use_theme_fonts=\u00a0\u00bbyes\u00a0\u00bb css=\u00a0\u00bb.vc_custom_1740048565743{margin-top: 0px !important;padding-top: 0px !important;}\u00a0\u00bb][vc_separator][\/vc_column][\/vc_row][vc_row equal_height=\u00a0\u00bbyes\u00a0\u00bb content_placement=\u00a0\u00bbtop\u00a0\u00bb][vc_column width=\u00a0\u00bb1\/2&Prime;][vc_column_text css=\u00a0\u00bb\u00a0\u00bb] Le Patronat de Turisme de la Diputaci\u00f3 de Lleida annonce le 35e\u00a0prix international du tourisme \u00ab\u2009Pica d\u2019Estats\u2009\u00bb pour la presse, la radio, la t\u00e9l\u00e9vision et les m\u00e9dias num\u00e9riques avec un prix de 48\u2009000\u00a0\u20ac, distribu\u00e9 dans 8\u00a0cat\u00e9gories. Le prix \u00ab\u2009Pica d\u2019Estats\u2009\u00bb s\u2019adresse aux professionnels de l\u2019information et de la communication qui ont publi\u00e9 ou diffus\u00e9 un travail journalistique dans tous les genres et formats possibles (radio, t\u00e9l\u00e9vision, presse et m\u00e9dias num\u00e9riques) sur les attraits touristiques des Pyr\u00e9n\u00e9es et des Terres de Lleida. [\/vc_column_text][\/vc_column][vc_column width=\u00a0\u00bb1\/2&Prime;][vc_column_text css=\u00a0\u00bb\u00a0\u00bb] Le prix \u00ab\u2009Pica d\u2019Estats\u2009\u00bb est un prix annuel cr\u00e9\u00e9 par le Patronat de Turisme de la Diputaci\u00f3 de Lleida destin\u00e9 \u00e0 reconna\u00eetre et r\u00e9compenser les contenus informatifs \u00e9labor\u00e9s par des journalistes et des cr\u00e9ateurs de contenus qui aident \u00e0 divulguer, promouvoir et projeter dans le monde les ressources naturelles, patrimoniales et culturelles des Pyr\u00e9n\u00e9es et des Terres de Lleida et qui invitent \u00e0 voyager pour d\u00e9couvrir cette destination, tout en soutenant le secteur touristique comme l\u2019un des domaines \u00e9conomiques les plus importants du territoire. Le prix a acquis une reconnaissance prestigieuse, tant pour la qualit\u00e9 des travaux pr\u00e9sent\u00e9s que pour le prestige des membres du jury, ainsi que pour la rigueur et l\u2019engagement de l\u2019Association des journalistes de Catalogne, qui a historiquement particip\u00e9 en pr\u00e9sidant le jury. [\/vc_column_text][\/vc_column][\/vc_row][vc_row content_placement=\u00a0\u00bbmiddle\u00a0\u00bb][vc_column][vc_custom_heading text=\u00a0\u00bb\u00c9dition 2024&Prime; font_container=\u00a0\u00bbtag:h3|font_size:28|text_align:center|color:%230a0a0a\u00a0\u00bb use_theme_fonts=\u00a0\u00bbyes\u00a0\u00bb css=\u00a0\u00bb.vc_custom_1740048601329{margin-top: 0px !important;padding-top: 0px !important;}\u00a0\u00bb][\/vc_column][\/vc_row][vc_row equal_height=\u00a0\u00bbyes\u00a0\u00bb][vc_column][vc_separator css=\u00a0\u00bb.vc_custom_1676277052961{margin-bottom: 0px !important;padding-bottom: 10px !important;}\u00a0\u00bb][vc_custom_heading text=\u00a0\u00bbTravaux et journalistes laur\u00e9ats\u00a0\u00bb font_container=\u00a0\u00bbtag:h1|font_size:28|text_align:center\u00a0\u00bb use_theme_fonts=\u00a0\u00bbyes\u00a0\u00bb css=\u00a0\u00bb.vc_custom_1740048611826{margin-top: 0px !important;padding-top: 0px !important;}\u00a0\u00bb][vc_separator][vc_column_text css=\u00a0\u00bb\u00a0\u00bb] La 35e\u00a0\u00e9dition du prix touristique international \u00ab\u2009Pica d\u2019Estats\u2009\u00bb, convoqu\u00e9e par le Patronat de Turisme de la Diputaci\u00f3 de Lleida, a re\u00e7u un total de 102\u00a0reportages, dont 77 correspondaient \u00e0 des travaux nationaux, 12 \u00e0 des travaux internationaux et 13 autres aux m\u00e9dias locaux. Le prix du meilleur article journalistique a \u00e9t\u00e9 d\u00e9cern\u00e9 \u00e0 \u00ab\u2009Solson\u00e8s, la comarca de las mil mas\u00edas\u2009\u00bb, \u00e9crit par Elena del Amo et publi\u00e9 le 29\u00a0septembre dans le magazine Viajar. L\u2019article passe en revue quelques-unes des principales caract\u00e9ristiques de cette r\u00e9gion et de sa capitale, Solsona, et met l\u2019accent sur les aspects monumentaux, naturels et sociologiques, ainsi que sur les attractions touristiques de ce territoire. Le prix du meilleur travail de radio a \u00e9t\u00e9 d\u00e9cern\u00e9 \u00e0 la s\u00e9rie de quatre reportages \u00ab\u2009Julionejant per Lleida\u2009\u00bb, de Merc\u00e8 March, diffus\u00e9e les samedis de juillet 2024 par R\u00e0dio Lleida \u2014 SER Catalunya en Catalogne. Les reportages se concentrent sur des festivals embl\u00e9matiques tels que la f\u00eate des Raiers, la Foire du fer, le March\u00e9 romain d\u2019Iesso et le Dans\u00e0neu (Festival des cultures pyr\u00e9n\u00e9ennes). Le prix du meilleur travail audiovisuel a \u00e9t\u00e9 d\u00e9cern\u00e9 au reportage t\u00e9l\u00e9vis\u00e9 \u00ab\u2009La cassola de tros de Linyola\u2009\u00bb, diffus\u00e9 le 15\u00a0octobre 2023 sur La 2 dans le cadre de l\u2019\u00e9mission La recepta perduda. Le programme explique les origines, les ingr\u00e9dients et les caract\u00e9ristiques de ce plat typique d\u2019El Pla d\u2019Urgell et replace le caract\u00e8re de cette r\u00e9gion dans son contexte gr\u00e2ce \u00e0 des interviews de certains de ses habitants. Le prix du meilleur reportage journalistique a \u00e9t\u00e9 d\u00e9cern\u00e9 \u00e0 l\u2019article \u00ab\u2009Hostal de Pin\u00f3s. 500 anys donant menjar\u2009\u00bb, par Oriol Clavera et Narc\u00eds Clotet, publi\u00e9 en avril 2024 dans le magazine Descobrir. Le reportage se concentre sur cet \u00e9tablissement l\u00e9gendaire d\u2019El Solson\u00e8s, l\u2019un des plus anciens de Catalogne, et explique son histoire, sa situation, ses anecdotes et son offre gastronomique. Le prix du meilleur reportage photographique a \u00e9t\u00e9 d\u00e9cern\u00e9 \u00e0 \u00ab\u2009La Panadella, la frontera del paisatge\u2009\u00bb, un reportage en images de Santi Iglesias publi\u00e9 au printemps\u00a02024 dans le magazine Horitzons. L\u2019\u0153uvre prend la forme d\u2019un voyage visuel singulier, \u00e0 travers des images curieuses et po\u00e9tiques des environs de la route N-II, \u00e0 travers les r\u00e9gions de La Segarra, L\u2019Urgell, El Pla d\u2019Urgell et El Segri\u00e0. Le prix du meilleur travail publi\u00e9 dans les m\u00e9dias locaux a \u00e9t\u00e9 d\u00e9cern\u00e9 \u00e0 \u00ab\u2009Josep Vallverd\u00fa, un horitz\u00f3 de 100\u00a0anys\u2009\u00bb, un programme produit par Carles Gen\u00e9 et Eugeni Casanova et diffus\u00e9 le 28\u00a0octobre 2023 par Lleida Televisi\u00f3. L\u2019espace est une autobiographie narr\u00e9e de l\u2019\u00e9crivain de Lleida, avec plusieurs anecdotes de sa vie.\u00a0 \u00a0 Le prix du meilleur travail de presse internationale a \u00e9t\u00e9 d\u00e9cern\u00e9 au reportage \u00ab\u2009Le Segri\u00e0, Terres de Ponent\u2009\u00bb, publi\u00e9 par Marie Costa en juin et juillet 2024 dans le magazine Cap Catalogne. Une visite compl\u00e8te et d\u00e9taill\u00e9e des principaux attraits monumentaux, culturels, naturels, panoramiques, gastronomiques et \u0153nologiques de la r\u00e9gion d\u2019El Segri\u00e0 et de sa capitale, Lleida. Enfin, le prix de la meilleure \u0153uvre transm\u00e9dia a \u00e9t\u00e9 d\u00e9cern\u00e9 au reportage \u00ab\u2009Recogida de la oliva\u2009\u00bb, de Mar\u00eda Jes\u00fas Tom\u00e9, publi\u00e9 en octobre 2023 sur le site Tusdestinos.net. L\u2019\u0153uvre, qui combine texte, photographies et vid\u00e9o, se r\u00e9f\u00e8re au domaine de l\u2019ol\u00e9otourisme et comprend une explication de certaines exp\u00e9riences sp\u00e9cifiques organis\u00e9es dans la r\u00e9gion de Lleida. Le jury du prix Le jury du prix s\u2019est r\u00e9uni le 8\u00a0f\u00e9vrier dernier pour d\u00e9signer les laur\u00e9ats de la 35e\u00a0\u00e9dition de ce dernier. Le doyen de l\u2019Association des journalistes de Catalogne, Joan Maria Morros, a pr\u00e9sid\u00e9 le jury. Les journalistes Francesc Canosa,\u00a0Noelia Casellas, Josep Cun\u00ed, Pepa Fern\u00e1ndez, Llu\u00eds Foix, Francesc Guillaumet, Anna S\u00e0ez, Mariano Palac\u00edn et M\u00f2nica Terribas ont aussi particip\u00e9 au jury en tant que membres. Le directeur du Patronat de Turisme, Juli Alegre, \u00e9tait le secr\u00e9taire du jury. [\/vc_column_text][\/vc_column][\/vc_row][vc_row content_placement=\u00a0\u00bbmiddle\u00a0\u00bb][vc_column][vc_separator css=\u00a0\u00bb.vc_custom_1622281270353{margin-bottom: 0px !important;padding-bottom: 10px !important;}\u00a0\u00bb][vc_row_inner content_placement=\u00a0\u00bbmiddle\u00a0\u00bb css=\u00a0\u00bb.vc_custom_1622282111415{margin-top: 0px !important;margin-bottom: 0px !important;padding-top: 0px !important;padding-bottom: 0px !important;}\u00a0\u00bb][vc_column_inner css=\u00a0\u00bb.vc_custom_1622282003076{margin-top: 0px !important;margin-bottom: 0px !important;padding-top: 0px !important;padding-bottom: 0px !important;}\u00a0\u00bb][vc_custom_heading text=\u00a0\u00bbGalerie photos\u00a0\u00bb font_container=\u00a0\u00bbtag:h3|font_size:22|text_align:left|color:%23727176&Prime; use_theme_fonts=\u00a0\u00bbyes\u00a0\u00bb css=\u00a0\u00bb.vc_custom_1749719868887{margin-top: 0px !important;margin-bottom: 0px !important;padding-top: 0px !important;padding-bottom: 0px !important;}\u00a0\u00bb][vc_gallery type=\u00a0\u00bbimage_grid\u00a0\u00bb images=\u00a0\u00bb363296,363303,363310,363317,363324,363331,363338,363345,363352,363359,363366,363373,363380,363387,363394,363401,363408,363415,368214,368221,368228,368235,368242,368249,368256,368263,368270,368277,368284,368291,368298,368305,368312,368319,368326,368333,368340,368347,368354,368361,368368,368375,368382&Prime; img_size=\u00a0\u00bb195&#215;195&Prime; css=\u00a0\u00bb\u00a0\u00bb][vc_empty_space height=\u00a0\u00bb60px\u00a0\u00bb][\/vc_column_inner][\/vc_row_inner][\/vc_column][\/vc_row][vc_row bg_type=\u00a0\u00bbbg_color\u00a0\u00bb bg_override=\u00a0\u00bbfull\u00a0\u00bb bg_color_value=\u00a0\u00bb#3a3a3a\u00a0\u00bb][vc_column][vc_separator css=\u00a0\u00bb.vc_custom_1622281270353{margin-bottom: 0px !important;padding-bottom: 10px !important;}\u00a0\u00bb][vc_row_inner content_placement=\u00a0\u00bbmiddle\u00a0\u00bb css=\u00a0\u00bb.vc_custom_1622282111415{margin-top: 0px !important;margin-bottom: 0px !important;padding-top: 0px !important;padding-bottom: 0px !important;}\u00a0\u00bb][vc_column_inner width=\u00a0\u00bb5\/6&Prime; css=\u00a0\u00bb.vc_custom_1622282003076{margin-top: 0px !important;margin-bottom: 0px !important;padding-top: 0px !important;padding-bottom: 0px !important;}\u00a0\u00bb][vc_custom_heading text=\u00a0\u00bb\u00c9DITIONS PR\u00c9C\u00c9DENTES\u00a0\u00bb font_container=\u00a0\u00bbtag:h3|font_size:22|text_align:left|color:%23ffffff\u00a0\u00bb use_theme_fonts=\u00a0\u00bbyes\u00a0\u00bb css=\u00a0\u00bb.vc_custom_1740048687681{margin-top: 0px !important;margin-bottom: 0px !important;padding-top: 0px !important;padding-bottom: 0px !important;}\u00a0\u00bb][\/vc_column_inner][vc_column_inner width=\u00a0\u00bb1\/6&Prime; css=\u00a0\u00bb.vc_custom_1622282163790{margin-top: 0px !important;margin-bottom: 0px !important;padding-top: 0px"}